{"id":1054,"date":"2019-09-16T13:15:18","date_gmt":"2019-09-16T11:15:18","guid":{"rendered":"http:\/\/artsinhealthfoundation.org\/web\/?page_id=1054"},"modified":"2024-01-13T14:43:03","modified_gmt":"2024-01-13T12:43:03","slug":"1054-2","status":"publish","type":"page","link":"http:\/\/artsinhealthfoundation.org\/web\/1054-2\/","title":{"rendered":"Projects"},"content":{"rendered":"<h4 style=\"text-align: left;\"><\/h4>\n<hr \/>\n<h4 style=\"text-align: left;\"><img loading=\"lazy\" decoding=\"async\" class=\"wp-image-758 alignleft\" src=\"http:\/\/artsinhealthfoundation.org\/web\/wp-content\/uploads\/2021\/10\/TALKS-transp-300x79.png\" alt=\"\" width=\"310\" height=\"76\" \/><\/h4>\n<h5 style=\"text-align: left;\">\u2018Pandemic, and now what? Challenges in mental health and responses from the arts\u2019<\/h5>\n<h5 style=\"text-align: left;\">National Art Museum of Catalonia (<a href=\"https:\/\/www.museunacional.cat\/en\" target=\"_blank\" rel=\"noopener\">MNAC<\/a>) \u00b7 12\/2\/2021<\/h5>\n<div id=\"id1635490230013\" class=\"design-element element-size-box has-rich-content user-selectable-element clickable-element has-rich-content has-text is-section-child\" data-element-id=\"id1635490230013\">\n<div class=\"element-main-box design-element-main-box has-rich-content user-selectable-element clickable-element has-rich-content has-text\" data-element-id=\"id1635490230013\">\n<div class=\"element-border-box element-border-target element-padding-box design-element-border-box has-rich-content user-selectable-element clickable-element has-rich-content has-text\" data-element-id=\"id1635490230013\">\n<div class=\"element-content-box design-element-content-box has-rich-content user-selectable-element clickable-element has-rich-content has-text\" data-element-id=\"id1635490230013\">\n<div class=\"content-container content-container-type element-size-box element-size-target has-rich-content user-selectable-element clickable-element has-rich-content has-text\" data-element-id=\"id1635490230013\">\n<div class=\"rich-text-element-content absolute-fill element-content dir-ltr\">\n<div class=\"rich-text-positioning-wrapper vertical-alignment-center\">\n<div class=\"rich-text-content common-rich-content-style has-content\">\n<p>Sessions framed within the <strong>#ArtsAgainstCovid<\/strong> initiative started by the Foundation with its international awards, with the aim of highlighting the potential of arts and culture as innovative tools in the prevention and treatment of mental illnesses and disorders caused by the COVID-19 pandemic.<\/p>\n<\/div>\n<\/div>\n<\/div>\n<\/div>\n<\/div>\n<\/div>\n<\/div>\n<\/div>\n<div id=\"id1635490676457\" class=\"design-element element-size-box has-rich-content user-selectable-element clickable-element has-rich-content has-text is-section-child\" data-element-id=\"id1635490676457\">\n<div class=\"element-main-box design-element-main-box has-rich-content user-selectable-element clickable-element has-rich-content has-text\" data-element-id=\"id1635490676457\">\n<div class=\"element-background-layer element-border-target design-element-background-layer has-rich-content user-selectable-element clickable-element has-rich-content has-text\" style=\"text-align: left;\" data-element-id=\"id1635490676457\"><a href=\"http:\/\/www.artsagainstcovid.org\/aac-talks\" target=\"_blank\" rel=\"noopener\">Check the PROGRAM<\/a><\/div>\n<div data-element-id=\"id1635490676457\"><\/div>\n<\/div>\n<div data-element-id=\"id1635490676457\">\n<p><iframe loading=\"lazy\" width=\"688\" height=\"387\" src=\"https:\/\/www.youtube.com\/embed\/7pcBNzbLu5g?list=PLVhMO2aNCzxjoF9xFimFm8Jqpy_QgVfYG\" frameborder=\"0\" allow=\"accelerometer; autoplay; clipboard-write; encrypted-media; gyroscope; picture-in-picture; web-share\" allowfullscreen><\/iframe><\/p>\n<p>Watch the videos of the <strong>10 inspiring talks<\/strong> (each 10 minutes) and the <strong>2 round tables<\/strong> that allow us to learn and reflect with key figures in the field of Arts in Health.<\/p>\n<div>\n<ul>\n<li><span class=\"theme-text-color-1-3\">\u00a0<\/span><strong><span class=\"theme-text-color-2-1\">TALK 1: \u201cMental Health: challenges and responses from the arts\u201d.,<\/span><\/strong><span class=\"theme-text-color-4-4\"><u><a class=\"wz-link\" href=\"https:\/\/www.youtube.com\/watch?v=FOMBmUYb4s8&amp;list=PLVhMO2aNCzxjoF9xFimFm8Jqpy_QgVfYG&amp;index=3\" target=\"_blank\" rel=\"noopener\" data-attached-link=\"{&quot;type&quot;:&quot;Web&quot;,&quot;url&quot;:&quot;https:\/\/www.youtube.com\/watch?v=FOMBmUYb4s8&amp;list=PLVhMO2aNCzxjoF9xFimFm8Jqpy_QgVfYG&amp;index=3&quot;,&quot;title&quot;:&quot;https:\/\/www.youtube.com\/watch?v=FOMBmUYb4s8&amp;list=PLVhMO2aNCzxjoF9xFimFm8Jqpy_QgVfYG&amp;index=3&quot;,&quot;target&quot;:&quot;_blank&quot;}\">Merc\u00e8 Torrentall\u00e9 <\/a><\/u><\/span><span class=\"theme-text-color-1-3\">(Federaci\u00f3 de Salut Mental de Catalunya); <\/span><span class=\"theme-text-color-4-4\"><u><a class=\"wz-link\" href=\"https:\/\/www.youtube.com\/watch?v=8Y3fIAB95Ec&amp;list=PLVhMO2aNCzxjoF9xFimFm8Jqpy_QgVfYG&amp;index=4\" data-attached-link=\"{&quot;type&quot;:&quot;Web&quot;,&quot;url&quot;:&quot;https:\/\/www.youtube.com\/watch?v=8Y3fIAB95Ec&amp;list=PLVhMO2aNCzxjoF9xFimFm8Jqpy_QgVfYG&amp;index=4&quot;,&quot;title&quot;:&quot;https:\/\/www.youtube.com\/watch?v=8Y3fIAB95Ec&amp;list=PLVhMO2aNCzxjoF9xFimFm8Jqpy_QgVfYG&amp;index=4&quot;}\">Anna Descalzi <\/a><\/u><\/span><span class=\"theme-text-color-1-3\">(Unitat de Salut Mental de L&#8217;Hospitale\u200bt de Llobregat); <\/span><span class=\"theme-text-color-4-4\"><u><a class=\"wz-link\" href=\"https:\/\/www.youtube.com\/watch?v=SjoPpzFURUU&amp;list=PLVhMO2aNCzxjoF9xFimFm8Jqpy_QgVfYG&amp;index=5\" target=\"_blank\" rel=\"noopener\" data-attached-link=\"{&quot;type&quot;:&quot;Web&quot;,&quot;url&quot;:&quot;https:\/\/www.youtube.com\/watch?v=SjoPpzFURUU&amp;list=PLVhMO2aNCzxjoF9xFimFm8Jqpy_QgVfYG&amp;index=5&quot;,&quot;title&quot;:&quot;https:\/\/www.youtube.com\/watch?v=SjoPpzFURUU&amp;list=PLVhMO2aNCzxjoF9xFimFm8Jqpy_QgVfYG&amp;index=5&quot;,&quot;target&quot;:&quot;_blank&quot;}\">Sara Guila Fidel Kinori <\/a><\/u><\/span><span class=\"theme-text-color-1-3\">(Hospital de la Vall d&#8217;Hebron); <\/span><span class=\"theme-text-color-4-4\"><u><a class=\"wz-link\" href=\"https:\/\/www.youtube.com\/watch?v=3QS2Q4jsxMY&amp;list=PLVhMO2aNCzxjoF9xFimFm8Jqpy_QgVfYG&amp;index=6\" target=\"_blank\" rel=\"noopener\" data-attached-link=\"{&quot;type&quot;:&quot;Web&quot;,&quot;url&quot;:&quot;https:\/\/www.youtube.com\/watch?v=3QS2Q4jsxMY&amp;list=PLVhMO2aNCzxjoF9xFimFm8Jqpy_QgVfYG&amp;index=6&quot;,&quot;title&quot;:&quot;https:\/\/www.youtube.com\/watch?v=3QS2Q4jsxMY&amp;list=PLVhMO2aNCzxjoF9xFimFm8Jqpy_QgVfYG&amp;index=6&quot;,&quot;target&quot;:&quot;_blank&quot;}\">Anna Berenguera <\/a><\/u><\/span><span class=\"theme-text-color-1-3\">(IDIAP Jordi Gol); <\/span><span class=\"theme-text-color-4-4\"><u><a class=\"wz-link\" href=\"https:\/\/www.youtube.com\/watch?v=9T_he8G6VrU&amp;list=PLVhMO2aNCzxjoF9xFimFm8Jqpy_QgVfYG&amp;index=7\" target=\"_blank\" rel=\"noopener\" data-attached-link=\"{&quot;type&quot;:&quot;Web&quot;,&quot;url&quot;:&quot;https:\/\/www.youtube.com\/watch?v=9T_he8G6VrU&amp;list=PLVhMO2aNCzxjoF9xFimFm8Jqpy_QgVfYG&amp;index=7&quot;,&quot;title&quot;:&quot;https:\/\/www.youtube.com\/watch?v=9T_he8G6VrU&amp;list=PLVhMO2aNCzxjoF9xFimFm8Jqpy_QgVfYG&amp;index=7&quot;,&quot;target&quot;:&quot;_blank&quot;}\">Cristina Molina <\/a><\/u><\/span><span class=\"theme-text-color-1-3\">(Sant Joan de D\u00e9u); <\/span><span class=\"theme-text-color-4-4\"><u><a class=\"wz-link\" href=\"https:\/\/www.youtube.com\/watch?v=yTF9XyFGyWA&amp;list=PLVhMO2aNCzxjoF9xFimFm8Jqpy_QgVfYG&amp;index=8\" data-attached-link=\"{&quot;type&quot;:&quot;Web&quot;,&quot;url&quot;:&quot;https:\/\/www.youtube.com\/watch?v=yTF9XyFGyWA&amp;list=PLVhMO2aNCzxjoF9xFimFm8Jqpy_QgVfYG&amp;index=8&quot;,&quot;title&quot;:&quot;https:\/\/www.youtube.com\/watch?v=yTF9XyFGyWA&amp;list=PLVhMO2aNCzxjoF9xFimFm8Jqpy_QgVfYG&amp;index=8&quot;}\">Taula rodona<\/a><\/u><\/span><span class=\"theme-text-color-1-3\">.<\/span><\/li>\n<\/ul>\n<\/div>\n<ul>\n<li><span class=\"theme-text-color-2-1\"><strong>TALK 2: \u201cPandemic, and now what? Arts as an opportunity\u201d<\/strong><strong>, <\/strong><\/span><span class=\"theme-text-color-4-4\"><u><a class=\"wz-link\" href=\"https:\/\/www.youtube.com\/watch?v=Z7tfyEKfs6k&amp;list=PLVhMO2aNCzxjoF9xFimFm8Jqpy_QgVfYG&amp;index=9\" data-attached-link=\"{&quot;type&quot;:&quot;Web&quot;,&quot;url&quot;:&quot;https:\/\/www.youtube.com\/watch?v=Z7tfyEKfs6k&amp;list=PLVhMO2aNCzxjoF9xFimFm8Jqpy_QgVfYG&amp;index=9&quot;,&quot;title&quot;:&quot;https:\/\/www.youtube.com\/watch?v=Z7tfyEKfs6k&amp;list=PLVhMO2aNCzxjoF9xFimFm8Jqpy_QgVfYG&amp;index=9&quot;}\">Carmen Cabezas <\/a><\/u><\/span><span class=\"theme-text-color-1-3\">(Ag\u00e8ncia de Salut P\u00fablica de Catalunya); <\/span><span class=\"theme-text-color-4-4\"><u><a class=\"wz-link\" href=\"https:\/\/www.youtube.com\/watch?v=zaovovNK9pg&amp;list=PLVhMO2aNCzxjoF9xFimFm8Jqpy_QgVfYG&amp;index=10\" data-attached-link=\"{&quot;type&quot;:&quot;Web&quot;,&quot;url&quot;:&quot;https:\/\/www.youtube.com\/watch?v=zaovovNK9pg&amp;list=PLVhMO2aNCzxjoF9xFimFm8Jqpy_QgVfYG&amp;index=10&quot;,&quot;title&quot;:&quot;https:\/\/www.youtube.com\/watch?v=zaovovNK9pg&amp;list=PLVhMO2aNCzxjoF9xFimFm8Jqpy_QgVfYG&amp;index=10&quot;}\">Pepe Serra <\/a><\/u><\/span><span class=\"theme-text-color-1-3\">(Museu Nacional d&#8217;Art de Catalunya); <\/span><span class=\"theme-text-color-4-4\"><u><a class=\"wz-link\" href=\"https:\/\/www.youtube.com\/watch?v=dhr4Bnn3_dg&amp;list=PLVhMO2aNCzxjoF9xFimFm8Jqpy_QgVfYG&amp;index=11\" data-attached-link=\"{&quot;type&quot;:&quot;Web&quot;,&quot;url&quot;:&quot;https:\/\/www.youtube.com\/watch?v=dhr4Bnn3_dg&amp;list=PLVhMO2aNCzxjoF9xFimFm8Jqpy_QgVfYG&amp;index=11&quot;,&quot;title&quot;:&quot;https:\/\/www.youtube.com\/watch?v=dhr4Bnn3_dg&amp;list=PLVhMO2aNCzxjoF9xFimFm8Jqpy_QgVfYG&amp;index=11&quot;}\">Marta Esteve <\/a><\/u><\/span><span class=\"theme-text-color-1-3\">(Fundaci\u00f3 Carulla); \u00a0<\/span><span class=\"theme-text-color-4-4\"><u><a class=\"wz-link\" href=\"https:\/\/www.youtube.com\/watch?v=XDNTu1qyPHk&amp;list=PLVhMO2aNCzxjoF9xFimFm8Jqpy_QgVfYG&amp;index=12\" data-attached-link=\"{&quot;type&quot;:&quot;Web&quot;,&quot;url&quot;:&quot;https:\/\/www.youtube.com\/watch?v=XDNTu1qyPHk&amp;list=PLVhMO2aNCzxjoF9xFimFm8Jqpy_QgVfYG&amp;index=12&quot;,&quot;title&quot;:&quot;https:\/\/www.youtube.com\/watch?v=XDNTu1qyPHk&amp;list=PLVhMO2aNCzxjoF9xFimFm8Jqpy_QgVfYG&amp;index=12&quot;}\">Guillem d&#8217;Efak Fullana-Ferr\u00e9 <\/a><\/u><\/span><span class=\"theme-text-color-1-3\">(institut Catal\u00e0 de la Salut); <\/span><span class=\"theme-text-color-4-4\"><u><a class=\"wz-link\" href=\"https:\/\/www.youtube.com\/watch?v=uvxltK46SSo&amp;list=PLVhMO2aNCzxjoF9xFimFm8Jqpy_QgVfYG&amp;index=13\" data-attached-link=\"{&quot;type&quot;:&quot;Web&quot;,&quot;url&quot;:&quot;https:\/\/www.youtube.com\/watch?v=uvxltK46SSo&amp;list=PLVhMO2aNCzxjoF9xFimFm8Jqpy_QgVfYG&amp;index=13&quot;,&quot;title&quot;:&quot;https:\/\/www.youtube.com\/watch?v=uvxltK46SSo&amp;list=PLVhMO2aNCzxjoF9xFimFm8Jqpy_QgVfYG&amp;index=13&quot;}\">Toni Casares\u00a0<\/a><\/u><\/span><span class=\"theme-text-color-1-3\">(Sala Beckett); <\/span><span class=\"theme-text-color-4-4\"><u><a class=\"wz-link\" href=\"https:\/\/www.youtube.com\/watch?v=vfG4GUlMTx8&amp;list=PLVhMO2aNCzxjoF9xFimFm8Jqpy_QgVfYG&amp;index=14\" target=\"_blank\" rel=\"noopener\" data-attached-link=\"{&quot;type&quot;:&quot;Web&quot;,&quot;url&quot;:&quot;https:\/\/www.youtube.com\/watch?v=vfG4GUlMTx8&amp;list=PLVhMO2aNCzxjoF9xFimFm8Jqpy_QgVfYG&amp;index=14&quot;,&quot;title&quot;:&quot;https:\/\/www.youtube.com\/watch?v=vfG4GUlMTx8&amp;list=PLVhMO2aNCzxjoF9xFimFm8Jqpy_QgVfYG&amp;index=14&quot;,&quot;target&quot;:&quot;_blank&quot;}\" data-cke-saved-href=\"https:\/\/www.youtube.com\/watch?v=vfG4GUlMTx8&amp;list=PLVhMO2aNCzxjoF9xFimFm8Jqpy_QgVfYG&amp;index=14\">Taula rodona<\/a><\/u><\/span><\/li>\n<\/ul>\n<\/div>\n<\/div>\n<hr \/>\n<p><img loading=\"lazy\" decoding=\"async\" class=\"alignnone wp-image-797\" src=\"http:\/\/artsinhealthfoundation.org\/web\/wp-content\/uploads\/2021\/12\/LogoAAC-2-300x75.png\" alt=\"Arts Against Covid\" width=\"401\" height=\"114\" \/><br \/>\n<a href=\"http:\/\/www.artsagainstcovid.org\/2021-awards\" target=\"_blank\" rel=\"noopener\">P\u00e0gina dels premis\u00a0<\/a><\/p>\n<p>The <strong>global crisis of COVID-19<\/strong> has underscored the need for tools to reduce the impact of this pandemic and effectively improve collective health and well-being during and after this health, economic, and social crisis.<\/p>\n<p>The Arts in Health International Foundation (AiHIF), in line with its mission to &#8220;promote cooperation between the cultural, social, and health sectors to effectively improve society&#8217;s health and well-being,&#8221; and with the aim of highlighting the potential of the arts in improving the health of individuals and societies, announces the #ArtsAgainstCOVID Awards.<\/p>\n<p>The awards aim to publicly recognize initiatives that explore the positive effects of the arts on health, emerging as responses to the health impacts caused by COVID-19 and the current pandemic context.<\/p>\n<div>\n<div id=\"id1411894277529\" class=\"design-element element-size-box has-rich-content user-selectable-element clickable-element has-rich-content has-text is-section-child\" data-element-id=\"1411894277529\">\n<div class=\"element-main-box design-element-main-box has-rich-content user-selectable-element clickable-element has-rich-content has-text\" data-element-id=\"1411894277529\">\n<div class=\"element-border-box element-border-target element-padding-box design-element-border-box has-rich-content user-selectable-element clickable-element has-rich-content has-text\" data-element-id=\"1411894277529\">\n<div class=\"element-content-box design-element-content-box has-rich-content user-selectable-element clickable-element has-rich-content has-text\" data-element-id=\"1411894277529\">\n<div class=\"content-container content-container-type element-size-box element-size-target has-rich-content user-selectable-element clickable-element has-rich-content has-text\" data-element-id=\"1411894277529\">\n<div class=\"rich-text-element-content absolute-fill element-content dir-ltr\">\n<div class=\"rich-text-positioning-wrapper vertical-alignment-top\">\n<div class=\"rich-text-content common-rich-content-style has-content\">\n<div><strong>Endowment<\/strong>: The Awards consist of a single prize with a financial endowment for this edition of 5,000 euros<br \/>\n<strong>Deadline<\/strong>: Out of deadline<\/div>\n<div><\/div>\n<h4><strong>WATCH THE AWARD CEREMONY OF 27\/04\/2021 @\u00a0<a href=\"https:\/\/idealbarcelona.com\/en\/\" target=\"_blank\" rel=\"noopener\">Ideal Barcelona &#8211; Digital Arts Center<\/a><\/strong><\/h4>\n<div>\n<div id=\"id1411894530883\" class=\"design-element element-size-box has-rich-content user-selectable-element clickable-element has-rich-content has-text is-section-child\" data-element-id=\"1411894530883\">\n<div class=\"element-main-box design-element-main-box has-rich-content user-selectable-element clickable-element has-rich-content has-text\" data-element-id=\"1411894530883\">\n<div class=\"element-border-box element-border-target element-padding-box design-element-border-box has-rich-content user-selectable-element clickable-element has-rich-content has-text\" data-element-id=\"1411894530883\">\n<div class=\"element-content-box design-element-content-box has-rich-content user-selectable-element clickable-element has-rich-content has-text\" data-element-id=\"1411894530883\">\n<div class=\"content-container content-container-type element-size-box element-size-target has-rich-content user-selectable-element clickable-element has-rich-content has-text\" data-element-id=\"1411894530883\">\n<div class=\"rich-text-element-content absolute-fill element-content dir-ltr\">\n<div class=\"rich-text-positioning-wrapper vertical-alignment-top\">\n<div>\n<p><iframe loading=\"lazy\" width=\"688\" height=\"387\" src=\"https:\/\/www.youtube.com\/embed\/bSEH7g1t0YE?feature=oembed\" frameborder=\"0\" allow=\"accelerometer; autoplay; clipboard-write; encrypted-media; gyroscope; picture-in-picture; web-share\" allowfullscreen title=\"Arts Against Covid Awards Ceremony 2021\"><\/iframe><\/p>\n<\/div>\n<div class=\"rich-text-content common-rich-content-style has-content\">\n<div><\/div>\n<\/div>\n<\/div>\n<\/div>\n<\/div>\n<\/div>\n<\/div>\n<\/div>\n<\/div>\n<\/div>\n<\/div>\n<\/div>\n<\/div>\n<\/div>\n<\/div>\n<\/div>\n<\/div>\n<\/div>\n<\/div>\n<hr \/>\n<h3><\/h3>\n<p><span style=\"color: #000080;\"><strong>&gt; RecuperART-19: Museums and art centers to improve the mental health of healthcare professionals after COVID-19<\/strong><\/span><\/p>\n<p><img loading=\"lazy\" decoding=\"async\" class=\" wp-image-581 alignleft\" src=\"http:\/\/artsinhealthfoundation.org\/web\/wp-content\/uploads\/2020\/06\/Recuperart-19_MNAC-web-300x200.jpg\" alt=\"\" width=\"421\" height=\"281\" srcset=\"http:\/\/artsinhealthfoundation.org\/web\/wp-content\/uploads\/2020\/06\/Recuperart-19_MNAC-web-300x200.jpg 300w, http:\/\/artsinhealthfoundation.org\/web\/wp-content\/uploads\/2020\/06\/Recuperart-19_MNAC-web-768x512.jpg 768w, http:\/\/artsinhealthfoundation.org\/web\/wp-content\/uploads\/2020\/06\/Recuperart-19_MNAC-web.jpg 850w\" sizes=\"auto, (max-width: 421px) 100vw, 421px\" \/><\/p>\n<p>The consequences of an unprecedented health crisis generated by COVID-19 have affected multiple groups. Effects that have inevitably left a mark on healthcare professionals, whose emotional health has been affected to varying degrees, with unpredictable consequences if not effectively addressed.<\/p>\n<p>The Catalan Health Institute (<a href=\"https:\/\/ics.gencat.cat\/ca\/inici\" target=\"_blank\" rel=\"noopener\">ICS<\/a>), in collaboration with the Department of Culture, proposes to healthcare professionals a proposal based on the use of museums as environments for reflection and improvement of emotional well-being.<\/p>\n<p>It is an initiative, pioneering internationally, designed considering the particular characteristics of the healthcare professional group regarding self-perception of health and the need for self-care. Participation in Recuperart-19 will be completely anonymous, free, and easily accessible, as museums from all over Catalonia have been participating in the program since its inception. In this sense, 16 museums are initially participating, and it is expected that this number will increase after the first phase is evaluated.<\/p>\n<p>The program is designed to be carried out individually and autonomously, focusing on the prevention and management of possible anxiety, depression, or even mild manifestations of post-traumatic stress associated with their professional activity during the new coronavirus crisis.<\/p>\n<p>To participate, healthcare professionals only need to authenticate by showing their professional identification at any of the participating museums, which will offer them free entry. They will then be provided with a specially prepared booklet for the activity and a sheet with a list of museum works around which the intervention will pivot. This booklet will be the guide to follow the activity, which will be self-guided, and it details instructions and guidelines for the participant. The proposed activities focus on mindfulness exercises, concentration, focus, cognitive association, creativity, writing, drawing, and reflection.<\/p>\n<p><img loading=\"lazy\" decoding=\"async\" class=\"alignright wp-image-604 size-medium\" src=\"http:\/\/artsinhealthfoundation.org\/web\/wp-content\/uploads\/2020\/06\/quadrern_recuperart19-web2-1-300x209.jpg\" alt=\"\" width=\"300\" height=\"209\" srcset=\"http:\/\/artsinhealthfoundation.org\/web\/wp-content\/uploads\/2020\/06\/quadrern_recuperart19-web2-1-300x209.jpg 300w, http:\/\/artsinhealthfoundation.org\/web\/wp-content\/uploads\/2020\/06\/quadrern_recuperart19-web2-1-768x536.jpg 768w, http:\/\/artsinhealthfoundation.org\/web\/wp-content\/uploads\/2020\/06\/quadrern_recuperart19-web2-1.jpg 1000w\" sizes=\"auto, (max-width: 300px) 100vw, 300px\" \/><\/p>\n<p><img loading=\"lazy\" decoding=\"async\" class=\"alignnone size-medium wp-image-598\" src=\"http:\/\/artsinhealthfoundation.org\/web\/wp-content\/uploads\/2020\/06\/quadrern_recuperart19-LOW-2.jpg\" alt=\"\" width=\"1\" height=\"1\" \/>From a clinical perspective, it has been designed by the\u00a0<strong><a href=\"https:\/\/www.vallhebron.com\/ca\/grups-de-recerca\/psiquiatria-salut-mental-i-addiccions\">Psychiatry, Mental Health, and Addictions Service and Research Group<\/a>\u00a0del Campus <a href=\"https:\/\/www.vallhebron.com\/\">Vall d\u2019Hebron<\/a><\/strong>, led by Dr. Josep Antoni Ramos-Quiroga one of the two directors of the program along with Guillem d&#8217;Efak Fullana Ferr\u00e9, coordinator of the <a href=\"http:\/\/ics.gencat.cat\/ca\/actualitat\/arts-en-salut\/\">Arts in Health Strategy of the ICS<\/a>. Ramos-Quiroga and Guila Fidel, co-PI of the intervention, emphasized that &#8220;We understand the museum as a therapeutic, community, and inclusive space, and this activity seeks to activate personal resources to favor positive effects on mood.&#8221; In the case of Recuperat-19, however, the recipients of the intervention will be the healthcare professionals themselves, one of the innovative elements of the project that places it at the forefront of the internationally known discipline as Arts in Health. In fact, a secondary objective of the project is to comprehensively evaluate the results of the intervention &#8220;to expand the evidence base of Arts in Health strategies.&#8221;<\/p>\n<p><strong>The program has the economic and material support of the Arts in Health International Foundation.<\/strong><\/p>\n<p><a href=\"http:\/\/www.recuperart-19.org\" target=\"blank\">Project page: www.recuperart-19.org <\/a>(Institut Catal\u00e0 de la Salut)<\/p>\n<hr \/>\n<h3>PRIOR ACTIVITIES<\/h3>\n<p><span style=\"color: #000080;\"><strong>&gt; Introduction to Arts in Health Course (1st Edition)<\/strong><\/span><\/p>\n<p><img loading=\"lazy\" decoding=\"async\" class=\"alignleft wp-image-563\" src=\"http:\/\/artsinhealthfoundation.org\/web\/wp-content\/uploads\/2020\/05\/artsinhealthfoundation_mnac-300x267.jpg\" alt=\"arts in health foundation mnac\" width=\"422\" height=\"376\" srcset=\"http:\/\/artsinhealthfoundation.org\/web\/wp-content\/uploads\/2020\/05\/artsinhealthfoundation_mnac-300x267.jpg 300w, http:\/\/artsinhealthfoundation.org\/web\/wp-content\/uploads\/2020\/05\/artsinhealthfoundation_mnac.jpg 731w\" sizes=\"auto, (max-width: 422px) 100vw, 422px\" \/><\/p>\n<p>The IAiHF and the National Art Museum of Catalonia (<a href=\"https:\/\/www.museunacional.cat\/en\" target=\"_blank\" rel=\"noopener\">MNAC<\/a>) organized the &#8220;Introduction to Arts in Health. Creation and management of programs in mental health: anxiety and depression disorders&#8221; in the fall of 2018.<\/p>\n<p>The course aimed at museum professionals and the health sector aimed to understand the contributions that the arts can have in the field of health.<\/p>\n<p>Spread over five weekly sessions of four hours each, it featured the presence of prominent international experts in arts in health, technicians and responsible for the national health system of Catalonia, doctors and healthcare professionals, patient and family associations in the field of mental health, museum professionals, and other cultural managers.<\/p>\n<p>The course was attended by 50 people, and the sessions alternated conceptual presentations with the exhibition of international experiences of artistic interventions in the health field, testimonials from patients who have participated in related programs, or practical workshops related to one of the concepts presented.<\/p>\n<p>The program had the collaboration of the Catalan Health Institute and the support of L\u00fcndbeck.<\/p>\n<p><a href=\"https:\/\/www.museunacional.cat\/sites\/default\/files\/ainh.pdf\">Course program<\/a><\/p>\n<hr \/>\n<p><span style=\"color: #000080;\"><strong>&gt; Projecte MNAC &#8211; Hospital Universitari Vall d\u2019Hebron<\/strong> <\/span><\/p>\n<figure id=\"attachment_573\" aria-describedby=\"caption-attachment-573\" style=\"width: 402px\" class=\"wp-caption alignleft\"><img loading=\"lazy\" decoding=\"async\" class=\"wp-image-573\" src=\"http:\/\/artsinhealthfoundation.org\/web\/wp-content\/uploads\/2020\/05\/mnac_salut_ok-300x168.jpg\" alt=\"arts in health foundation arts en salut\" width=\"402\" height=\"225\" srcset=\"http:\/\/artsinhealthfoundation.org\/web\/wp-content\/uploads\/2020\/05\/mnac_salut_ok-300x168.jpg 300w, http:\/\/artsinhealthfoundation.org\/web\/wp-content\/uploads\/2020\/05\/mnac_salut_ok.jpg 552w\" sizes=\"auto, (max-width: 402px) 100vw, 402px\" \/><figcaption id=\"caption-attachment-573\" class=\"wp-caption-text\"><a href=\"https:\/\/www.museunacional.cat\/en\" target=\"_blank\" rel=\"noopener\">MNAC<\/a> Director (Pepe Serra) with Catalan Health (Alba Verg\u00e9s) and Culture (Laura Borr\u00e0s) ministers with Drs. Mart\u00ednez-Ib\u00e1\u00f1ez and Josep Antoni Ramos-Quiroga presenting the Alliance<\/figcaption><\/figure>\n<p>As a result of the Introduction to Arts in Health course organized by the IAiHF, the National Art Museum of Catalonia signed an agreement with the Vall d\u2019Hebron Hospital to carry out different actions aimed at exploring the potential of art as a tool for patients and families to enjoy its therapeutic and emotional benefits.<\/p>\n<p>Both institutions have been working together for over a year to promote cultural heritage, make the stay at Vall d\u2019Hebron more humane and pleasant, and ensure that hospital users obtain therapeutic benefits through the values and well-being that art can provide.<\/p>\n<p>This collaboration agreement will begin with a project aimed at studying new art therapies in the field of psychology. The initiative will start with women who present post-traumatic stress disorder, of diverse cultural origin (immigrants or refugees), and who suffer situations of social vulnerability. The psychological treatment will combine new didactic strategies of the National Museum and therapeutic intervention principles for emotional support in situations of fragility of women established by the team led by Dr. Josep Antoni Ramos-Quiroga, <a href=\"https:\/\/www.vallhebron.com\/grups-de-recerca\/psiquiatria-salut-mental-i-addiccions\" target=\"_blank\" rel=\"noopener\">Head of the Psychiatry Service<\/a> of <a href=\"https:\/\/www.vallhebron.com\/\" target=\"_blank\" rel=\"noopener\">Vall d\u2019Hebron Hospital and Campus<\/a>.<\/p>\n<p><a href=\"https:\/\/www.vallhebron.com\/ca\/noticies\/vall-dhebron-i-el-museu-nacional-suneixen-impulsar-nous-tractaments-traves-de-lart-mnac\" target=\"blank\">More information<\/a><\/p>\n","protected":false},"excerpt":{"rendered":"<p>\u2018Pandemic, and now what? Challenges in mental health and responses from the arts\u2019 National Art Museum of Catalonia (MNAC) \u00b7&hellip;<\/p>\n","protected":false},"author":1,"featured_media":559,"parent":0,"menu_order":4,"comment_status":"closed","ping_status":"closed","template":"","meta":{"footnotes":""},"class_list":["post-1054","page","type-page","status-publish","has-post-thumbnail","hentry"],"_links":{"self":[{"href":"http:\/\/artsinhealthfoundation.org\/web\/wp-json\/wp\/v2\/pages\/1054","targetHints":{"allow":["GET"]}}],"collection":[{"href":"http:\/\/artsinhealthfoundation.org\/web\/wp-json\/wp\/v2\/pages"}],"about":[{"href":"http:\/\/artsinhealthfoundation.org\/web\/wp-json\/wp\/v2\/types\/page"}],"author":[{"embeddable":true,"href":"http:\/\/artsinhealthfoundation.org\/web\/wp-json\/wp\/v2\/users\/1"}],"replies":[{"embeddable":true,"href":"http:\/\/artsinhealthfoundation.org\/web\/wp-json\/wp\/v2\/comments?post=1054"}],"version-history":[{"count":6,"href":"http:\/\/artsinhealthfoundation.org\/web\/wp-json\/wp\/v2\/pages\/1054\/revisions"}],"predecessor-version":[{"id":1064,"href":"http:\/\/artsinhealthfoundation.org\/web\/wp-json\/wp\/v2\/pages\/1054\/revisions\/1064"}],"wp:featuredmedia":[{"embeddable":true,"href":"http:\/\/artsinhealthfoundation.org\/web\/wp-json\/wp\/v2\/media\/559"}],"wp:attachment":[{"href":"http:\/\/artsinhealthfoundation.org\/web\/wp-json\/wp\/v2\/media?parent=1054"}],"curies":[{"name":"wp","href":"https:\/\/api.w.org\/{rel}","templated":true}]}}