{"id":346,"date":"2018-09-15T11:12:25","date_gmt":"2018-09-15T09:12:25","guid":{"rendered":"http:\/\/artsinhealthfoundation.org\/web\/?page_id=346"},"modified":"2018-09-15T11:12:25","modified_gmt":"2018-09-15T09:12:25","slug":"inicio","status":"publish","type":"page","link":"https:\/\/artsinhealthfoundation.org\/ext\/inicio\/","title":{"rendered":"Inicio"},"content":{"rendered":"<h2><img data-recalc-dims=\"1\" loading=\"lazy\" decoding=\"async\" class=\"wp-image-758 aligncenter\" src=\"https:\/\/i0.wp.com\/artsinhealthfoundation.org\/web\/wp-content\/uploads\/2021\/10\/TALKS-transp-300x79.png?resize=310%2C76\" alt=\"\" width=\"310\" height=\"76\" \/><\/h2>\n<h2>\u2018Pandemia, y ara qu\u00e9? RETOS en saluD mental Y respUEstAs desde lAs artEs\u2019<\/h2>\n<div id=\"id1635490230013\" class=\"design-element element-size-box has-rich-content user-selectable-element clickable-element has-rich-content has-text is-section-child\" data-element-id=\"id1635490230013\">\n<div class=\"element-main-box design-element-main-box has-rich-content user-selectable-element clickable-element has-rich-content has-text\" data-element-id=\"id1635490230013\">\n<div class=\"element-border-box element-border-target element-padding-box design-element-border-box has-rich-content user-selectable-element clickable-element has-rich-content has-text\" data-element-id=\"id1635490230013\">\n<div class=\"element-content-box design-element-content-box has-rich-content user-selectable-element clickable-element has-rich-content has-text\" data-element-id=\"id1635490230013\">\n<div class=\"content-container content-container-type element-size-box element-size-target has-rich-content user-selectable-element clickable-element has-rich-content has-text\" data-element-id=\"id1635490230013\">\n<div class=\"rich-text-element-content absolute-fill element-content dir-ltr\">\n<div class=\"rich-text-positioning-wrapper vertical-alignment-center\">\n<div class=\"rich-text-content common-rich-content-style has-content\">\n<div>\n<h3 style=\"text-align: center;\">Museu Nacional d\u2019Art de Catalunya (MNAC)<\/h3>\n<h3 style=\"text-align: center;\">2\/12\/2021<\/h3>\n<\/div>\n<\/div>\n<\/div>\n<\/div>\n<\/div>\n<\/div>\n<\/div>\n<\/div>\n<\/div>\n<div id=\"id1635490676457\" class=\"design-element element-size-box has-rich-content user-selectable-element clickable-element has-rich-content has-text is-section-child\" data-element-id=\"id1635490676457\">\n<div class=\"element-main-box design-element-main-box has-rich-content user-selectable-element clickable-element has-rich-content has-text\" data-element-id=\"id1635490676457\">\n<div class=\"element-background-layer element-border-target design-element-background-layer has-rich-content user-selectable-element clickable-element has-rich-content has-text\" style=\"text-align: center;\" data-element-id=\"id1635490676457\"><a href=\"http:\/\/www.artsagainstcovid.org\/aac-talks\" target=\"_blank\" rel=\"noopener\">PROGRAMA<\/a> &#8211; <a href=\"https:\/\/8yeo9rd3zpd.typeform.com\/to\/fITJOdIx?typeform-source=www.artsagainstcovid.org\">INSCRIPCI\u00d3N<\/a> (obligatoria)<\/div>\n<\/div>\n<\/div>\n<hr \/>\n<p style=\"text-align: center;\"><strong>RECUPERA LA ENTREGA DE PREMIOS\u00a0#ArtsAgainstCovid\u00a0<\/strong><\/p>\n<div class=\"jetpack-video-wrapper\"><iframe loading=\"lazy\" title=\"Arts Against Covid Awards Ceremony 2021\" width=\"750\" height=\"422\" src=\"https:\/\/www.youtube.com\/embed\/bSEH7g1t0YE?feature=oembed\" frameborder=\"0\" allow=\"accelerometer; autoplay; clipboard-write; encrypted-media; gyroscope; picture-in-picture\" allowfullscreen><\/iframe><\/div>\n<p><!--more--><a href=\"http:\/\/www.artsagainstcovid.org\/index.html\" target=\"_blank\" rel=\"noopener\"><img data-recalc-dims=\"1\" loading=\"lazy\" decoding=\"async\" class=\"alignnone size-medium wp-image-719\" src=\"https:\/\/i0.wp.com\/artsinhealthfoundation.org\/web\/wp-content\/uploads\/2021\/04\/LogoAAC-300x75.jpg?resize=300%2C75\" alt=\"\" width=\"300\" height=\"75\" \/><\/a><\/p>\n<p><strong>Descubre los ganadores en:\u00a0<a href=\"http:\/\/www.artsagainstcovid.org\/\" target=\"_blank\" rel=\"noopener\">artsagainstcovid.org\u00a0<\/a><\/strong><\/p>\n<p><img data-recalc-dims=\"1\" loading=\"lazy\" decoding=\"async\" class=\"alignnone wp-image-739\" style=\"font-size: 1em;\" src=\"https:\/\/i0.wp.com\/artsinhealthfoundation.org\/web\/wp-content\/uploads\/2021\/04\/winner-acting-1-300x300.png?resize=92%2C93\" alt=\"\" width=\"92\" height=\"93\" \/>\u00a0\u00a0<img data-recalc-dims=\"1\" loading=\"lazy\" decoding=\"async\" class=\"alignnone wp-image-735\" src=\"https:\/\/i0.wp.com\/artsinhealthfoundation.org\/web\/wp-content\/uploads\/2021\/04\/mention_comfort-1-300x300.png?resize=93%2C93\" alt=\"\" width=\"93\" height=\"93\" \/>\u00a0\u00a0 <img data-recalc-dims=\"1\" loading=\"lazy\" decoding=\"async\" class=\"alignnone wp-image-736\" src=\"https:\/\/i0.wp.com\/artsinhealthfoundation.org\/web\/wp-content\/uploads\/2021\/04\/mention_duelo-1-300x300.png?resize=96%2C96\" alt=\"\" width=\"96\" height=\"96\" \/>\u00a0\u00a0 <img data-recalc-dims=\"1\" loading=\"lazy\" decoding=\"async\" class=\"alignnone wp-image-737\" src=\"https:\/\/i0.wp.com\/artsinhealthfoundation.org\/web\/wp-content\/uploads\/2021\/04\/mention_virus-1-300x300.png?resize=96%2C96\" alt=\"\" width=\"96\" height=\"96\" \/>\u00a0\u00a0 <img data-recalc-dims=\"1\" loading=\"lazy\" decoding=\"async\" class=\"alignnone wp-image-738\" src=\"https:\/\/i0.wp.com\/artsinhealthfoundation.org\/web\/wp-content\/uploads\/2021\/04\/mention-Benzo-1-300x300.png?resize=97%2C97\" alt=\"\" width=\"97\" height=\"97\" \/><\/p>\n<p>La crisis mundial de la Covid-19 ha puesto de manifiesto la necesidad de contar con herramientas que nos permitan reducir el impacto ocasionado por esta pandemia y mejoren de forma efectiva la salud y el bienestar colectivos durante y despu\u00e9s de esta crisis sanitaria, econ\u00f3mica y social.<\/p>\n<p>La Fundaci\u00f3n Arts in Health International Foundation (AiHIF), de acuerdo con su misi\u00f3n de &#8220;fomentar la cooperaci\u00f3n entre los sectores cultural, social y sanitario para mejorar de forma efectiva la salud y el bienestar de la sociedad&#8221;, y con la voluntad de poner en valor el potencial de las artes en la mejora de la salud de las personas y las sociedades, convoca los Premios #ArtsAgainstCovid.<\/p>\n<blockquote><p>Los premios tienen el objetivo de reconocer p\u00fablicamente a aquellas iniciativas que exploren los efectos positivos de las artes para la salud y que surjan como respuesta a las afectaciones en la salud individual y colectiva ocasionadas por la Covid-19 y el actual contexto de pandemia.<\/p><\/blockquote>\n<p><strong>M\u00e1s informaci\u00f3n:<\/strong> <a href=\"http:\/\/artsagainstcovid.org\/espa%C3%B1ol\">www.artsagainstcovid.org<\/a><\/p>\n<hr \/>\n<p>La introducci\u00f3n de las Artes en los procesos de salud parte de la asunci\u00f3n de que la salud de los ciudadanos no depende, s\u00f3lo, de los diferentes recursos asistenciales y de los profesionales que conforman el sistema sanitario.<\/p>\n<p>M\u00e1s all\u00e1 de la red de servicios de salud, la movilizaci\u00f3n de activos comunitarios vinculados a las artes, convenientemente alineados con la actividad asistencial-, han demostrado que pueden tener un impacto positivo en el binomio salud \/ enfermedad tanto a nivel individual como colectivo.<\/p>\n<p>El movimiento de las Artes en la salud es compone de un amplio abanico de actividades que el sector art\u00edstico y el entorno comunitario ponen a disposici\u00f3n de los profesionales de la salud a la hora de abordar una patolog\u00eda concreta: ya sean como intervenciones en un plan terap\u00e9utico o en sus actividades de prevenci\u00f3n y promoci\u00f3n de la salud de una poblaci\u00f3n.<\/p>\n<p>Y todo ello, bajo unos par\u00e1metros estrictos de eficacia, eficiencia y efectividad cl\u00ednicas que deben guiar cualquier actividad asistencial en salud.<\/p>\n","protected":false},"excerpt":{"rendered":"<p>\u2018Pandemia, y ara qu\u00e9? RETOS en saluD mental Y respUEstAs desde lAs artEs\u2019 Museu Nacional d\u2019Art de Catalunya (MNAC) 2\/12\/2021 &hellip; <\/p>\n","protected":false},"author":1,"featured_media":0,"parent":0,"menu_order":0,"comment_status":"closed","ping_status":"closed","template":"","meta":{"nf_dc_page":"","om_disable_all_campaigns":false,"footnotes":""},"class_list":["post-346","page","type-page","status-publish","hentry"],"yoast_head":"<!-- This site is optimized with the Yoast SEO plugin v27.5 - https:\/\/yoast.com\/product\/yoast-seo-wordpress\/ -->\n<title>Inicio - Arts in Health International Foundation<\/title>\n<meta name=\"robots\" content=\"index, follow, max-snippet:-1, max-image-preview:large, max-video-preview:-1\" \/>\n<link rel=\"canonical\" href=\"https:\/\/artsinhealthfoundation.org\/ext\/inicio\/\" \/>\n<meta property=\"og:locale\" content=\"en_US\" \/>\n<meta property=\"og:type\" content=\"article\" \/>\n<meta property=\"og:title\" content=\"Inicio - Arts in Health International Foundation\" \/>\n<meta property=\"og:description\" content=\"\u2018Pandemia, y ara qu\u00e9? RETOS en saluD mental Y respUEstAs desde lAs artEs\u2019 Museu Nacional d\u2019Art de Catalunya (MNAC) 2\/12\/2021 &hellip;\" \/>\n<meta property=\"og:url\" content=\"https:\/\/artsinhealthfoundation.org\/ext\/inicio\/\" \/>\n<meta property=\"og:site_name\" content=\"Arts in Health International Foundation\" \/>\n<meta property=\"og:image\" content=\"http:\/\/artsinhealthfoundation.org\/web\/wp-content\/uploads\/2021\/10\/TALKS-transp-300x79.png\" \/>\n<meta name=\"twitter:card\" content=\"summary_large_image\" \/>\n<meta name=\"twitter:label1\" content=\"Est. reading time\" \/>\n\t<meta name=\"twitter:data1\" content=\"2 minutes\" \/>\n<script type=\"application\/ld+json\" class=\"yoast-schema-graph\">{\"@context\":\"https:\\\/\\\/schema.org\",\"@graph\":[{\"@type\":\"WebPage\",\"@id\":\"https:\\\/\\\/artsinhealthfoundation.org\\\/ext\\\/inicio\\\/\",\"url\":\"https:\\\/\\\/artsinhealthfoundation.org\\\/ext\\\/inicio\\\/\",\"name\":\"Inicio - Arts in Health International Foundation\",\"isPartOf\":{\"@id\":\"https:\\\/\\\/artsinhealthfoundation.org\\\/ext\\\/#website\"},\"primaryImageOfPage\":{\"@id\":\"https:\\\/\\\/artsinhealthfoundation.org\\\/ext\\\/inicio\\\/#primaryimage\"},\"image\":{\"@id\":\"https:\\\/\\\/artsinhealthfoundation.org\\\/ext\\\/inicio\\\/#primaryimage\"},\"thumbnailUrl\":\"http:\\\/\\\/artsinhealthfoundation.org\\\/web\\\/wp-content\\\/uploads\\\/2021\\\/10\\\/TALKS-transp-300x79.png\",\"datePublished\":\"2018-09-15T09:12:25+00:00\",\"breadcrumb\":{\"@id\":\"https:\\\/\\\/artsinhealthfoundation.org\\\/ext\\\/inicio\\\/#breadcrumb\"},\"inLanguage\":\"en-US\",\"potentialAction\":[{\"@type\":\"ReadAction\",\"target\":[\"https:\\\/\\\/artsinhealthfoundation.org\\\/ext\\\/inicio\\\/\"]}]},{\"@type\":\"ImageObject\",\"inLanguage\":\"en-US\",\"@id\":\"https:\\\/\\\/artsinhealthfoundation.org\\\/ext\\\/inicio\\\/#primaryimage\",\"url\":\"http:\\\/\\\/artsinhealthfoundation.org\\\/web\\\/wp-content\\\/uploads\\\/2021\\\/10\\\/TALKS-transp-300x79.png\",\"contentUrl\":\"http:\\\/\\\/artsinhealthfoundation.org\\\/web\\\/wp-content\\\/uploads\\\/2021\\\/10\\\/TALKS-transp-300x79.png\"},{\"@type\":\"BreadcrumbList\",\"@id\":\"https:\\\/\\\/artsinhealthfoundation.org\\\/ext\\\/inicio\\\/#breadcrumb\",\"itemListElement\":[{\"@type\":\"ListItem\",\"position\":1,\"name\":\"Home\",\"item\":\"https:\\\/\\\/artsinhealthfoundation.org\\\/ext\\\/\"},{\"@type\":\"ListItem\",\"position\":2,\"name\":\"Inicio\"}]},{\"@type\":\"WebSite\",\"@id\":\"https:\\\/\\\/artsinhealthfoundation.org\\\/ext\\\/#website\",\"url\":\"https:\\\/\\\/artsinhealthfoundation.org\\\/ext\\\/\",\"name\":\"Arts in Health International Foundation\",\"description\":\"Arts in Health International Foundation\",\"potentialAction\":[{\"@type\":\"SearchAction\",\"target\":{\"@type\":\"EntryPoint\",\"urlTemplate\":\"https:\\\/\\\/artsinhealthfoundation.org\\\/ext\\\/?s={search_term_string}\"},\"query-input\":{\"@type\":\"PropertyValueSpecification\",\"valueRequired\":true,\"valueName\":\"search_term_string\"}}],\"inLanguage\":\"en-US\"}]}<\/script>\n<!-- \/ Yoast SEO plugin. -->","yoast_head_json":{"title":"Inicio - Arts in Health International Foundation","robots":{"index":"index","follow":"follow","max-snippet":"max-snippet:-1","max-image-preview":"max-image-preview:large","max-video-preview":"max-video-preview:-1"},"canonical":"https:\/\/artsinhealthfoundation.org\/ext\/inicio\/","og_locale":"en_US","og_type":"article","og_title":"Inicio - Arts in Health International Foundation","og_description":"\u2018Pandemia, y ara qu\u00e9? RETOS en saluD mental Y respUEstAs desde lAs artEs\u2019 Museu Nacional d\u2019Art de Catalunya (MNAC) 2\/12\/2021 &hellip;","og_url":"https:\/\/artsinhealthfoundation.org\/ext\/inicio\/","og_site_name":"Arts in Health International Foundation","og_image":[{"url":"http:\/\/artsinhealthfoundation.org\/web\/wp-content\/uploads\/2021\/10\/TALKS-transp-300x79.png","type":"","width":"","height":""}],"twitter_card":"summary_large_image","twitter_misc":{"Est. reading time":"2 minutes"},"schema":{"@context":"https:\/\/schema.org","@graph":[{"@type":"WebPage","@id":"https:\/\/artsinhealthfoundation.org\/ext\/inicio\/","url":"https:\/\/artsinhealthfoundation.org\/ext\/inicio\/","name":"Inicio - Arts in Health International Foundation","isPartOf":{"@id":"https:\/\/artsinhealthfoundation.org\/ext\/#website"},"primaryImageOfPage":{"@id":"https:\/\/artsinhealthfoundation.org\/ext\/inicio\/#primaryimage"},"image":{"@id":"https:\/\/artsinhealthfoundation.org\/ext\/inicio\/#primaryimage"},"thumbnailUrl":"http:\/\/artsinhealthfoundation.org\/web\/wp-content\/uploads\/2021\/10\/TALKS-transp-300x79.png","datePublished":"2018-09-15T09:12:25+00:00","breadcrumb":{"@id":"https:\/\/artsinhealthfoundation.org\/ext\/inicio\/#breadcrumb"},"inLanguage":"en-US","potentialAction":[{"@type":"ReadAction","target":["https:\/\/artsinhealthfoundation.org\/ext\/inicio\/"]}]},{"@type":"ImageObject","inLanguage":"en-US","@id":"https:\/\/artsinhealthfoundation.org\/ext\/inicio\/#primaryimage","url":"http:\/\/artsinhealthfoundation.org\/web\/wp-content\/uploads\/2021\/10\/TALKS-transp-300x79.png","contentUrl":"http:\/\/artsinhealthfoundation.org\/web\/wp-content\/uploads\/2021\/10\/TALKS-transp-300x79.png"},{"@type":"BreadcrumbList","@id":"https:\/\/artsinhealthfoundation.org\/ext\/inicio\/#breadcrumb","itemListElement":[{"@type":"ListItem","position":1,"name":"Home","item":"https:\/\/artsinhealthfoundation.org\/ext\/"},{"@type":"ListItem","position":2,"name":"Inicio"}]},{"@type":"WebSite","@id":"https:\/\/artsinhealthfoundation.org\/ext\/#website","url":"https:\/\/artsinhealthfoundation.org\/ext\/","name":"Arts in Health International Foundation","description":"Arts in Health International Foundation","potentialAction":[{"@type":"SearchAction","target":{"@type":"EntryPoint","urlTemplate":"https:\/\/artsinhealthfoundation.org\/ext\/?s={search_term_string}"},"query-input":{"@type":"PropertyValueSpecification","valueRequired":true,"valueName":"search_term_string"}}],"inLanguage":"en-US"}]}},"jetpack_sharing_enabled":true,"_links":{"self":[{"href":"https:\/\/artsinhealthfoundation.org\/ext\/wp-json\/wp\/v2\/pages\/346","targetHints":{"allow":["GET"]}}],"collection":[{"href":"https:\/\/artsinhealthfoundation.org\/ext\/wp-json\/wp\/v2\/pages"}],"about":[{"href":"https:\/\/artsinhealthfoundation.org\/ext\/wp-json\/wp\/v2\/types\/page"}],"author":[{"embeddable":true,"href":"https:\/\/artsinhealthfoundation.org\/ext\/wp-json\/wp\/v2\/users\/1"}],"replies":[{"embeddable":true,"href":"https:\/\/artsinhealthfoundation.org\/ext\/wp-json\/wp\/v2\/comments?post=346"}],"version-history":[{"count":0,"href":"https:\/\/artsinhealthfoundation.org\/ext\/wp-json\/wp\/v2\/pages\/346\/revisions"}],"wp:attachment":[{"href":"https:\/\/artsinhealthfoundation.org\/ext\/wp-json\/wp\/v2\/media?parent=346"}],"curies":[{"name":"wp","href":"https:\/\/api.w.org\/{rel}","templated":true}]}}