{"id":442,"date":"2019-09-16T13:15:18","date_gmt":"2019-09-16T11:15:18","guid":{"rendered":"http:\/\/artsinhealthfoundation.org\/web\/?page_id=442"},"modified":"2019-09-16T13:15:18","modified_gmt":"2019-09-16T11:15:18","slug":"novetats","status":"publish","type":"page","link":"https:\/\/artsinhealthfoundation.org\/ext\/novetats\/","title":{"rendered":"Novetats"},"content":{"rendered":"<p><span style=\"color: #000080;\"><strong>&gt; Premis #ArtsAgainsCOVID<\/strong><\/span><\/p>\n<p><a href=\"http:\/\/www.artsagainstcovid.org\/\"><img data-recalc-dims=\"1\" loading=\"lazy\" decoding=\"async\" class=\"alignnone size-medium wp-image-651\" src=\"https:\/\/i0.wp.com\/artsinhealthfoundation.org\/web\/wp-content\/uploads\/2020\/12\/LogoAAC-300x75.png?resize=300%2C75\" alt=\"\" width=\"300\" height=\"75\" \/><\/a><\/p>\n<p><strong>La crisi mundial de la COVID-19<\/strong> ha posat de manifest la necessitat de comptar amb <strong>eines que ens permetin de reduir l\u2019impacte ocasionat<\/strong> per aquesta pand\u00e8mia i millorin de forma efectiva la salut i el benestar col\u00b7lectius durant i despr\u00e9s d\u2019aquesta crisi sanit\u00e0ria, econ\u00f2mica i social.<\/p>\n<p>La Fundaci\u00f3 Arts in Health International Foundation (AiHIF), d\u2019acord amb la seva missi\u00f3 de \u201cfomentar la cooperaci\u00f3 entre els sectors cultural, social i sanitari per tal de millorar de forma efectiva la salut i el benestar de la societat\u201d, i amb la voluntat de posar en valor el potencial de les arts en la millora de la salut de les persones i les societats, <strong>convoca els Premis #ArtsAgainstCOVID<\/strong><\/p>\n<p><span class=\"theme-text-font-heading1\"><strong>Els premis tenen l\u2019objectiu de recon\u00e8ixer p\u00fablicament aquelles iniciatives que explorin els efectes positius de les arts per a la salut i que sorgeixin com a resposta a les afectacions en la salut individual i col\u00b7lectiva ocasionades per la COVID-19 i l\u2019actual context de pand\u00e8mia&#8221;<\/strong><\/span><\/p>\n<div><strong>Termini<\/strong>:\u00a0El termini per presentar candidatures (exclusivament de forma telem\u00e0tica)\u00a0finalitza el 21 de febrer de 2021<\/div>\n<div>\n<div id=\"id1411894277529\" class=\"design-element element-size-box has-rich-content user-selectable-element clickable-element has-rich-content has-text is-section-child\" data-element-id=\"1411894277529\">\n<div class=\"element-main-box design-element-main-box has-rich-content user-selectable-element clickable-element has-rich-content has-text\" data-element-id=\"1411894277529\">\n<div class=\"element-border-box element-border-target element-padding-box design-element-border-box has-rich-content user-selectable-element clickable-element has-rich-content has-text\" data-element-id=\"1411894277529\">\n<div class=\"element-content-box design-element-content-box has-rich-content user-selectable-element clickable-element has-rich-content has-text\" data-element-id=\"1411894277529\">\n<div class=\"content-container content-container-type element-size-box element-size-target has-rich-content user-selectable-element clickable-element has-rich-content has-text\" data-element-id=\"1411894277529\">\n<div class=\"rich-text-element-content absolute-fill element-content dir-ltr\">\n<div class=\"rich-text-positioning-wrapper vertical-alignment-top\">\n<div class=\"rich-text-content common-rich-content-style has-content\">\n<div><strong>Dotaci\u00f3<\/strong>:\u00a0Els Premis consisteixen en un \u00fanic guard\u00f3 amb una dotaci\u00f3 econ\u00f2mica\u00a0\u00a0per a aquesta edici\u00f3 de 5.000 euros<\/div>\n<div>\n<div id=\"id1411894530883\" class=\"design-element element-size-box has-rich-content user-selectable-element clickable-element has-rich-content has-text is-section-child\" data-element-id=\"1411894530883\">\n<div class=\"element-main-box design-element-main-box has-rich-content user-selectable-element clickable-element has-rich-content has-text\" data-element-id=\"1411894530883\">\n<div class=\"element-border-box element-border-target element-padding-box design-element-border-box has-rich-content user-selectable-element clickable-element has-rich-content has-text\" data-element-id=\"1411894530883\">\n<div class=\"element-content-box design-element-content-box has-rich-content user-selectable-element clickable-element has-rich-content has-text\" data-element-id=\"1411894530883\">\n<div class=\"content-container content-container-type element-size-box element-size-target has-rich-content user-selectable-element clickable-element has-rich-content has-text\" data-element-id=\"1411894530883\">\n<div class=\"rich-text-element-content absolute-fill element-content dir-ltr\">\n<div class=\"rich-text-positioning-wrapper vertical-alignment-top\">\n<div class=\"rich-text-content common-rich-content-style has-content\">\n<div><strong>Destinataris<\/strong>:\u00a0Persones f\u00edsiques o jur\u00eddiques amb projectes art\u00edstics que tinguin per objectiu la millora i la salut del benestar<\/div>\n<div><\/div>\n<\/div>\n<\/div>\n<\/div>\n<\/div>\n<\/div>\n<\/div>\n<\/div>\n<\/div>\n<\/div>\n<\/div>\n<\/div>\n<\/div>\n<\/div>\n<\/div>\n<\/div>\n<\/div>\n<\/div>\n<\/div>\n<p><a href=\"http:\/\/artsagainstcovid.org\/\" target=\"_blank\" rel=\"noopener\">P\u00e0gina des premis: www.artsagainstcovid.org\u00a0<\/a><\/p>\n<hr \/>\n<h3><\/h3>\n<p><span style=\"color: #000080;\"><strong>&gt; RecuperART-19: Museus i centres d&#8217;art per millorar l&#8217;estat emocional dels professionals sanitaris despr\u00e9s de la COVID-19<\/strong><\/span><\/p>\n<p><img data-recalc-dims=\"1\" loading=\"lazy\" decoding=\"async\" class=\" wp-image-581 alignleft\" src=\"https:\/\/i0.wp.com\/artsinhealthfoundation.org\/web\/wp-content\/uploads\/2020\/06\/Recuperart-19_MNAC-web-300x200.jpg?resize=421%2C281\" alt=\"\" width=\"421\" height=\"281\" \/><\/p>\n<p>Les conseq\u00fc\u00e8ncies d&#8217;una <strong>crisi sanit\u00e0ria sense precedents generada per la COVID-19<\/strong> tenen m\u00faltiples col\u00b7lectius afectats. Efectes que, evidentment, tamb\u00e9 han deixat empremta en els <strong>professionals sanitaris<\/strong>, la salut emocional dels quals ha quedat afectada, en menor o major grau, i amb seq\u00fceles dif\u00edcils de preveure si no s\u2019actua efectivament.<\/p>\n<p>L&#8217;Institut Catal\u00e0 de la Salut (ICS), amb la col\u00b7laboraci\u00f3 del Departament de Cultura,<strong> proposa al col\u00b7lectiu sanitari una proposta basada en l\u2019\u00fas dels museus com a entorns de reflexi\u00f3 i millora el benestar emocional<\/strong>.<\/p>\n<p>Es tracta d\u2019una iniciativa, <strong>pionera a nivell internacional<\/strong>, plantejada tenint en compte les caracter\u00edstiques particulars del col\u00b7lectiu sanitari pel que fa a l\u2019autopercepci\u00f3 de salut i necessitat d\u2019autocura.\u00a0 La participaci\u00f3 a <strong>Recuperart-19<\/strong> ser\u00e0 completament <strong>an\u00f2nima, gratuita i de f\u00e0cil acc\u00e9s<\/strong> ja que des de l\u2019inici del programa hi participen museus de tot Catalunya. En aquest sentit, en un primer desplegament hi participen <strong>16 museus<\/strong>\u00a0i est\u00e0 previst que aquest nombre de centres s\u2019incrementi un cop avaluada la primera fase.<\/p>\n<p>El programa est\u00e0 concebut per <strong>realitzar-se de forma individual i aut\u00f2noma<\/strong> i se centra en la prevenci\u00f3 i gesti\u00f3 de possibles quadres d\u2019<strong>ansietat, depressi\u00f3<\/strong> o fins i tot <strong>lleus manifestacions d&#8217;estr\u00e8s posttraum\u00e0tic associats a la seva activitat professional<\/strong> durant la crisi del nou coronavirus.<\/p>\n<p>Per participar-hi nom\u00e9s caldr\u00e0 que els professionals sanitaris s\u2019acreditin mostrant la seva identificaci\u00f3 professional a qualsevol dels museus participants, que els hi oferiran l\u2019entrada gratuita. Tot seguit se\u2019ls hi proporcionar\u00e0 <strong>un quadern especialment elaborat per l\u2019activitat<\/strong> i una fitxa amb una relaci\u00f3 d\u2019obres del museu sobre les quals pivotar\u00e0 la intervenci\u00f3. Aquesta llibreta ser\u00e0 la guia per seguir l\u2019activitat, que ser\u00e0 autoguiada, i detalla instruccions i pautes per al participant. La <strong>proposta d\u2019activitats<\/strong> se centra en exercicis d\u2019atenci\u00f3 plena, concentraci\u00f3, focalitzaci\u00f3, associaci\u00f3 cognitiva, creativitat, escriptura, dibuix i reflexi\u00f3.<\/p>\n<p><img data-recalc-dims=\"1\" loading=\"lazy\" decoding=\"async\" class=\"alignright wp-image-604 size-medium\" src=\"https:\/\/i0.wp.com\/artsinhealthfoundation.org\/web\/wp-content\/uploads\/2020\/06\/quadrern_recuperart19-web2-1-300x209.jpg?resize=300%2C209\" alt=\"\" width=\"300\" height=\"209\" \/><\/p>\n<p><img data-recalc-dims=\"1\" loading=\"lazy\" decoding=\"async\" class=\"alignnone size-medium wp-image-598\" src=\"https:\/\/i0.wp.com\/artsinhealthfoundation.org\/web\/wp-content\/uploads\/2020\/06\/quadrern_recuperart19-LOW-2.jpg?resize=1%2C1\" alt=\"\" width=\"1\" height=\"1\" \/>Des del punt de vista cl\u00ednic ha estat dissenyat pel <strong><a href=\"https:\/\/www.vallhebron.com\/ca\/grups-de-recerca\/psiquiatria-salut-mental-i-addiccions\">Servei i Grup de recerca de psiquiatria, salut mental i addiccions<\/a> del Campus <a href=\"https:\/\/www.vallhebron.com\/\">Vall d\u2019Hebron<\/a><\/strong>, encap\u00e7alat pel Dr. Josep Antoni Ramos-Quiroga, un dels dos directors del programa juntament amb Guillem d\u2019Efak Fullana Ferr\u00e9, coordinador de l\u2019<a href=\"http:\/\/ics.gencat.cat\/ca\/actualitat\/arts-en-salut\/\">Estrat\u00e8gia d\u2019Arts en Salut de l\u2019ICS<\/a>. Ramos-Quiroga ha subratllat que \u201cEntenem el museu com un espai terap\u00e8utic, comunitari i integrador, i aquesta activitat busca activar recursos personals per afavorir efectes positius en l&#8217;estat an\u00edmic\u201d. En el cas de Recuperat-19 per\u00f2, els destinataris de la intervenci\u00f3 seran els propisprofessionals sanitaris, un dels elements innovadors del projecte i que el situa a l\u2019avantguarda de la disciplina internacionalment coneguda com <em>Arts in Health<\/em>. De fet, un objectiu secundari del projecte \u00e9s avaluar integralment els resultats de la intervenci\u00f3 \u201cper tal d\u2019ampliar la base d\u2019evid\u00e8ncia de les estrat\u00e8gies Arts en Salut\u201d.<\/p>\n<p><strong>El programa compta amb el suport econ\u00f2mic i material de la Fundaci\u00f3 Arts in Health International Foundation.<\/strong><\/p>\n<p><a href=\"http:\/\/www.recuperart-19.org\" target=\"blank\" rel=\"noopener\">P\u00e0gina del projecte: www.recuperart-19.org <\/a>(Institut Catal\u00e0 de la Salut)<\/p>\n<hr \/>\n<h3><span style=\"color: #000080;\"><strong>Activitats anteriors<\/strong><\/span><\/h3>\n<p><span style=\"color: #000080;\"><strong>&gt; Curs Introducci\u00f3 a l\u2019Arts in Health (1era Edici\u00f3)<\/strong><\/span><\/p>\n<p><img data-recalc-dims=\"1\" loading=\"lazy\" decoding=\"async\" class=\"alignleft wp-image-563\" src=\"https:\/\/i0.wp.com\/artsinhealthfoundation.org\/web\/wp-content\/uploads\/2020\/05\/artsinhealthfoundation_mnac-300x267.jpg?resize=422%2C376\" alt=\"arts in health foundation mnac\" width=\"422\" height=\"376\" \/><\/p>\n<p>La IAiHF i el Museu Nacional d\u2019Art\u00a0de Catalunya (MNAC) van organitzar la tardor de 2018 el &#8220;Curs d\u2019Introducci\u00f3 a I&#8217;Arts in Health. Creaci\u00f3 i gesti\u00f3 de programes en salut mental: trastorns d&#8217;ansietat i depressi\u00f3&#8221;.<\/p>\n<p>El curs es dirigia a professionals de museus i del sector sanitari tenia com a objectiu con\u00e8ixer les aportacions que les arts poden tenir al camp de la salut.<\/p>\n<p>Repartit en cinc sessions setmanals de quatre hores de durada va comptar amb la pres\u00e8ncia de destacats experts internacionals en arts in health, t\u00e8cnics i responsables del sistema nacional de salut de Catalunya, metges i professionals sanitaris, associacions de pacients i familiars de l&#8217;\u00e0mbit de la salut mental, professionals de museus i altres gestors culturals.<\/p>\n<p>El curs va comptar amb l\u2019assist\u00e8ncia de 50 persones i les sessions alternaven presentacions conceptuals, amb l\u2019exposici\u00f3 d\u2019experi\u00e8ncies internacionals d\u2019intervencions art\u00edstiques en l\u2019\u00e0mbit de la salut, testimonis de pacients que han participat en algun programa relacionat o tallers pr\u00e0ctics relacionats amb algun dels conceptes exposats.<\/p>\n<p>El programa va comptar amb la col\u00b7laboraci\u00f3 de l\u2019Institut Catal\u00e0 de la Salut i el suport de L\u00fcndbeck.<\/p>\n<p><a href=\"https:\/\/www.museunacional.cat\/sites\/default\/files\/ainh.pdf\">Programa del curs<\/a><\/p>\n<hr \/>\n<p><span style=\"color: #000080;\"><strong>&gt; Projecte MNAC &#8211; Hospital Universitari Vall d\u2019Hebron<\/strong> <\/span><\/p>\n<figure id=\"attachment_573\" aria-describedby=\"caption-attachment-573\" style=\"width: 402px\" class=\"wp-caption alignleft\"><img data-recalc-dims=\"1\" loading=\"lazy\" decoding=\"async\" class=\"wp-image-573\" src=\"https:\/\/i0.wp.com\/artsinhealthfoundation.org\/web\/wp-content\/uploads\/2020\/05\/mnac_salut_ok-300x168.jpg?resize=402%2C225\" alt=\"arts in health foundation arts en salut\" width=\"402\" height=\"225\" \/><figcaption id=\"caption-attachment-573\" class=\"wp-caption-text\">MNAC Director (Pepe Serra) with Catalan Health (Alba Verg\u00e9s) and Culture (Laura Borr\u00e0s) ministers with Drs. Mart\u00ednez-Ib\u00e1\u00f1ez and Josep Antoni Ramos-Quiroga presenting the Alliance<\/figcaption><\/figure>\n<p>Arrel de la realitzaci\u00f3 del curs d\u2019Introducci\u00f3 a l\u2019Arts in Health organitzat per l\u2019IAiHF el Museu Nacional d\u2019Art de Catalunya va subscriure amb l\u2019Hospital de la Vall d\u2019Hebron un conveni per portar a terme diferents accions destinades a explorar les potencialitats de l\u2019art com a eina perqu\u00e8 pacients i familiars gaudeixin dels seus beneficis terap\u00e8utics i emocionals.<\/p>\n<p>Totes dues institucions treballen conjuntament des de fa m\u00e9s d\u2019un any per tal de difondre el patrimoni cultural, fer m\u00e9s humana i agradable l\u2019estada a Vall d\u2019Hebron i procurar que els usuaris de l\u2019hospital aconsegueixin beneficis terap\u00e8utics a trav\u00e9s dels valors i benestar que pot aportar l\u2019art.<\/p>\n<p>Aquest conveni de col\u00b7laboraci\u00f3 comen\u00e7ar\u00e0 amb un projecte destinat a estudiar noves ter\u00e0pies d\u2019art en salut en l\u2019\u00e0mbit de la psicologia. La iniciativa arrencar\u00e0 amb dones que presenten un trastorn per estr\u00e8s posttraum\u00e0tic, d\u2019origen cultural divers (immigrants o refugiades) i que pateixen situacions de vulnerabilitat social. El tractament psicol\u00f2gic combinar\u00e0 noves estrat\u00e8gies did\u00e0ctiques del Museu Nacional i els principis d\u2019intervenci\u00f3 terap\u00e8utica pel suport emocional a situacions de fragilitat de la dona establertes per l\u2019equip del Dr. Josep Antoni Ramos-Quiroga, Cap del Servei de Psiquiatria de Vall d\u2019Hebron.<\/p>\n<p><a href=\"https:\/\/www.vallhebron.com\/ca\/noticies\/vall-dhebron-i-el-museu-nacional-suneixen-impulsar-nous-tractaments-traves-de-lart-mnac\" target=\"blank\" rel=\"noopener\">M\u00e9s informaci\u00f3<\/a><\/p>\n","protected":false},"excerpt":{"rendered":"<p>&gt; Premis #ArtsAgainsCOVID La crisi mundial de la COVID-19 ha posat de manifest la necessitat de comptar amb eines que &hellip; <\/p>\n","protected":false},"author":2,"featured_media":559,"parent":0,"menu_order":4,"comment_status":"closed","ping_status":"closed","template":"","meta":{"nf_dc_page":"","om_disable_all_campaigns":false,"footnotes":""},"class_list":["post-442","page","type-page","status-publish","has-post-thumbnail","hentry"],"yoast_head":"<!-- This site is optimized with the Yoast SEO plugin v27.5 - https:\/\/yoast.com\/product\/yoast-seo-wordpress\/ -->\n<title>Novetats - Arts in Health International Foundation<\/title>\n<meta name=\"robots\" content=\"index, follow, max-snippet:-1, max-image-preview:large, max-video-preview:-1\" \/>\n<link rel=\"canonical\" href=\"https:\/\/artsinhealthfoundation.org\/ext\/novetats\/\" \/>\n<meta property=\"og:locale\" content=\"en_US\" \/>\n<meta property=\"og:type\" content=\"article\" \/>\n<meta property=\"og:title\" content=\"Novetats - Arts in Health International Foundation\" \/>\n<meta property=\"og:description\" content=\"&gt; Premis #ArtsAgainsCOVID La crisi mundial de la COVID-19 ha posat de manifest la necessitat de comptar amb eines que &hellip;\" \/>\n<meta property=\"og:url\" content=\"https:\/\/artsinhealthfoundation.org\/ext\/novetats\/\" \/>\n<meta property=\"og:site_name\" content=\"Arts in Health International Foundation\" \/>\n<meta name=\"twitter:card\" content=\"summary_large_image\" \/>\n<meta name=\"twitter:label1\" content=\"Est. reading time\" \/>\n\t<meta name=\"twitter:data1\" content=\"6 minutes\" \/>\n<script type=\"application\/ld+json\" class=\"yoast-schema-graph\">{\"@context\":\"https:\\\/\\\/schema.org\",\"@graph\":[{\"@type\":\"WebPage\",\"@id\":\"https:\\\/\\\/artsinhealthfoundation.org\\\/ext\\\/novetats\\\/\",\"url\":\"https:\\\/\\\/artsinhealthfoundation.org\\\/ext\\\/novetats\\\/\",\"name\":\"Novetats - Arts in Health International Foundation\",\"isPartOf\":{\"@id\":\"https:\\\/\\\/artsinhealthfoundation.org\\\/ext\\\/#website\"},\"primaryImageOfPage\":{\"@id\":\"https:\\\/\\\/artsinhealthfoundation.org\\\/ext\\\/novetats\\\/#primaryimage\"},\"image\":{\"@id\":\"https:\\\/\\\/artsinhealthfoundation.org\\\/ext\\\/novetats\\\/#primaryimage\"},\"thumbnailUrl\":\"\",\"datePublished\":\"2019-09-16T11:15:18+00:00\",\"breadcrumb\":{\"@id\":\"https:\\\/\\\/artsinhealthfoundation.org\\\/ext\\\/novetats\\\/#breadcrumb\"},\"inLanguage\":\"en-US\",\"potentialAction\":[{\"@type\":\"ReadAction\",\"target\":[\"https:\\\/\\\/artsinhealthfoundation.org\\\/ext\\\/novetats\\\/\"]}]},{\"@type\":\"ImageObject\",\"inLanguage\":\"en-US\",\"@id\":\"https:\\\/\\\/artsinhealthfoundation.org\\\/ext\\\/novetats\\\/#primaryimage\",\"url\":\"\",\"contentUrl\":\"\"},{\"@type\":\"BreadcrumbList\",\"@id\":\"https:\\\/\\\/artsinhealthfoundation.org\\\/ext\\\/novetats\\\/#breadcrumb\",\"itemListElement\":[{\"@type\":\"ListItem\",\"position\":1,\"name\":\"Home\",\"item\":\"https:\\\/\\\/artsinhealthfoundation.org\\\/ext\\\/\"},{\"@type\":\"ListItem\",\"position\":2,\"name\":\"Novetats\"}]},{\"@type\":\"WebSite\",\"@id\":\"https:\\\/\\\/artsinhealthfoundation.org\\\/ext\\\/#website\",\"url\":\"https:\\\/\\\/artsinhealthfoundation.org\\\/ext\\\/\",\"name\":\"Arts in Health International Foundation\",\"description\":\"Arts in Health International Foundation\",\"potentialAction\":[{\"@type\":\"SearchAction\",\"target\":{\"@type\":\"EntryPoint\",\"urlTemplate\":\"https:\\\/\\\/artsinhealthfoundation.org\\\/ext\\\/?s={search_term_string}\"},\"query-input\":{\"@type\":\"PropertyValueSpecification\",\"valueRequired\":true,\"valueName\":\"search_term_string\"}}],\"inLanguage\":\"en-US\"}]}<\/script>\n<!-- \/ Yoast SEO plugin. -->","yoast_head_json":{"title":"Novetats - Arts in Health International Foundation","robots":{"index":"index","follow":"follow","max-snippet":"max-snippet:-1","max-image-preview":"max-image-preview:large","max-video-preview":"max-video-preview:-1"},"canonical":"https:\/\/artsinhealthfoundation.org\/ext\/novetats\/","og_locale":"en_US","og_type":"article","og_title":"Novetats - Arts in Health International Foundation","og_description":"&gt; Premis #ArtsAgainsCOVID La crisi mundial de la COVID-19 ha posat de manifest la necessitat de comptar amb eines que &hellip;","og_url":"https:\/\/artsinhealthfoundation.org\/ext\/novetats\/","og_site_name":"Arts in Health International Foundation","twitter_card":"summary_large_image","twitter_misc":{"Est. reading time":"6 minutes"},"schema":{"@context":"https:\/\/schema.org","@graph":[{"@type":"WebPage","@id":"https:\/\/artsinhealthfoundation.org\/ext\/novetats\/","url":"https:\/\/artsinhealthfoundation.org\/ext\/novetats\/","name":"Novetats - Arts in Health International Foundation","isPartOf":{"@id":"https:\/\/artsinhealthfoundation.org\/ext\/#website"},"primaryImageOfPage":{"@id":"https:\/\/artsinhealthfoundation.org\/ext\/novetats\/#primaryimage"},"image":{"@id":"https:\/\/artsinhealthfoundation.org\/ext\/novetats\/#primaryimage"},"thumbnailUrl":"","datePublished":"2019-09-16T11:15:18+00:00","breadcrumb":{"@id":"https:\/\/artsinhealthfoundation.org\/ext\/novetats\/#breadcrumb"},"inLanguage":"en-US","potentialAction":[{"@type":"ReadAction","target":["https:\/\/artsinhealthfoundation.org\/ext\/novetats\/"]}]},{"@type":"ImageObject","inLanguage":"en-US","@id":"https:\/\/artsinhealthfoundation.org\/ext\/novetats\/#primaryimage","url":"","contentUrl":""},{"@type":"BreadcrumbList","@id":"https:\/\/artsinhealthfoundation.org\/ext\/novetats\/#breadcrumb","itemListElement":[{"@type":"ListItem","position":1,"name":"Home","item":"https:\/\/artsinhealthfoundation.org\/ext\/"},{"@type":"ListItem","position":2,"name":"Novetats"}]},{"@type":"WebSite","@id":"https:\/\/artsinhealthfoundation.org\/ext\/#website","url":"https:\/\/artsinhealthfoundation.org\/ext\/","name":"Arts in Health International Foundation","description":"Arts in Health International Foundation","potentialAction":[{"@type":"SearchAction","target":{"@type":"EntryPoint","urlTemplate":"https:\/\/artsinhealthfoundation.org\/ext\/?s={search_term_string}"},"query-input":{"@type":"PropertyValueSpecification","valueRequired":true,"valueName":"search_term_string"}}],"inLanguage":"en-US"}]}},"jetpack_sharing_enabled":true,"_links":{"self":[{"href":"https:\/\/artsinhealthfoundation.org\/ext\/wp-json\/wp\/v2\/pages\/442","targetHints":{"allow":["GET"]}}],"collection":[{"href":"https:\/\/artsinhealthfoundation.org\/ext\/wp-json\/wp\/v2\/pages"}],"about":[{"href":"https:\/\/artsinhealthfoundation.org\/ext\/wp-json\/wp\/v2\/types\/page"}],"author":[{"embeddable":true,"href":"https:\/\/artsinhealthfoundation.org\/ext\/wp-json\/wp\/v2\/users\/2"}],"replies":[{"embeddable":true,"href":"https:\/\/artsinhealthfoundation.org\/ext\/wp-json\/wp\/v2\/comments?post=442"}],"version-history":[{"count":0,"href":"https:\/\/artsinhealthfoundation.org\/ext\/wp-json\/wp\/v2\/pages\/442\/revisions"}],"wp:featuredmedia":[{"embeddable":true,"href":"https:\/\/artsinhealthfoundation.org\/ext\/wp-json\/"}],"wp:attachment":[{"href":"https:\/\/artsinhealthfoundation.org\/ext\/wp-json\/wp\/v2\/media?parent=442"}],"curies":[{"name":"wp","href":"https:\/\/api.w.org\/{rel}","templated":true}]}}