{"id":46,"date":"2018-09-15T11:12:25","date_gmt":"2018-09-15T09:12:25","guid":{"rendered":"http:\/\/artsinhealthfoundation.org\/web\/?page_id=46"},"modified":"2018-09-15T11:12:25","modified_gmt":"2018-09-15T09:12:25","slug":"inici","status":"publish","type":"page","link":"https:\/\/artsinhealthfoundation.org\/ext\/inici\/","title":{"rendered":"Inici"},"content":{"rendered":"<h2><img data-recalc-dims=\"1\" loading=\"lazy\" decoding=\"async\" class=\"wp-image-758 aligncenter\" src=\"https:\/\/i0.wp.com\/artsinhealthfoundation.org\/web\/wp-content\/uploads\/2021\/10\/TALKS-transp-300x79.png?resize=310%2C76\" alt=\"\" width=\"310\" height=\"76\" \/><\/h2>\n<h2>\u2018Pand\u00e8mia, i ara qu\u00e8? Reptes en salut mental i respostes des de les arts\u2019<\/h2>\n<div id=\"id1635490230013\" class=\"design-element element-size-box has-rich-content user-selectable-element clickable-element has-rich-content has-text is-section-child\" data-element-id=\"id1635490230013\">\n<div class=\"element-main-box design-element-main-box has-rich-content user-selectable-element clickable-element has-rich-content has-text\" data-element-id=\"id1635490230013\">\n<div class=\"element-border-box element-border-target element-padding-box design-element-border-box has-rich-content user-selectable-element clickable-element has-rich-content has-text\" data-element-id=\"id1635490230013\">\n<div class=\"element-content-box design-element-content-box has-rich-content user-selectable-element clickable-element has-rich-content has-text\" data-element-id=\"id1635490230013\">\n<div class=\"content-container content-container-type element-size-box element-size-target has-rich-content user-selectable-element clickable-element has-rich-content has-text\" data-element-id=\"id1635490230013\">\n<div class=\"rich-text-element-content absolute-fill element-content dir-ltr\">\n<div class=\"rich-text-positioning-wrapper vertical-alignment-center\">\n<div class=\"rich-text-content common-rich-content-style has-content\">\n<div>\n<h3 style=\"text-align: center;\">Museu Nacional d\u2019Art de Catalunya (MNAC)<\/h3>\n<h3 style=\"text-align: center;\">2\/12\/2021<\/h3>\n<\/div>\n<\/div>\n<\/div>\n<\/div>\n<\/div>\n<\/div>\n<\/div>\n<\/div>\n<\/div>\n<div id=\"id1635490676457\" class=\"design-element element-size-box has-rich-content user-selectable-element clickable-element has-rich-content has-text is-section-child\" data-element-id=\"id1635490676457\">\n<div class=\"element-main-box design-element-main-box has-rich-content user-selectable-element clickable-element has-rich-content has-text\" data-element-id=\"id1635490676457\">\n<div class=\"element-background-layer element-border-target design-element-background-layer has-rich-content user-selectable-element clickable-element has-rich-content has-text\" style=\"text-align: center;\" data-element-id=\"id1635490676457\"><a href=\"http:\/\/www.artsagainstcovid.org\/aac-talks\" target=\"_blank\" rel=\"noopener\">PROGRAMA<\/a> &#8211; <a href=\"https:\/\/8yeo9rd3zpd.typeform.com\/to\/fITJOdIx?typeform-source=www.artsagainstcovid.org\">INSCRIPCI\u00d3<\/a> (obligat\u00f2ria)<\/div>\n<\/div>\n<\/div>\n<hr \/>\n<p style=\"text-align: center;\"><strong>RECUPEREU L&#8217;ENTREGA DE PREMIS #ArtsAgainstCovid\u00a0<\/strong><\/p>\n<div class=\"jetpack-video-wrapper\"><iframe loading=\"lazy\" title=\"Arts Against Covid Awards Ceremony 2021\" width=\"750\" height=\"422\" src=\"https:\/\/www.youtube.com\/embed\/bSEH7g1t0YE?feature=oembed\" frameborder=\"0\" allow=\"accelerometer; autoplay; clipboard-write; encrypted-media; gyroscope; picture-in-picture\" allowfullscreen><\/iframe><\/div>\n<p>&nbsp;<\/p>\n<p><!--more--><a href=\"http:\/\/www.artsagainstcovid.org\/index.html\" target=\"_blank\" rel=\"noopener\"><img data-recalc-dims=\"1\" loading=\"lazy\" decoding=\"async\" class=\"alignnone size-medium wp-image-719\" src=\"https:\/\/i0.wp.com\/artsinhealthfoundation.org\/web\/wp-content\/uploads\/2021\/04\/LogoAAC-300x75.jpg?resize=300%2C75\" alt=\"\" width=\"300\" height=\"75\" \/>\u00a0<\/a><\/p>\n<p><strong>Consulteu els guanyadors a\u00a0<a href=\"http:\/\/www.artsagainstcovid.org\/\" target=\"_blank\" rel=\"noopener\">artsagainstcovid.org\u00a0<\/a><\/strong><\/p>\n<p><img data-recalc-dims=\"1\" loading=\"lazy\" decoding=\"async\" class=\"alignnone wp-image-739\" style=\"font-size: 1em;\" src=\"https:\/\/i0.wp.com\/artsinhealthfoundation.org\/web\/wp-content\/uploads\/2021\/04\/winner-acting-1-300x300.png?resize=92%2C93\" alt=\"\" width=\"92\" height=\"93\" \/>\u00a0\u00a0<img data-recalc-dims=\"1\" loading=\"lazy\" decoding=\"async\" class=\"alignnone wp-image-735\" src=\"https:\/\/i0.wp.com\/artsinhealthfoundation.org\/web\/wp-content\/uploads\/2021\/04\/mention_comfort-1-300x300.png?resize=93%2C93\" alt=\"\" width=\"93\" height=\"93\" \/>\u00a0\u00a0 <img data-recalc-dims=\"1\" loading=\"lazy\" decoding=\"async\" class=\"alignnone wp-image-736\" src=\"https:\/\/i0.wp.com\/artsinhealthfoundation.org\/web\/wp-content\/uploads\/2021\/04\/mention_duelo-1-300x300.png?resize=96%2C96\" alt=\"\" width=\"96\" height=\"96\" \/>\u00a0\u00a0 <img data-recalc-dims=\"1\" loading=\"lazy\" decoding=\"async\" class=\"alignnone wp-image-737\" src=\"https:\/\/i0.wp.com\/artsinhealthfoundation.org\/web\/wp-content\/uploads\/2021\/04\/mention_virus-1-300x300.png?resize=96%2C96\" alt=\"\" width=\"96\" height=\"96\" \/>\u00a0\u00a0 <img data-recalc-dims=\"1\" loading=\"lazy\" decoding=\"async\" class=\"alignnone wp-image-738\" src=\"https:\/\/i0.wp.com\/artsinhealthfoundation.org\/web\/wp-content\/uploads\/2021\/04\/mention-Benzo-1-300x300.png?resize=97%2C97\" alt=\"\" width=\"97\" height=\"97\" \/><\/p>\n<p>La crisi mundial de la COVID-19 ha posat de manifest la necessitat de comptar amb eines que ens permetin de reduir l\u2019impacte ocasionat per aquesta pand\u00e8mia i millorin de forma efectiva la salut i el benestar col\u00b7lectius durant i despr\u00e9s d\u2019aquesta crisi sanit\u00e0ria, econ\u00f2mica i social.<\/p>\n<p>La Fundaci\u00f3 Arts in Health International Foundation (AiHIF), d\u2019acord amb la seva missi\u00f3 de \u201cfomentar la cooperaci\u00f3 entre els sectors cultural, social i sanitari per tal de millorar de forma efectiva la salut i el benestar de la societat\u201d, i amb la voluntat de posar en valor el potencial de les arts en la millora de la salut de les persones i les societats, convoca els Premis #ArtsAgainstCovid.<\/p>\n<blockquote><p>Els premis tenen l\u2019objectiu de recon\u00e8ixer p\u00fablicament aquelles iniciatives que explorin els efectes positius de les arts per a la salut i que sorgeixin com a resposta a les afectacions en la salut individual i col\u00b7lectiva ocasionades per la COVID-19 i l\u2019actual context de pand\u00e8mia.<\/p><\/blockquote>\n<hr \/>\n<p>Tots intu\u00efm que la cultura t\u00e9 la incre\u00efble capacitat d\u2019impactar-nos, transformar-nos, fer-nos cr\u00e9ixer de manera individual o col\u00b7lectiva. Un llibre que ens impacta, una m\u00fasica que ens activa, un teatre que ens emociona i ens fa pensar, una exposici\u00f3 que ens remou per dins i ens produeix benestar. Per\u00f2 m\u00e9s enll\u00e0 d\u2019aquesta intuici\u00f3, <strong>podem anar m\u00e9s enll\u00e0?<\/strong><\/p>\n<p>Estem conven\u00e7uts que el m\u00f3n de la cultura ens ofereix multitud de potencialitats per afavorir una millor salut. I ara volem convertir aquestes potencialitats en actius de salut, actius de salut que, com a tals, poden oferir-nos resultats, tangibles, de salut. La introducci\u00f3 de les Arts en els processos de salut parteix de l\u2019assumpci\u00f3 que la salut dels ciutadans no dep\u00e8n, nom\u00e9s, dels diferents recursos assistencials i dels professionals que conformen el sistema sanitari.<\/p>\n<p>M\u00e9s enll\u00e0 de la xarxa de serveis de salut, la mobilitzaci\u00f3 d\u2019actius comunitaris vinculats a les arts, \u2013convenientment alineats amb l\u2019activitat assistencial\u2013, han demostrat que poden tenir un impacte positiu en el binomi salut\/malaltia tant a nivell individual com col\u00b7lectiu.<\/p>\n<p>I tot aix\u00f2, sota uns par\u00e0metres estrictes d\u2019efic\u00e0cia, efici\u00e8ncia i efectivitat cl\u00edniques que han de guiar qualsevol activitat assistencial en salut.<\/p>\n","protected":false},"excerpt":{"rendered":"<p>\u2018Pand\u00e8mia, i ara qu\u00e8? Reptes en salut mental i respostes des de les arts\u2019 Museu Nacional d\u2019Art de Catalunya (MNAC) &hellip; <\/p>\n","protected":false},"author":1,"featured_media":0,"parent":0,"menu_order":0,"comment_status":"closed","ping_status":"closed","template":"","meta":{"nf_dc_page":"","om_disable_all_campaigns":false,"footnotes":""},"class_list":["post-46","page","type-page","status-publish","hentry"],"yoast_head":"<!-- This site is optimized with the Yoast SEO plugin v27.5 - https:\/\/yoast.com\/product\/yoast-seo-wordpress\/ -->\n<title>Inici - Arts in Health International Foundation<\/title>\n<meta name=\"robots\" content=\"index, follow, max-snippet:-1, max-image-preview:large, max-video-preview:-1\" \/>\n<link rel=\"canonical\" href=\"https:\/\/artsinhealthfoundation.org\/ext\/inici\/\" \/>\n<meta property=\"og:locale\" content=\"en_US\" \/>\n<meta property=\"og:type\" content=\"article\" \/>\n<meta property=\"og:title\" content=\"Inici - Arts in Health International Foundation\" \/>\n<meta property=\"og:description\" content=\"\u2018Pand\u00e8mia, i ara qu\u00e8? Reptes en salut mental i respostes des de les arts\u2019 Museu Nacional d\u2019Art de Catalunya (MNAC) &hellip;\" \/>\n<meta property=\"og:url\" content=\"https:\/\/artsinhealthfoundation.org\/ext\/inici\/\" \/>\n<meta property=\"og:site_name\" content=\"Arts in Health International Foundation\" \/>\n<meta property=\"og:image\" content=\"http:\/\/artsinhealthfoundation.org\/web\/wp-content\/uploads\/2021\/10\/TALKS-transp-300x79.png\" \/>\n<meta name=\"twitter:card\" content=\"summary_large_image\" \/>\n<meta name=\"twitter:label1\" content=\"Est. reading time\" \/>\n\t<meta name=\"twitter:data1\" content=\"2 minutes\" \/>\n<script type=\"application\/ld+json\" class=\"yoast-schema-graph\">{\"@context\":\"https:\\\/\\\/schema.org\",\"@graph\":[{\"@type\":\"WebPage\",\"@id\":\"https:\\\/\\\/artsinhealthfoundation.org\\\/ext\\\/inici\\\/\",\"url\":\"https:\\\/\\\/artsinhealthfoundation.org\\\/ext\\\/inici\\\/\",\"name\":\"Inici - Arts in Health International Foundation\",\"isPartOf\":{\"@id\":\"https:\\\/\\\/artsinhealthfoundation.org\\\/ext\\\/#website\"},\"primaryImageOfPage\":{\"@id\":\"https:\\\/\\\/artsinhealthfoundation.org\\\/ext\\\/inici\\\/#primaryimage\"},\"image\":{\"@id\":\"https:\\\/\\\/artsinhealthfoundation.org\\\/ext\\\/inici\\\/#primaryimage\"},\"thumbnailUrl\":\"http:\\\/\\\/artsinhealthfoundation.org\\\/web\\\/wp-content\\\/uploads\\\/2021\\\/10\\\/TALKS-transp-300x79.png\",\"datePublished\":\"2018-09-15T09:12:25+00:00\",\"breadcrumb\":{\"@id\":\"https:\\\/\\\/artsinhealthfoundation.org\\\/ext\\\/inici\\\/#breadcrumb\"},\"inLanguage\":\"en-US\",\"potentialAction\":[{\"@type\":\"ReadAction\",\"target\":[\"https:\\\/\\\/artsinhealthfoundation.org\\\/ext\\\/inici\\\/\"]}]},{\"@type\":\"ImageObject\",\"inLanguage\":\"en-US\",\"@id\":\"https:\\\/\\\/artsinhealthfoundation.org\\\/ext\\\/inici\\\/#primaryimage\",\"url\":\"http:\\\/\\\/artsinhealthfoundation.org\\\/web\\\/wp-content\\\/uploads\\\/2021\\\/10\\\/TALKS-transp-300x79.png\",\"contentUrl\":\"http:\\\/\\\/artsinhealthfoundation.org\\\/web\\\/wp-content\\\/uploads\\\/2021\\\/10\\\/TALKS-transp-300x79.png\"},{\"@type\":\"BreadcrumbList\",\"@id\":\"https:\\\/\\\/artsinhealthfoundation.org\\\/ext\\\/inici\\\/#breadcrumb\",\"itemListElement\":[{\"@type\":\"ListItem\",\"position\":1,\"name\":\"Home\",\"item\":\"https:\\\/\\\/artsinhealthfoundation.org\\\/ext\\\/\"},{\"@type\":\"ListItem\",\"position\":2,\"name\":\"Inici\"}]},{\"@type\":\"WebSite\",\"@id\":\"https:\\\/\\\/artsinhealthfoundation.org\\\/ext\\\/#website\",\"url\":\"https:\\\/\\\/artsinhealthfoundation.org\\\/ext\\\/\",\"name\":\"Arts in Health International Foundation\",\"description\":\"Arts in Health International Foundation\",\"potentialAction\":[{\"@type\":\"SearchAction\",\"target\":{\"@type\":\"EntryPoint\",\"urlTemplate\":\"https:\\\/\\\/artsinhealthfoundation.org\\\/ext\\\/?s={search_term_string}\"},\"query-input\":{\"@type\":\"PropertyValueSpecification\",\"valueRequired\":true,\"valueName\":\"search_term_string\"}}],\"inLanguage\":\"en-US\"}]}<\/script>\n<!-- \/ Yoast SEO plugin. -->","yoast_head_json":{"title":"Inici - Arts in Health International Foundation","robots":{"index":"index","follow":"follow","max-snippet":"max-snippet:-1","max-image-preview":"max-image-preview:large","max-video-preview":"max-video-preview:-1"},"canonical":"https:\/\/artsinhealthfoundation.org\/ext\/inici\/","og_locale":"en_US","og_type":"article","og_title":"Inici - Arts in Health International Foundation","og_description":"\u2018Pand\u00e8mia, i ara qu\u00e8? Reptes en salut mental i respostes des de les arts\u2019 Museu Nacional d\u2019Art de Catalunya (MNAC) &hellip;","og_url":"https:\/\/artsinhealthfoundation.org\/ext\/inici\/","og_site_name":"Arts in Health International Foundation","og_image":[{"url":"http:\/\/artsinhealthfoundation.org\/web\/wp-content\/uploads\/2021\/10\/TALKS-transp-300x79.png","type":"","width":"","height":""}],"twitter_card":"summary_large_image","twitter_misc":{"Est. reading time":"2 minutes"},"schema":{"@context":"https:\/\/schema.org","@graph":[{"@type":"WebPage","@id":"https:\/\/artsinhealthfoundation.org\/ext\/inici\/","url":"https:\/\/artsinhealthfoundation.org\/ext\/inici\/","name":"Inici - Arts in Health International Foundation","isPartOf":{"@id":"https:\/\/artsinhealthfoundation.org\/ext\/#website"},"primaryImageOfPage":{"@id":"https:\/\/artsinhealthfoundation.org\/ext\/inici\/#primaryimage"},"image":{"@id":"https:\/\/artsinhealthfoundation.org\/ext\/inici\/#primaryimage"},"thumbnailUrl":"http:\/\/artsinhealthfoundation.org\/web\/wp-content\/uploads\/2021\/10\/TALKS-transp-300x79.png","datePublished":"2018-09-15T09:12:25+00:00","breadcrumb":{"@id":"https:\/\/artsinhealthfoundation.org\/ext\/inici\/#breadcrumb"},"inLanguage":"en-US","potentialAction":[{"@type":"ReadAction","target":["https:\/\/artsinhealthfoundation.org\/ext\/inici\/"]}]},{"@type":"ImageObject","inLanguage":"en-US","@id":"https:\/\/artsinhealthfoundation.org\/ext\/inici\/#primaryimage","url":"http:\/\/artsinhealthfoundation.org\/web\/wp-content\/uploads\/2021\/10\/TALKS-transp-300x79.png","contentUrl":"http:\/\/artsinhealthfoundation.org\/web\/wp-content\/uploads\/2021\/10\/TALKS-transp-300x79.png"},{"@type":"BreadcrumbList","@id":"https:\/\/artsinhealthfoundation.org\/ext\/inici\/#breadcrumb","itemListElement":[{"@type":"ListItem","position":1,"name":"Home","item":"https:\/\/artsinhealthfoundation.org\/ext\/"},{"@type":"ListItem","position":2,"name":"Inici"}]},{"@type":"WebSite","@id":"https:\/\/artsinhealthfoundation.org\/ext\/#website","url":"https:\/\/artsinhealthfoundation.org\/ext\/","name":"Arts in Health International Foundation","description":"Arts in Health International Foundation","potentialAction":[{"@type":"SearchAction","target":{"@type":"EntryPoint","urlTemplate":"https:\/\/artsinhealthfoundation.org\/ext\/?s={search_term_string}"},"query-input":{"@type":"PropertyValueSpecification","valueRequired":true,"valueName":"search_term_string"}}],"inLanguage":"en-US"}]}},"jetpack_sharing_enabled":true,"_links":{"self":[{"href":"https:\/\/artsinhealthfoundation.org\/ext\/wp-json\/wp\/v2\/pages\/46","targetHints":{"allow":["GET"]}}],"collection":[{"href":"https:\/\/artsinhealthfoundation.org\/ext\/wp-json\/wp\/v2\/pages"}],"about":[{"href":"https:\/\/artsinhealthfoundation.org\/ext\/wp-json\/wp\/v2\/types\/page"}],"author":[{"embeddable":true,"href":"https:\/\/artsinhealthfoundation.org\/ext\/wp-json\/wp\/v2\/users\/1"}],"replies":[{"embeddable":true,"href":"https:\/\/artsinhealthfoundation.org\/ext\/wp-json\/wp\/v2\/comments?post=46"}],"version-history":[{"count":0,"href":"https:\/\/artsinhealthfoundation.org\/ext\/wp-json\/wp\/v2\/pages\/46\/revisions"}],"wp:attachment":[{"href":"https:\/\/artsinhealthfoundation.org\/ext\/wp-json\/wp\/v2\/media?parent=46"}],"curies":[{"name":"wp","href":"https:\/\/api.w.org\/{rel}","templated":true}]}}