{"id":635,"date":"2018-09-15T11:11:49","date_gmt":"2018-09-15T09:11:49","guid":{"rendered":"http:\/\/artsinhealthfoundation.org\/web\/?page_id=635"},"modified":"2018-09-15T11:11:49","modified_gmt":"2018-09-15T09:11:49","slug":"quienes-somos","status":"publish","type":"page","link":"https:\/\/artsinhealthfoundation.org\/ext\/quienes-somos\/","title":{"rendered":"Qui\u00e9nes somos"},"content":{"rendered":"<p>La Fundaci\u00f3n Arts in Health International Foundation (AiHIF) se funda en Barcelona el a\u00f1o 2018 por parte de un reconocido grupo de profesionales de los \u00e1mbitos de la salud y la cultura interesados \u200b\u200ben poner en valor el potencial de las artes en la mejora de la salud de las personas y las sociedades.<\/p>\n<p>La AiHIF nace con una clara voluntad internacional, con el fin de convertirse en un punto de encuentro de las diferentes experiencias y aproximaciones de las Artes en la salud de todo el mundo; Con la ambici\u00f3n de convertirnos en uno de los principales referentes mundiales en el \u00e1mbito de la Artes in Health contribuyendo decisivamente en su expansi\u00f3n y consolidaci\u00f3n dentro de las pol\u00edticas de salud, bienestar y cultura.<\/p>\n<hr \/>\n<p style=\"text-align: center;\"><strong><span style=\"color: #000080;\">Valores de la Fundaci\u00f3n Arts in Health International Foundation\u00a0<\/span><\/strong><\/p>\n<blockquote><p>Interdisciplinariedad (salud, cultura, bienestar)<br \/>\nRigor, evidencia y calidad<br \/>\nVocaci\u00f3n internacional<br \/>\nAgente de cambio y Progreso social<\/p><\/blockquote>\n<hr \/>\n<p><strong><span style=\"color: #000080;\">Patronato de la Fundaci\u00f3o<\/span><\/strong><\/p>\n<p><span style=\"color: #000000;\"><span lang=\"CA\" style=\"margin: 0px; font-family: 'Times New Roman',serif;\">\u2013<span style=\"font: 7pt 'Times New Roman'; margin: 0px; font-size-adjust: none; font-stretch: normal;\">\u00a0\u00a0\u00a0\u00a0\u00a0\u00a0\u00a0\u00a0 <\/span><\/span><span lang=\"CA\"><span style=\"font-family: Calibri;\"><strong>David Elvira<\/strong>, Patr\u00f3n y Presidente de la Fundaci\u00f3n \u00a0<a href=\"https:\/\/www.linkedin.com\/in\/david-elvira-6722482b\/\" target=\"_blank\" rel=\"noopener\">bio<\/a><\/span><\/span><\/span><\/p>\n<p><span style=\"color: #000000;\"><span lang=\"CA\" style=\"margin: 0px; font-family: 'Times New Roman',serif;\">\u2013<span style=\"font: 7pt 'Times New Roman'; margin: 0px; font-size-adjust: none; font-stretch: normal;\">\u00a0\u00a0\u00a0\u00a0\u00a0\u00a0\u00a0\u00a0 <\/span><\/span><span lang=\"CA\"><span style=\"font-family: Calibri;\"><strong>Jordi Sellas<\/strong>,\u00a0Patr\u00f3n y Vice-Presidente de la Fundaci\u00f3n\u00a0\u00a0<a href=\"https:\/\/www.linkedin.com\/in\/jordisellas\/\" target=\"_blank\" rel=\"noopener\">bio<\/a><b><\/b><\/span><\/span><\/span><\/p>\n<p><span style=\"color: #000000;\"><span lang=\"CA\" style=\"margin: 0px; font-family: 'Times New Roman',serif;\">\u2013<span style=\"font: 7pt 'Times New Roman'; margin: 0px; font-size-adjust: none; font-stretch: normal;\">\u00a0\u00a0\u00a0\u00a0\u00a0\u00a0\u00a0\u00a0 <\/span><\/span><span lang=\"CA\"><span style=\"font-family: Calibri;\"><strong>Cristina Dom\u00e8nech<\/strong>, Patrona\u00a0 <a href=\"https:\/\/www.linkedin.com\/in\/cdomenechv\/\" target=\"_blank\" rel=\"noopener\">bio<\/a><\/span><\/span><\/span><\/p>\n<p><span style=\"color: #000000;\"><span lang=\"CA\" style=\"margin: 0px; font-family: 'Times New Roman',serif;\">\u2013<span style=\"font: 7pt 'Times New Roman'; margin: 0px; font-size-adjust: none; font-stretch: normal;\">\u00a0\u00a0\u00a0\u00a0\u00a0\u00a0\u00a0\u00a0 <\/span><\/span><span lang=\"CA\"><span style=\"font-family: Calibri;\"><strong>Toni Andreu<\/strong>, Patr\u00f3n\u00a0\u00a0<a href=\"https:\/\/www.linkedin.com\/in\/toni-andreu-80b198166\/\" target=\"_blank\" rel=\"noopener\">bio<\/a><\/span><\/span><\/span><\/p>\n<p><span style=\"color: #000000;\"><span lang=\"CA\" style=\"margin: 0px; font-family: 'Times New Roman',serif;\">\u2013<span style=\"font: 7pt 'Times New Roman'; margin: 0px; font-size-adjust: none; font-stretch: normal;\">\u00a0\u00a0\u00a0\u00a0\u00a0\u00a0\u00a0\u00a0 <\/span><\/span><span lang=\"CA\"><span style=\"font-family: Calibri;\"><strong>Cristina Nadal<\/strong>, Patrona\u00a0\u00a0<a href=\"https:\/\/www.linkedin.com\/in\/cristina-nadal-sanmartin-35848990\/?lipi=urn%3Ali%3Apage%3Ad_flagship3_search_srp_top%3B3Bk1ao%2BnR%2BKw6RHzgisvKA%3D%3D&amp;licu=urn%3Ali%3Acontrol%3Ad_flagship3_search_srp_top-search_srp_result&amp;lici=fR0fbaFITlKUPYn8Zaa%2FQg%3D%3D\" target=\"_blank\" rel=\"noopener\">bio<\/a><\/span><\/span><\/span><\/p>\n<p><span style=\"color: #000000;\"><span lang=\"CA\" style=\"margin: 0px; font-family: 'Times New Roman',serif;\">\u2013<span style=\"font: 7pt 'Times New Roman'; margin: 0px; font-size-adjust: none; font-stretch: normal;\">\u00a0\u00a0\u00a0\u00a0\u00a0\u00a0\u00a0\u00a0 <\/span><\/span><span lang=\"CA\"><span style=\"font-family: Calibri;\"><strong>Jordi Blanch<\/strong>, Patr\u00f3n\u00a0\u00a0<a href=\"https:\/\/www.linkedin.com\/in\/jordi-blanch-andreu-06341831\/\" target=\"_blank\" rel=\"noopener\">bio<\/a><\/span><\/span><\/span><\/p>\n<p><span style=\"color: #000000;\"><span lang=\"CA\" style=\"margin: 0px; font-family: 'Times New Roman',serif;\">\u2013<span style=\"font: 7pt 'Times New Roman'; margin: 0px; font-size-adjust: none; font-stretch: normal;\">\u00a0 \u00a0 \u00a0 \u00a0 <\/span><\/span><span lang=\"CA\"><span style=\"font-family: Calibri;\"><strong>\u00a0Pere Ardite<\/strong>, Patr\u00f3n\u00a0\u00a0<\/span><\/span><\/span><\/p>\n<p><span style=\"color: #000000;\"><span lang=\"CA\" style=\"margin: 0px; font-family: 'Times New Roman',serif;\">\u2013<span style=\"font: 7pt 'Times New Roman'; margin: 0px; font-size-adjust: none; font-stretch: normal;\">\u00a0\u00a0\u00a0\u00a0\u00a0\u00a0\u00a0\u00a0 <\/span><\/span><span lang=\"CA\"><span style=\"font-family: Calibri;\"><strong>Ferran Juli\u00e0<\/strong>, Patr\u00f3n y Secretario de la Fundaci\u00f3o\u00a0\u00a0<a href=\"https:\/\/www.linkedin.com\/in\/ferran-juli%C3%A0-moli-b247b940\/\" target=\"_blank\" rel=\"noopener\">bio<\/a><\/span><\/span><\/span><\/p>\n<p>&nbsp;<\/p>\n<p><strong><span style=\"color: #000080;\">Consejo Asesor<\/span><\/strong><\/p>\n<p><span style=\"color: #000000;\"><span lang=\"CA\" style=\"margin: 0px; font-family: 'Times New Roman',serif;\">\u2013<span style=\"font: 7pt 'Times New Roman'; margin: 0px; font-size-adjust: none; font-stretch: normal;\">\u00a0 \u00a0 \u00a0 \u00a0 <\/span><\/span><span lang=\"CA\"><span style=\"font-family: Calibri;\">\u00a0Lanfranco Li Cauli, Teatro alla Scala di Milano<\/span><\/span><\/span><\/p>\n<p><span style=\"color: #000000;\"><span lang=\"CA\" style=\"margin: 0px; font-family: 'Times New Roman',serif;\">\u2013<span style=\"font: 7pt 'Times New Roman'; margin: 0px; font-size-adjust: none; font-stretch: normal;\">\u00a0 \u00a0 \u00a0 \u00a0 <\/span><\/span><span lang=\"CA\"><span style=\"font-family: Calibri;\">\u00a0Ventura Barba, Advanced Music, (S\u00f3nar-S\u00f3nar+D)<\/span><\/span><\/span><\/p>\n","protected":false},"excerpt":{"rendered":"<p>La Fundaci\u00f3n Arts in Health International Foundation (AiHIF) se funda en Barcelona el a\u00f1o 2018 por parte de un reconocido &hellip; <\/p>\n","protected":false},"author":1,"featured_media":396,"parent":0,"menu_order":2,"comment_status":"closed","ping_status":"closed","template":"","meta":{"nf_dc_page":"","om_disable_all_campaigns":false,"footnotes":""},"class_list":["post-635","page","type-page","status-publish","has-post-thumbnail","hentry"],"yoast_head":"<!-- This site is optimized with the Yoast SEO plugin v27.5 - https:\/\/yoast.com\/product\/yoast-seo-wordpress\/ -->\n<title>Qui\u00e9nes somos - Arts in Health International Foundation<\/title>\n<meta name=\"robots\" content=\"index, follow, max-snippet:-1, max-image-preview:large, max-video-preview:-1\" \/>\n<link rel=\"canonical\" href=\"https:\/\/artsinhealthfoundation.org\/ext\/quienes-somos\/\" \/>\n<meta property=\"og:locale\" content=\"en_US\" \/>\n<meta property=\"og:type\" content=\"article\" \/>\n<meta property=\"og:title\" content=\"Qui\u00e9nes somos - Arts in Health International Foundation\" \/>\n<meta property=\"og:description\" content=\"La Fundaci\u00f3n Arts in Health International Foundation (AiHIF) se funda en Barcelona el a\u00f1o 2018 por parte de un reconocido &hellip;\" \/>\n<meta property=\"og:url\" content=\"https:\/\/artsinhealthfoundation.org\/ext\/quienes-somos\/\" \/>\n<meta property=\"og:site_name\" content=\"Arts in Health International Foundation\" \/>\n<meta name=\"twitter:card\" content=\"summary_large_image\" \/>\n<meta name=\"twitter:label1\" content=\"Est. reading time\" \/>\n\t<meta name=\"twitter:data1\" content=\"1 minute\" \/>\n<script type=\"application\/ld+json\" class=\"yoast-schema-graph\">{\"@context\":\"https:\\\/\\\/schema.org\",\"@graph\":[{\"@type\":\"WebPage\",\"@id\":\"https:\\\/\\\/artsinhealthfoundation.org\\\/ext\\\/quienes-somos\\\/\",\"url\":\"https:\\\/\\\/artsinhealthfoundation.org\\\/ext\\\/quienes-somos\\\/\",\"name\":\"Qui\u00e9nes somos - Arts in Health International Foundation\",\"isPartOf\":{\"@id\":\"https:\\\/\\\/artsinhealthfoundation.org\\\/ext\\\/#website\"},\"primaryImageOfPage\":{\"@id\":\"https:\\\/\\\/artsinhealthfoundation.org\\\/ext\\\/quienes-somos\\\/#primaryimage\"},\"image\":{\"@id\":\"https:\\\/\\\/artsinhealthfoundation.org\\\/ext\\\/quienes-somos\\\/#primaryimage\"},\"thumbnailUrl\":\"\",\"datePublished\":\"2018-09-15T09:11:49+00:00\",\"breadcrumb\":{\"@id\":\"https:\\\/\\\/artsinhealthfoundation.org\\\/ext\\\/quienes-somos\\\/#breadcrumb\"},\"inLanguage\":\"en-US\",\"potentialAction\":[{\"@type\":\"ReadAction\",\"target\":[\"https:\\\/\\\/artsinhealthfoundation.org\\\/ext\\\/quienes-somos\\\/\"]}]},{\"@type\":\"ImageObject\",\"inLanguage\":\"en-US\",\"@id\":\"https:\\\/\\\/artsinhealthfoundation.org\\\/ext\\\/quienes-somos\\\/#primaryimage\",\"url\":\"\",\"contentUrl\":\"\"},{\"@type\":\"BreadcrumbList\",\"@id\":\"https:\\\/\\\/artsinhealthfoundation.org\\\/ext\\\/quienes-somos\\\/#breadcrumb\",\"itemListElement\":[{\"@type\":\"ListItem\",\"position\":1,\"name\":\"Home\",\"item\":\"https:\\\/\\\/artsinhealthfoundation.org\\\/ext\\\/\"},{\"@type\":\"ListItem\",\"position\":2,\"name\":\"Qui\u00e9nes somos\"}]},{\"@type\":\"WebSite\",\"@id\":\"https:\\\/\\\/artsinhealthfoundation.org\\\/ext\\\/#website\",\"url\":\"https:\\\/\\\/artsinhealthfoundation.org\\\/ext\\\/\",\"name\":\"Arts in Health International Foundation\",\"description\":\"Arts in Health International Foundation\",\"potentialAction\":[{\"@type\":\"SearchAction\",\"target\":{\"@type\":\"EntryPoint\",\"urlTemplate\":\"https:\\\/\\\/artsinhealthfoundation.org\\\/ext\\\/?s={search_term_string}\"},\"query-input\":{\"@type\":\"PropertyValueSpecification\",\"valueRequired\":true,\"valueName\":\"search_term_string\"}}],\"inLanguage\":\"en-US\"}]}<\/script>\n<!-- \/ Yoast SEO plugin. -->","yoast_head_json":{"title":"Qui\u00e9nes somos - Arts in Health International Foundation","robots":{"index":"index","follow":"follow","max-snippet":"max-snippet:-1","max-image-preview":"max-image-preview:large","max-video-preview":"max-video-preview:-1"},"canonical":"https:\/\/artsinhealthfoundation.org\/ext\/quienes-somos\/","og_locale":"en_US","og_type":"article","og_title":"Qui\u00e9nes somos - Arts in Health International Foundation","og_description":"La Fundaci\u00f3n Arts in Health International Foundation (AiHIF) se funda en Barcelona el a\u00f1o 2018 por parte de un reconocido &hellip;","og_url":"https:\/\/artsinhealthfoundation.org\/ext\/quienes-somos\/","og_site_name":"Arts in Health International Foundation","twitter_card":"summary_large_image","twitter_misc":{"Est. reading time":"1 minute"},"schema":{"@context":"https:\/\/schema.org","@graph":[{"@type":"WebPage","@id":"https:\/\/artsinhealthfoundation.org\/ext\/quienes-somos\/","url":"https:\/\/artsinhealthfoundation.org\/ext\/quienes-somos\/","name":"Qui\u00e9nes somos - Arts in Health International Foundation","isPartOf":{"@id":"https:\/\/artsinhealthfoundation.org\/ext\/#website"},"primaryImageOfPage":{"@id":"https:\/\/artsinhealthfoundation.org\/ext\/quienes-somos\/#primaryimage"},"image":{"@id":"https:\/\/artsinhealthfoundation.org\/ext\/quienes-somos\/#primaryimage"},"thumbnailUrl":"","datePublished":"2018-09-15T09:11:49+00:00","breadcrumb":{"@id":"https:\/\/artsinhealthfoundation.org\/ext\/quienes-somos\/#breadcrumb"},"inLanguage":"en-US","potentialAction":[{"@type":"ReadAction","target":["https:\/\/artsinhealthfoundation.org\/ext\/quienes-somos\/"]}]},{"@type":"ImageObject","inLanguage":"en-US","@id":"https:\/\/artsinhealthfoundation.org\/ext\/quienes-somos\/#primaryimage","url":"","contentUrl":""},{"@type":"BreadcrumbList","@id":"https:\/\/artsinhealthfoundation.org\/ext\/quienes-somos\/#breadcrumb","itemListElement":[{"@type":"ListItem","position":1,"name":"Home","item":"https:\/\/artsinhealthfoundation.org\/ext\/"},{"@type":"ListItem","position":2,"name":"Qui\u00e9nes somos"}]},{"@type":"WebSite","@id":"https:\/\/artsinhealthfoundation.org\/ext\/#website","url":"https:\/\/artsinhealthfoundation.org\/ext\/","name":"Arts in Health International Foundation","description":"Arts in Health International Foundation","potentialAction":[{"@type":"SearchAction","target":{"@type":"EntryPoint","urlTemplate":"https:\/\/artsinhealthfoundation.org\/ext\/?s={search_term_string}"},"query-input":{"@type":"PropertyValueSpecification","valueRequired":true,"valueName":"search_term_string"}}],"inLanguage":"en-US"}]}},"jetpack_sharing_enabled":true,"_links":{"self":[{"href":"https:\/\/artsinhealthfoundation.org\/ext\/wp-json\/wp\/v2\/pages\/635","targetHints":{"allow":["GET"]}}],"collection":[{"href":"https:\/\/artsinhealthfoundation.org\/ext\/wp-json\/wp\/v2\/pages"}],"about":[{"href":"https:\/\/artsinhealthfoundation.org\/ext\/wp-json\/wp\/v2\/types\/page"}],"author":[{"embeddable":true,"href":"https:\/\/artsinhealthfoundation.org\/ext\/wp-json\/wp\/v2\/users\/1"}],"replies":[{"embeddable":true,"href":"https:\/\/artsinhealthfoundation.org\/ext\/wp-json\/wp\/v2\/comments?post=635"}],"version-history":[{"count":0,"href":"https:\/\/artsinhealthfoundation.org\/ext\/wp-json\/wp\/v2\/pages\/635\/revisions"}],"wp:featuredmedia":[{"embeddable":true,"href":"https:\/\/artsinhealthfoundation.org\/ext\/wp-json\/"}],"wp:attachment":[{"href":"https:\/\/artsinhealthfoundation.org\/ext\/wp-json\/wp\/v2\/media?parent=635"}],"curies":[{"name":"wp","href":"https:\/\/api.w.org\/{rel}","templated":true}]}}