{"id":46,"date":"2018-09-15T11:12:25","date_gmt":"2018-09-15T09:12:25","guid":{"rendered":"http:\/\/artsinhealthfoundation.org\/web\/?page_id=46"},"modified":"2025-10-16T07:57:15","modified_gmt":"2025-10-16T05:57:15","slug":"inici","status":"publish","type":"page","link":"https:\/\/artsinhealthfoundation.org\/web\/inici\/","title":{"rendered":"Inici"},"content":{"rendered":"\n<h3 class=\"wp-block-heading\"><figure><a href=\"https:\/\/youtu.be\/hVwAL6z1RKg?feature=shared\" target=\"_blank\" rel=\"noopener\"><img loading=\"lazy\" decoding=\"async\" class=\"alignleft wp-image-1158 size-medium\" style=\"color: #252f31; font-family: Lato; font-size: 16px; font-weight: 400; text-transform: none;\" src=\"http:\/\/artsinhealthfoundation.org\/web\/wp-content\/uploads\/2024\/04\/IMG-20240424-WA0008-1-300x300.jpg\" alt=\"\" width=\"300\" height=\"300\" srcset=\"https:\/\/artsinhealthfoundation.org\/web\/wp-content\/uploads\/2024\/04\/IMG-20240424-WA0008-1-300x300.jpg 300w, https:\/\/artsinhealthfoundation.org\/web\/wp-content\/uploads\/2024\/04\/IMG-20240424-WA0008-1-150x150.jpg 150w, https:\/\/artsinhealthfoundation.org\/web\/wp-content\/uploads\/2024\/04\/IMG-20240424-WA0008-1-768x768.jpg 768w, https:\/\/artsinhealthfoundation.org\/web\/wp-content\/uploads\/2024\/04\/IMG-20240424-WA0008-1-1024x1024.jpg 1024w, https:\/\/artsinhealthfoundation.org\/web\/wp-content\/uploads\/2024\/04\/IMG-20240424-WA0008-1.jpg 1080w\" sizes=\"auto, (max-width: 300px) 100vw, 300px\" \/><\/a><\/figure><\/h3>\n\n\n\n<h3 class=\"wp-block-heading subtitle\"><\/h3>\n\n\n\n<h4 class=\"wp-block-heading\"><b style=\"font-size: 1.2em;\">Segona trobada<\/b><b style=\"font-size: 1.2em;\">&nbsp;<\/b><b style=\"font-size: 1.2em;\"><i>Arts in Health Meet&amp;Link!<\/i><\/b><\/h4>\n\n\n\n<p><span style=\"font-weight: 400;\">La Fundaci\u00f3 <\/span><b>Arts in Health International Foundation<\/b>\u00a0<span style=\"font-weight: 400;\">continua amb la seva proposta de trobades Meet&amp;Link per crear xarxa professional i donar a con\u00e8ixer diferents projectes d&#8217;arts en salut del territori<\/span><\/p>\n\n\n\n<p><span style=\"font-weight: 400;\">En aquesta ocasi\u00f3 vam comptar amb la pres\u00e8ncia de professionals de l&#8217;Hospital Vall d&#8217;Hebron i el MNAC per explicar-nos la seva experi\u00e8ncia amb el projecte &#8220;Obrint portes&#8221; per&nbsp;millorar el benestar emocional i potenciar la socialitzaci\u00f3 d\u2019un grup de joves que han viscut un proc\u00e9s oncol\u00f2gic.<\/span><\/p>\n\n\n\n<p><strong>&#8211; Norma V\u00e9lez,<\/strong>&nbsp;cap de projectes d\u2019Arts en Salut del MNAC.<\/p>\n\n\n\n<p><strong>&#8211; Anna Sal\u00f3<\/strong>,&nbsp;psicoonc\u00f2loga infantil de l\u2019Hospital de la Vall d\u2019Hebron.<\/p>\n\n\n\n<p><strong>&#8211;<\/strong> L\u2019acte va comptar amb la pres\u00e8ncia de fam\u00edlies i infants participants en el projecte.<\/p>\n\n\n\n<ul class=\"wp-block-list\">\n<li>Acte celebrat Dijous 2 de maig del 2024&nbsp;a les 19h a La Lleialtat Santsenca (C\/ Olzinelles 31)<\/li>\n<\/ul>\n\n\n\n<p>&nbsp;<\/p>\n\n\n<div class=\"wp-block-image\">\n<figure class=\"alignleft\"><a href=\"https:\/\/www.youtube.com\/@artsinhealthfoundation\/playlists\" target=\"_blank\" rel=\"attachment noopener wp-att-1173\"><img loading=\"lazy\" decoding=\"async\" width=\"260\" height=\"170\" src=\"http:\/\/artsinhealthfoundation.org\/web\/wp-content\/uploads\/2024\/05\/Youtube-Meet-web.jpg\" alt=\"\" class=\"wp-image-1173\"\/><\/a><\/figure>\n<\/div>\n\n\n<p><\/p>\n\n\n\n<p>Recupera les sessions al <a href=\"https:\/\/www.youtube.com\/@artsinhealthfoundation\" target=\"_blank\" rel=\"noopener\">Canal de YouTube<\/a> de la Fundaci\u00f3:<\/p>\n\n\n\n<ul class=\"wp-block-list\">\n<li><a href=\"https:\/\/youtu.be\/-bXxDlCnaYo?feature=shared\" target=\"_blank\" rel=\"noopener\">Projecte &#8220;Obrint Portes&#8221; amb Norma V\u00e9lez i Anna Sal\u00f3 (1a Part)<\/a><\/li>\n\n\n\n<li><a href=\"https:\/\/youtu.be\/URpkwAP4hg4?feature=shared\" target=\"_blank\" rel=\"noopener\">Projecte &#8220;Obrint Portes&#8221;. Norma V\u00e9lez, Anna Sal\u00f3 i participants (2a Part)<\/a><\/li>\n<\/ul>\n\n\n\n<hr class=\"wp-block-separator has-alpha-channel-opacity\"\/>\n\n\n\n<h4 class=\"wp-block-heading\"><\/h4>\n\n\n\n<h4 class=\"wp-block-heading\"><figure><img loading=\"lazy\" decoding=\"async\" class=\"size-medium wp-image-1120 aligncenter\" src=\"http:\/\/artsinhealthfoundation.org\/web\/wp-content\/uploads\/2024\/04\/IMG-20240125-WA0000-300x144.jpg\" alt=\"\" width=\"300\" height=\"144\" srcset=\"https:\/\/artsinhealthfoundation.org\/web\/wp-content\/uploads\/2024\/04\/IMG-20240125-WA0000-300x144.jpg 300w, https:\/\/artsinhealthfoundation.org\/web\/wp-content\/uploads\/2024\/04\/IMG-20240125-WA0000-768x369.jpg 768w, https:\/\/artsinhealthfoundation.org\/web\/wp-content\/uploads\/2024\/04\/IMG-20240125-WA0000.jpg 955w\" sizes=\"auto, (max-width: 300px) 100vw, 300px\" \/><\/figure><b style=\"font-size: 1.2em;\"><\/b><b style=\"font-size: 1.2em;\">Neixen<\/b> <b style=\"font-size: 1.2em;\">les <\/b><b style=\"font-size: 1.2em;\"><i>Arts in Health Meet&amp;Link<\/i><\/b><b style=\"font-size: 1.2em;\">, un espai de coneixement i <\/b><b style=\"font-size: 1.2em;\"><i>networking<\/i><\/b><b style=\"font-size: 1.2em;\"> professional de les Arts en Salut<\/b><\/h4>\n\n\n\n<p><span style=\"font-weight: 400;\">La Fundaci\u00f3 <\/span><b>Arts in Health International Foundation<\/b>&nbsp;<span style=\"font-weight: 400;\">continua la seva tasca tractora de l&#8217;ecosistema de les Arts en Salut i<\/span> <span style=\"font-weight: 400;\">impulsa per primer cop a Catalunya les <\/span><b><i>Arts in Health Meet&amp;Link<\/i><\/b><b>, <\/b><span style=\"font-weight: 400;\">un<\/span> <span style=\"font-weight: 400;\">espai de trobada obert a totes aquelles persones que estiguin interessades en con\u00e8ixer de primera m\u00e0 les iniciatives d\u2019arts en salut que s\u2019estan duent a terme a casa nostra. Unes trobades per difondre i&nbsp;<b>donar a con\u00e8ixer els projectes m\u00e9s rellevants d\u2019arts en salut<\/b>&nbsp;que s\u2019estan duent a terme arreu del territori,&nbsp;<b>promoure el&nbsp;<\/b><b><i>networking<\/i><\/b>,&nbsp;<b>propiciar col\u00b7laboracions<\/b>&nbsp;entre els assistents i descobrir&nbsp;<b>nous reptes professionals<\/b>&nbsp;en el m\u00f3n de les Arts en Salut.&nbsp;<\/span><\/p>\n\n\n\n<h3 class=\"wp-block-heading subtitle\"><a href=\"https:\/\/mailchi.mp\/61ab4796218c\/meet-link\" target=\"_blank\" rel=\"noopener\">&gt; Enlla\u00e7 per inscripci\u00f3 &lt;<\/a><\/h3>\n\n\n\n<ul class=\"wp-block-list\">\n<li><span style=\"color: #000080;\"><strong>Dijous 22 de febrer<\/strong><\/span><span style=\"font-size: 1em;\"> a les 19h a La Lleialtat Santsenca (C\/ Olzinelles 31)<\/span><span style=\"font-size: 1em;\"> i comptar\u00e0 amb la participaci\u00f3 de dos experts de llarga traject\u00f2ria professional en els sectors cultural i sanitari:&nbsp;<\/span><\/li>\n<\/ul>\n\n\n\n<p><span style=\"font-size: 1em;\">&#8211; <b style=\"font-size: 1em;\">Roser Sanjuan,<\/b>&nbsp;responsable de programes p\u00fablics del Centre d\u2019Art La Panera de Lleida,<\/span><span style=\"font-size: 1em;\">&nbsp;que ens donar\u00e0 a con\u00e8ixer de primera m\u00e0 l&#8217;experi\u00e8ncia de projectes en el centre d&#8217;Art La Panera de Lleida, un espai que aposta per les arts com actiu de salut i benestar comunitari.<\/span><\/p>\n\n\n\n<p><span style=\"font-size: 1em;\">&#8211;&nbsp;<\/span><b style=\"font-size: 1em;\">Josep Maria Argimon<\/b><span style=\"font-size: 1em;\">, doctor en medicina i exconseller de Salut de la Generalitat de Catalunya, que ens parlar\u00e0 des de la seva gran expertesa i coneixement en diferents \u00e0mbits de la Salut d\u2019iniciatives innovadores del camp de les arts in health i les seves oportunitats. <\/span><\/p>\n\n\n\n<p><span style=\"font-size: 1em;\">&#8211;&nbsp;<\/span><span style=\"font-size: 1em;\">L\u2019acte comptar\u00e0 amb la intervenci\u00f3 del sempre inspirador xef catal\u00e0 <\/span><b style=\"font-size: 1em;\">Ra\u00fcl Balam Ruscalleda<\/b><span style=\"font-size: 1em;\">, reconegut amb dues estrelles Michelin, qui aportar\u00e0 una sorpresa de creativitat a la jornada.<\/span><\/p>\n\n\n\n<figure class=\"wp-block-image\"><img decoding=\"async\" src=\"http:\/\/artsinhealthfoundation.org\/web\/wp-content\/uploads\/2024\/02\/Arts_in_Healt-MeetLink-hor.jpeg\" alt=\"Arts in Health Meet&amp;Link\"\/><\/figure>\n\n\n\n<p><\/p>\n\n\n\n<hr class=\"wp-block-separator has-alpha-channel-opacity\"\/>\n\n\n\n<h2 class=\"wp-block-heading subtitle\"><\/h2>\n\n\n\n<h2 class=\"wp-block-heading subtitle\">Enabling the Arts for Community Health<\/h2>\n\n\n\n<h5 class=\"wp-block-heading NG-menu__title\"><strong>1er Simposi Internacional d&#8217;Arts en Salut, organitzat per l&#8217;Institut Catal\u00e0 de Salut (ICS) i el Museu Nacional d&#8217;Art de Catalunya (MNAC) i el suport de l&#8217;Arts in Health International Foundation<\/strong><\/h5>\n\n\n\n<hr class=\"wp-block-separator has-alpha-channel-opacity\"\/>\n\n\n<div class=\"wp-block-image\">\n<figure class=\"alignleft\"><a href=\"https:\/\/ics.gencat.cat\/ca\/assistencia\/programes-assistencials\/arts-en-salut\/Simposi-Internacional-Arts-en-salut\/\" target=\"_blank\" rel=\"noopener\"><img loading=\"lazy\" decoding=\"async\" width=\"1024\" height=\"871\" src=\"http:\/\/artsinhealthfoundation.org\/web\/wp-content\/uploads\/2023\/02\/ENABLING-THE-ARTS-FOR-COMMUNITY-HEALTH-Arts_in_health-1-1024x871.jpg\" alt=\"Simposi Internacional d'Arts en Salut Enabling the Arts for Community Health\" class=\"wp-image-816\" srcset=\"https:\/\/artsinhealthfoundation.org\/web\/wp-content\/uploads\/2023\/02\/ENABLING-THE-ARTS-FOR-COMMUNITY-HEALTH-Arts_in_health-1-1024x871.jpg 1024w, https:\/\/artsinhealthfoundation.org\/web\/wp-content\/uploads\/2023\/02\/ENABLING-THE-ARTS-FOR-COMMUNITY-HEALTH-Arts_in_health-1-300x255.jpg 300w, https:\/\/artsinhealthfoundation.org\/web\/wp-content\/uploads\/2023\/02\/ENABLING-THE-ARTS-FOR-COMMUNITY-HEALTH-Arts_in_health-1-768x653.jpg 768w, https:\/\/artsinhealthfoundation.org\/web\/wp-content\/uploads\/2023\/02\/ENABLING-THE-ARTS-FOR-COMMUNITY-HEALTH-Arts_in_health-1.jpg 1026w\" sizes=\"auto, (max-width: 1024px) 100vw, 1024px\" \/><\/a><\/figure>\n<\/div>\n\n\n<p><\/p>\n\n\n\n<p><span data-contrast=\"auto\">Els dies 23 i 24 de febrer de 2023 l\u2019<a href=\"https:\/\/ics.gencat.cat\/\" target=\"_blank\" rel=\"noopener\"><strong>Institut Catal\u00e0 de la Salut<\/strong> <\/a>i el <a href=\"https:\/\/www.museunacional.cat\/\" target=\"_blank\" rel=\"noopener\"><strong>Museu Nacional d\u2019Art de Catalunya<\/strong><\/a> (MNAC), amb la col\u00b7laboraci\u00f3 de l\u2019Arts in Health International Foundation, van celebrar un <strong>simposi internacional<\/strong>&nbsp;a Barcelona on diversos<\/span><span style=\"font-size: 1em;\" data-contrast=\"auto\">&nbsp;professionals dels \u00e0mbits de la salut, les arts i la cultura es van reunir per compartir els seus coneixements i per presentar les seves experi\u00e8ncies sobre la implementaci\u00f3 de l&#8217;estrat\u00e8gia d&#8217;Arts en Salut en les seves respectives organitzacions.<\/span><span style=\"font-size: 1em;\" data-ccp-props=\"{&quot;201341983&quot;:0,&quot;335551550&quot;:0,&quot;335551620&quot;:0,&quot;335559739&quot;:160,&quot;335559740&quot;:276}\">&nbsp;<\/span><\/p>\n\n\n\n<p><span data-contrast=\"auto\">La Jornada, inaugurada pel conseller de <a href=\"https:\/\/salutweb.gencat.cat\/ca\/inici\/\" target=\"_blank\" rel=\"noopener\">Salut del Govern de Catalunya<\/a> <strong>Manel Balcells<\/strong> i pel director del MNAC <strong>Pepe Serra<\/strong>, va comptar amb professionals de l\u2019\u00e0mbit de les arts i la salut i referents a escala mundial com <strong>Cristopher Bailey, responsable de la Iniciativa Arts in Health de l\u2019<a href=\"https:\/\/www.who.int\/initiatives\/arts-and-health\" target=\"_blank\" rel=\"noopener\">Organitzaci\u00f3 Mundial de la Salut<\/a><\/strong> (OMS), <strong>Antonella Poce<\/strong>, responsable del projecte internacional&nbsp;<\/span><em><span data-contrast=\"auto\"><a href=\"https:\/\/erasmus-plus.ec.europa.eu\/projects\/search\/details\/2021-1-IT02-KA220-HED-000031991\" target=\"_blank\" rel=\"noopener\">Inclusive Museums for well-being and health thorugh the creation of a new shared memory<\/a>,<\/span><\/em><span data-contrast=\"auto\">&nbsp;<strong>Guillem d&#8217;Efak Fullana Ferr\u00e9<\/strong>, Cap d&#8217;Acci\u00f3 comunit\u00e0ria, Programes p\u00fablics i Comunicaci\u00f3 del MNAC i Codirector del <a href=\"https:\/\/ics.gencat.cat\/ca\/assistencia\/programes-assistencials\/arts-en-salut\/padeics-arts-en-salut\/\" target=\"_blank\" rel=\"noopener\">Pla Assistencial d&#8217;Expertesa d&#8217;Arts en Salut de l&#8217;ICS<\/a>, o <strong>Carmen Cabezas, <a href=\"https:\/\/salutpublica.gencat.cat\/ca\/inici\" target=\"_blank\" rel=\"noopener\">Secret\u00e0ria de Salut P\u00fablica de Catalunya<\/a><\/strong>.<\/span><\/p>\n\n\n\n<p>Consulteu el <a href=\"https:\/\/ics.gencat.cat\/web\/.content\/Assistencia\/Arts-en-salut\/Simposi_europeu_artsensalut\/Programa-simposi-EACH-23.pdf\" target=\"_blank\" rel=\"noopener\"><strong>programa complet<\/strong>.<\/a><\/p>\n\n\n\n<p>Els <strong>enregistraments en v\u00eddeo <\/strong>del simposi d&#8217;arts en salut:<\/p>\n\n\n\n<ul class=\"wp-block-list\">\n<li>Dia 23 (<a href=\"https:\/\/youtube.com\/live\/laEb-L0nOXc\" target=\"_blank\" rel=\"noopener\">versi\u00f3 original)<\/a><\/li>\n\n\n\n<li>Dia 23 (<a href=\"https:\/\/youtube.com\/live\/GRQWpPTkj8Y\" target=\"_blank\" rel=\"noopener\">Traducci\u00f3 simult\u00e0nia<\/a>)<\/li>\n\n\n\n<li>Dia 24 (<a href=\"https:\/\/youtube.com\/live\/LL7i7cRBP2A\" target=\"_blank\" rel=\"noopener\">versi\u00f3 original<\/a>)<\/li>\n\n\n\n<li>Dia 24 (<a href=\"https:\/\/youtube.com\/live\/mFBBcIwLc1A\" target=\"_blank\" rel=\"noopener\">Traducci\u00f3 simult\u00e0nia<\/a>)<\/li>\n<\/ul>\n\n\n\n<figure class=\"wp-block-gallery has-nested-images columns-6 is-cropped wp-block-gallery-1 is-layout-flex wp-block-gallery-is-layout-flex\">\n<figure class=\"wp-block-image size-large\"><a href=\"http:\/\/artsinhealthfoundation.org\/web\/wp-content\/uploads\/2023\/02\/IMG_0062.jpg\"><img loading=\"lazy\" decoding=\"async\" width=\"1024\" height=\"682\" data-id=\"939\" src=\"http:\/\/artsinhealthfoundation.org\/web\/wp-content\/uploads\/2023\/02\/IMG_0062-1024x682.jpg\" alt=\"Arts in Health Symposium, Barcelona\" class=\"wp-image-939\" srcset=\"https:\/\/artsinhealthfoundation.org\/web\/wp-content\/uploads\/2023\/02\/IMG_0062-1024x682.jpg 1024w, https:\/\/artsinhealthfoundation.org\/web\/wp-content\/uploads\/2023\/02\/IMG_0062-300x200.jpg 300w, https:\/\/artsinhealthfoundation.org\/web\/wp-content\/uploads\/2023\/02\/IMG_0062-768x512.jpg 768w, https:\/\/artsinhealthfoundation.org\/web\/wp-content\/uploads\/2023\/02\/IMG_0062.jpg 1280w\" sizes=\"auto, (max-width: 1024px) 100vw, 1024px\" \/><\/a><\/figure>\n\n\n\n<figure class=\"wp-block-image size-large\"><a href=\"http:\/\/artsinhealthfoundation.org\/web\/wp-content\/uploads\/2023\/02\/IMG_0034.jpg\"><img loading=\"lazy\" decoding=\"async\" width=\"1024\" height=\"682\" data-id=\"958\" src=\"http:\/\/artsinhealthfoundation.org\/web\/wp-content\/uploads\/2023\/02\/IMG_0034-1024x682.jpg\" alt=\"Chris Bailey (WHO) i Mar Novel (Arts in Health International Foundation)\" class=\"wp-image-958\" srcset=\"https:\/\/artsinhealthfoundation.org\/web\/wp-content\/uploads\/2023\/02\/IMG_0034-1024x682.jpg 1024w, https:\/\/artsinhealthfoundation.org\/web\/wp-content\/uploads\/2023\/02\/IMG_0034-300x200.jpg 300w, https:\/\/artsinhealthfoundation.org\/web\/wp-content\/uploads\/2023\/02\/IMG_0034-768x512.jpg 768w, https:\/\/artsinhealthfoundation.org\/web\/wp-content\/uploads\/2023\/02\/IMG_0034.jpg 1280w\" sizes=\"auto, (max-width: 1024px) 100vw, 1024px\" \/><\/a><\/figure>\n\n\n\n<figure class=\"wp-block-image size-large\"><a href=\"http:\/\/artsinhealthfoundation.org\/web\/wp-content\/uploads\/2023\/02\/IMG_0116.jpg\"><img loading=\"lazy\" decoding=\"async\" width=\"1024\" height=\"601\" data-id=\"873\" src=\"http:\/\/artsinhealthfoundation.org\/web\/wp-content\/uploads\/2023\/02\/IMG_0116-1024x601.jpg\" alt=\"Arts in Health Symposium, Barcelona\" class=\"wp-image-873\" srcset=\"https:\/\/artsinhealthfoundation.org\/web\/wp-content\/uploads\/2023\/02\/IMG_0116-1024x601.jpg 1024w, https:\/\/artsinhealthfoundation.org\/web\/wp-content\/uploads\/2023\/02\/IMG_0116-300x176.jpg 300w, https:\/\/artsinhealthfoundation.org\/web\/wp-content\/uploads\/2023\/02\/IMG_0116-768x451.jpg 768w, https:\/\/artsinhealthfoundation.org\/web\/wp-content\/uploads\/2023\/02\/IMG_0116.jpg 1280w\" sizes=\"auto, (max-width: 1024px) 100vw, 1024px\" \/><\/a><\/figure>\n\n\n\n<figure class=\"wp-block-image size-large\"><a href=\"http:\/\/artsinhealthfoundation.org\/web\/wp-content\/uploads\/2023\/02\/IMG_0122.jpg\"><img loading=\"lazy\" decoding=\"async\" width=\"1024\" height=\"682\" data-id=\"871\" src=\"http:\/\/artsinhealthfoundation.org\/web\/wp-content\/uploads\/2023\/02\/IMG_0122-1024x682.jpg\" alt=\"Arts in Health Symposium, Barcelona\" class=\"wp-image-871\" srcset=\"https:\/\/artsinhealthfoundation.org\/web\/wp-content\/uploads\/2023\/02\/IMG_0122-1024x682.jpg 1024w, https:\/\/artsinhealthfoundation.org\/web\/wp-content\/uploads\/2023\/02\/IMG_0122-300x200.jpg 300w, https:\/\/artsinhealthfoundation.org\/web\/wp-content\/uploads\/2023\/02\/IMG_0122-768x512.jpg 768w, https:\/\/artsinhealthfoundation.org\/web\/wp-content\/uploads\/2023\/02\/IMG_0122.jpg 1280w\" sizes=\"auto, (max-width: 1024px) 100vw, 1024px\" \/><\/a><\/figure>\n\n\n\n<figure class=\"wp-block-image size-large\"><a href=\"http:\/\/artsinhealthfoundation.org\/web\/wp-content\/uploads\/2023\/02\/IMG_0050.jpg\"><img loading=\"lazy\" decoding=\"async\" width=\"1024\" height=\"682\" data-id=\"941\" src=\"http:\/\/artsinhealthfoundation.org\/web\/wp-content\/uploads\/2023\/02\/IMG_0050-1024x682.jpg\" alt=\"Antonella Poce - Arts in Health Symposium\" class=\"wp-image-941\" srcset=\"https:\/\/artsinhealthfoundation.org\/web\/wp-content\/uploads\/2023\/02\/IMG_0050-1024x682.jpg 1024w, https:\/\/artsinhealthfoundation.org\/web\/wp-content\/uploads\/2023\/02\/IMG_0050-300x200.jpg 300w, https:\/\/artsinhealthfoundation.org\/web\/wp-content\/uploads\/2023\/02\/IMG_0050-768x512.jpg 768w, https:\/\/artsinhealthfoundation.org\/web\/wp-content\/uploads\/2023\/02\/IMG_0050.jpg 1280w\" sizes=\"auto, (max-width: 1024px) 100vw, 1024px\" \/><\/a><\/figure>\n\n\n\n<figure class=\"wp-block-image size-large\"><a href=\"http:\/\/artsinhealthfoundation.org\/web\/wp-content\/uploads\/2023\/02\/IMG_0047.jpg\"><img loading=\"lazy\" decoding=\"async\" width=\"1024\" height=\"682\" data-id=\"949\" src=\"http:\/\/artsinhealthfoundation.org\/web\/wp-content\/uploads\/2023\/02\/IMG_0047-1024x682.jpg\" alt=\"Antonella Poce - Arts in Health Symposium Barcelona\" class=\"wp-image-949\" srcset=\"https:\/\/artsinhealthfoundation.org\/web\/wp-content\/uploads\/2023\/02\/IMG_0047-1024x682.jpg 1024w, https:\/\/artsinhealthfoundation.org\/web\/wp-content\/uploads\/2023\/02\/IMG_0047-300x200.jpg 300w, https:\/\/artsinhealthfoundation.org\/web\/wp-content\/uploads\/2023\/02\/IMG_0047-768x512.jpg 768w, https:\/\/artsinhealthfoundation.org\/web\/wp-content\/uploads\/2023\/02\/IMG_0047.jpg 1280w\" sizes=\"auto, (max-width: 1024px) 100vw, 1024px\" \/><\/a><\/figure>\n\n\n\n<figure class=\"wp-block-image size-large\"><a href=\"http:\/\/artsinhealthfoundation.org\/web\/wp-content\/uploads\/2023\/02\/IMG_0058.jpg\"><img loading=\"lazy\" decoding=\"async\" width=\"576\" height=\"1024\" data-id=\"935\" src=\"http:\/\/artsinhealthfoundation.org\/web\/wp-content\/uploads\/2023\/02\/IMG_0058-576x1024.jpg\" alt=\"Antonella Poce - Arts in Health Symposium Barcelona\" class=\"wp-image-935\" srcset=\"https:\/\/artsinhealthfoundation.org\/web\/wp-content\/uploads\/2023\/02\/IMG_0058-576x1024.jpg 576w, https:\/\/artsinhealthfoundation.org\/web\/wp-content\/uploads\/2023\/02\/IMG_0058-169x300.jpg 169w, https:\/\/artsinhealthfoundation.org\/web\/wp-content\/uploads\/2023\/02\/IMG_0058.jpg 720w\" sizes=\"auto, (max-width: 576px) 100vw, 576px\" \/><\/a><\/figure>\n\n\n\n<figure class=\"wp-block-image size-large\"><a href=\"http:\/\/artsinhealthfoundation.org\/web\/wp-content\/uploads\/2023\/02\/IMG_0384.jpg\"><img loading=\"lazy\" decoding=\"async\" width=\"1024\" height=\"682\" data-id=\"962\" src=\"http:\/\/artsinhealthfoundation.org\/web\/wp-content\/uploads\/2023\/02\/IMG_0384-1024x682.jpg\" alt=\"Txema Romero i Cristina Cabista\u00f1 - Arts in Health Symposium\" class=\"wp-image-962\" srcset=\"https:\/\/artsinhealthfoundation.org\/web\/wp-content\/uploads\/2023\/02\/IMG_0384-1024x682.jpg 1024w, https:\/\/artsinhealthfoundation.org\/web\/wp-content\/uploads\/2023\/02\/IMG_0384-300x200.jpg 300w, https:\/\/artsinhealthfoundation.org\/web\/wp-content\/uploads\/2023\/02\/IMG_0384-768x512.jpg 768w, https:\/\/artsinhealthfoundation.org\/web\/wp-content\/uploads\/2023\/02\/IMG_0384.jpg 1280w\" sizes=\"auto, (max-width: 1024px) 100vw, 1024px\" \/><\/a><\/figure>\n\n\n\n<figure class=\"wp-block-image size-large\"><a href=\"http:\/\/artsinhealthfoundation.org\/web\/wp-content\/uploads\/2023\/02\/IMG_0377.jpg\"><img loading=\"lazy\" decoding=\"async\" width=\"1024\" height=\"768\" data-id=\"963\" src=\"http:\/\/artsinhealthfoundation.org\/web\/wp-content\/uploads\/2023\/02\/IMG_0377-1024x768.jpg\" alt=\"Conseller de Salut Manel Balcells - Arts in Health Symposium\" class=\"wp-image-963\" srcset=\"https:\/\/artsinhealthfoundation.org\/web\/wp-content\/uploads\/2023\/02\/IMG_0377.jpg 1024w, https:\/\/artsinhealthfoundation.org\/web\/wp-content\/uploads\/2023\/02\/IMG_0377-300x225.jpg 300w, https:\/\/artsinhealthfoundation.org\/web\/wp-content\/uploads\/2023\/02\/IMG_0377-768x576.jpg 768w\" sizes=\"auto, (max-width: 1024px) 100vw, 1024px\" \/><\/a><\/figure>\n\n\n\n<figure class=\"wp-block-image size-large\"><a href=\"http:\/\/artsinhealthfoundation.org\/web\/wp-content\/uploads\/2023\/02\/IMG_0370.jpg\"><img loading=\"lazy\" decoding=\"async\" width=\"1024\" height=\"768\" data-id=\"964\" src=\"http:\/\/artsinhealthfoundation.org\/web\/wp-content\/uploads\/2023\/02\/IMG_0370-1024x768.jpg\" alt=\"Chris Bailey, Carmen Cabezas, Guillem d'Efak Fullana Ferr\u00e9 - Arts in Health Symposium\" class=\"wp-image-964\" srcset=\"https:\/\/artsinhealthfoundation.org\/web\/wp-content\/uploads\/2023\/02\/IMG_0370.jpg 1024w, https:\/\/artsinhealthfoundation.org\/web\/wp-content\/uploads\/2023\/02\/IMG_0370-300x225.jpg 300w, https:\/\/artsinhealthfoundation.org\/web\/wp-content\/uploads\/2023\/02\/IMG_0370-768x576.jpg 768w\" sizes=\"auto, (max-width: 1024px) 100vw, 1024px\" \/><\/a><\/figure>\n\n\n\n<figure class=\"wp-block-image size-large\"><a href=\"http:\/\/artsinhealthfoundation.org\/web\/wp-content\/uploads\/2023\/02\/IMG_0375.jpg\"><img loading=\"lazy\" decoding=\"async\" width=\"1024\" height=\"768\" data-id=\"965\" src=\"http:\/\/artsinhealthfoundation.org\/web\/wp-content\/uploads\/2023\/02\/IMG_0375-1024x768.jpg\" alt=\"Pepe Serra, director del MNAC i el conseller de Salut Manel Balcells inaugurant Arts in Health Symposium\" class=\"wp-image-965\" srcset=\"https:\/\/artsinhealthfoundation.org\/web\/wp-content\/uploads\/2023\/02\/IMG_0375.jpg 1024w, https:\/\/artsinhealthfoundation.org\/web\/wp-content\/uploads\/2023\/02\/IMG_0375-300x225.jpg 300w, https:\/\/artsinhealthfoundation.org\/web\/wp-content\/uploads\/2023\/02\/IMG_0375-768x576.jpg 768w\" sizes=\"auto, (max-width: 1024px) 100vw, 1024px\" \/><\/a><\/figure>\n\n\n\n<figure class=\"wp-block-image size-large\"><a href=\"http:\/\/artsinhealthfoundation.org\/web\/wp-content\/uploads\/2023\/02\/IMG_0355.jpg\"><img loading=\"lazy\" decoding=\"async\" width=\"1024\" height=\"682\" data-id=\"966\" src=\"http:\/\/artsinhealthfoundation.org\/web\/wp-content\/uploads\/2023\/02\/IMG_0355-1024x682.jpg\" alt=\"Txema Romero i Cristina Cabista\u00f1 - Arts in Health Symposium\" class=\"wp-image-966\" srcset=\"https:\/\/artsinhealthfoundation.org\/web\/wp-content\/uploads\/2023\/02\/IMG_0355-1024x682.jpg 1024w, https:\/\/artsinhealthfoundation.org\/web\/wp-content\/uploads\/2023\/02\/IMG_0355-300x200.jpg 300w, https:\/\/artsinhealthfoundation.org\/web\/wp-content\/uploads\/2023\/02\/IMG_0355-768x512.jpg 768w, https:\/\/artsinhealthfoundation.org\/web\/wp-content\/uploads\/2023\/02\/IMG_0355.jpg 1280w\" sizes=\"auto, (max-width: 1024px) 100vw, 1024px\" \/><\/a><\/figure>\n\n\n\n<figure class=\"wp-block-image size-large\"><a href=\"http:\/\/artsinhealthfoundation.org\/web\/wp-content\/uploads\/2023\/02\/IMG_0129.jpg\"><img loading=\"lazy\" decoding=\"async\" width=\"1024\" height=\"768\" data-id=\"967\" src=\"http:\/\/artsinhealthfoundation.org\/web\/wp-content\/uploads\/2023\/02\/IMG_0129-1024x768.jpg\" alt=\"- Arts in Health Symposium Barcelona\" class=\"wp-image-967\" srcset=\"https:\/\/artsinhealthfoundation.org\/web\/wp-content\/uploads\/2023\/02\/IMG_0129-1024x768.jpg 1024w, https:\/\/artsinhealthfoundation.org\/web\/wp-content\/uploads\/2023\/02\/IMG_0129-300x225.jpg 300w, https:\/\/artsinhealthfoundation.org\/web\/wp-content\/uploads\/2023\/02\/IMG_0129-768x576.jpg 768w, https:\/\/artsinhealthfoundation.org\/web\/wp-content\/uploads\/2023\/02\/IMG_0129.jpg 1280w\" sizes=\"auto, (max-width: 1024px) 100vw, 1024px\" \/><\/a><\/figure>\n\n\n\n<figure class=\"wp-block-image size-large\"><a href=\"http:\/\/artsinhealthfoundation.org\/web\/wp-content\/uploads\/2023\/02\/IMG_0344.jpg\"><img loading=\"lazy\" decoding=\"async\" width=\"1024\" height=\"682\" data-id=\"969\" src=\"http:\/\/artsinhealthfoundation.org\/web\/wp-content\/uploads\/2023\/02\/IMG_0344-1024x682.jpg\" alt=\"- Arts in Health Symposium Barcelona\" class=\"wp-image-969\" srcset=\"https:\/\/artsinhealthfoundation.org\/web\/wp-content\/uploads\/2023\/02\/IMG_0344-1024x682.jpg 1024w, https:\/\/artsinhealthfoundation.org\/web\/wp-content\/uploads\/2023\/02\/IMG_0344-300x200.jpg 300w, https:\/\/artsinhealthfoundation.org\/web\/wp-content\/uploads\/2023\/02\/IMG_0344-768x512.jpg 768w, https:\/\/artsinhealthfoundation.org\/web\/wp-content\/uploads\/2023\/02\/IMG_0344.jpg 1280w\" sizes=\"auto, (max-width: 1024px) 100vw, 1024px\" \/><\/a><\/figure>\n\n\n\n<figure class=\"wp-block-image size-large\"><a href=\"http:\/\/artsinhealthfoundation.org\/web\/wp-content\/uploads\/2023\/02\/IMG_0037.jpg\"><img loading=\"lazy\" decoding=\"async\" width=\"1024\" height=\"682\" data-id=\"961\" src=\"http:\/\/artsinhealthfoundation.org\/web\/wp-content\/uploads\/2023\/02\/IMG_0037-1024x682.jpg\" alt=\"Antonia Castro Relat-Hos - Arts in Health Symposium\" class=\"wp-image-961\" srcset=\"https:\/\/artsinhealthfoundation.org\/web\/wp-content\/uploads\/2023\/02\/IMG_0037-1024x682.jpg 1024w, https:\/\/artsinhealthfoundation.org\/web\/wp-content\/uploads\/2023\/02\/IMG_0037-300x200.jpg 300w, https:\/\/artsinhealthfoundation.org\/web\/wp-content\/uploads\/2023\/02\/IMG_0037-768x512.jpg 768w, https:\/\/artsinhealthfoundation.org\/web\/wp-content\/uploads\/2023\/02\/IMG_0037.jpg 1280w\" sizes=\"auto, (max-width: 1024px) 100vw, 1024px\" \/><\/a><\/figure>\n\n\n\n<figure class=\"wp-block-image size-large\"><a href=\"http:\/\/artsinhealthfoundation.org\/web\/wp-content\/uploads\/2023\/02\/IMG_0108-1.jpg\"><img loading=\"lazy\" decoding=\"async\" width=\"1024\" height=\"682\" data-id=\"973\" src=\"http:\/\/artsinhealthfoundation.org\/web\/wp-content\/uploads\/2023\/02\/IMG_0108-1-1024x682.jpg\" alt=\"Guillem d'Efak Fullana Ferr\u00e9 - Arts in Health Symposium\" class=\"wp-image-973\" srcset=\"https:\/\/artsinhealthfoundation.org\/web\/wp-content\/uploads\/2023\/02\/IMG_0108-1-1024x682.jpg 1024w, https:\/\/artsinhealthfoundation.org\/web\/wp-content\/uploads\/2023\/02\/IMG_0108-1-300x200.jpg 300w, https:\/\/artsinhealthfoundation.org\/web\/wp-content\/uploads\/2023\/02\/IMG_0108-1-768x512.jpg 768w, https:\/\/artsinhealthfoundation.org\/web\/wp-content\/uploads\/2023\/02\/IMG_0108-1.jpg 1280w\" sizes=\"auto, (max-width: 1024px) 100vw, 1024px\" \/><\/a><\/figure>\n\n\n\n<figure class=\"wp-block-image size-large\"><a href=\"http:\/\/artsinhealthfoundation.org\/web\/wp-content\/uploads\/2023\/02\/IMG_0308.jpg\"><img loading=\"lazy\" decoding=\"async\" width=\"1024\" height=\"768\" data-id=\"974\" src=\"http:\/\/artsinhealthfoundation.org\/web\/wp-content\/uploads\/2023\/02\/IMG_0308-1024x768.jpg\" alt=\"Guillem d'Efak Fullana Ferr\u00e9, Yolanda Lejardi, Manel Balcells - Arts in Health Symposium Barcelona\" class=\"wp-image-974\" srcset=\"https:\/\/artsinhealthfoundation.org\/web\/wp-content\/uploads\/2023\/02\/IMG_0308-1024x768.jpg 1024w, https:\/\/artsinhealthfoundation.org\/web\/wp-content\/uploads\/2023\/02\/IMG_0308-300x225.jpg 300w, https:\/\/artsinhealthfoundation.org\/web\/wp-content\/uploads\/2023\/02\/IMG_0308-768x576.jpg 768w, https:\/\/artsinhealthfoundation.org\/web\/wp-content\/uploads\/2023\/02\/IMG_0308.jpg 1280w\" sizes=\"auto, (max-width: 1024px) 100vw, 1024px\" \/><\/a><\/figure>\n\n\n\n<figure class=\"wp-block-image size-large\"><a href=\"http:\/\/artsinhealthfoundation.org\/web\/wp-content\/uploads\/2023\/02\/IMG_0132.jpg\"><img loading=\"lazy\" decoding=\"async\" width=\"1024\" height=\"682\" data-id=\"975\" src=\"http:\/\/artsinhealthfoundation.org\/web\/wp-content\/uploads\/2023\/02\/IMG_0132-1024x682.jpg\" alt=\"Christopher Bailey performing at theArts and Health Lead at World Health Organization at the Arts in HEalth Symposium, Barcelona\" class=\"wp-image-975\" srcset=\"https:\/\/artsinhealthfoundation.org\/web\/wp-content\/uploads\/2023\/02\/IMG_0132-1024x682.jpg 1024w, https:\/\/artsinhealthfoundation.org\/web\/wp-content\/uploads\/2023\/02\/IMG_0132-300x200.jpg 300w, https:\/\/artsinhealthfoundation.org\/web\/wp-content\/uploads\/2023\/02\/IMG_0132-768x512.jpg 768w, https:\/\/artsinhealthfoundation.org\/web\/wp-content\/uploads\/2023\/02\/IMG_0132.jpg 1280w\" sizes=\"auto, (max-width: 1024px) 100vw, 1024px\" \/><\/a><\/figure>\n<\/figure>\n\n\n\n<p>&nbsp;<\/p>\n\n\n\n<hr class=\"wp-block-separator has-alpha-channel-opacity\"\/>\n\n\n\n<!--more-->\n\n\n\n<h2 class=\"wp-block-heading\"><figure><img loading=\"lazy\" decoding=\"async\" class=\"wp-image-758 aligncenter\" src=\"http:\/\/artsinhealthfoundation.org\/web\/wp-content\/uploads\/2021\/10\/TALKS-transp-300x79.png\" alt=\"\" width=\"310\" height=\"76\"><\/figure><\/h2>\n\n\n\n<h2 class=\"wp-block-heading\">\u2018Pand\u00e8mia, i ara qu\u00e8? Reptes en salut mental i respostes des de les arts\u2019<\/h2>\n\n\n\n<div id=\"id1635490230013\" class=\"design-element element-size-box has-rich-content user-selectable-element clickable-element has-rich-content has-text is-section-child\" data-element-id=\"id1635490230013\">\n<div class=\"element-main-box design-element-main-box has-rich-content user-selectable-element clickable-element has-rich-content has-text\" data-element-id=\"id1635490230013\">\n<div class=\"element-border-box element-border-target element-padding-box design-element-border-box has-rich-content user-selectable-element clickable-element has-rich-content has-text\" data-element-id=\"id1635490230013\">\n<div class=\"element-content-box design-element-content-box has-rich-content user-selectable-element clickable-element has-rich-content has-text\" data-element-id=\"id1635490230013\">\n<div class=\"content-container content-container-type element-size-box element-size-target has-rich-content user-selectable-element clickable-element has-rich-content has-text\" data-element-id=\"id1635490230013\">\n<div class=\"rich-text-element-content absolute-fill element-content dir-ltr\">\n<div class=\"rich-text-positioning-wrapper vertical-alignment-center\">\n<div class=\"rich-text-content common-rich-content-style has-content\">\n<div>\n<h3 style=\"text-align: center;\">Museu Nacional d\u2019Art de Catalunya (MNAC)\u00b7 2\/12\/2021<\/h3>\n<\/div>\n<\/div>\n<\/div>\n<\/div>\n<\/div>\n<\/div>\n<\/div>\n<\/div>\n<\/div>\n\n\n\n<div id=\"id1635490676457\" class=\"design-element element-size-box has-rich-content user-selectable-element clickable-element has-rich-content has-text is-section-child\" data-element-id=\"id1635490676457\">\n<div class=\"element-main-box design-element-main-box has-rich-content user-selectable-element clickable-element has-rich-content has-text\" data-element-id=\"id1635490676457\">\n<div class=\"element-background-layer element-border-target design-element-background-layer has-rich-content user-selectable-element clickable-element has-rich-content has-text\" style=\"text-align: center;\" data-element-id=\"id1635490676457\"><a href=\"http:\/\/www.artsagainstcovid.org\/aac-talks\" target=\"_blank\" rel=\"noopener\">PROGRAMA<\/a><\/div>\n<\/div>\n<div data-element-id=\"id1635490676457\">\n<\/div><\/div>\n\n\n<p><iframe loading=\"lazy\" title=\"Arts Against Covid TALKS - Llan\u00e7ament\" width=\"688\" height=\"387\" src=\"https:\/\/www.youtube.com\/embed\/7pcBNzbLu5g?list=PLVhMO2aNCzxjoF9xFimFm8Jqpy_QgVfYG\" frameborder=\"0\" allow=\"accelerometer; autoplay; clipboard-write; encrypted-media; gyroscope; picture-in-picture; web-share\" referrerpolicy=\"strict-origin-when-cross-origin\" allowfullscreen><\/iframe><\/p>\n\n\n\n<p>Recupereu els v\u00eddeos de les <strong>10 inspiradores pon\u00e8ncies&nbsp;<\/strong>(de 10 minuts cadascuna) i les &nbsp;<strong>2 taules rodones <\/strong>que ens permeten aprendre i reflexionar de la m\u00e0 de persones clau de l&#8217;<span class=\"theme-text-color-1-3\">\u00e0mbit de les <em>Arts in Health<\/em>.<\/span><\/p>\n\n\n\n<div>\n<ul>\n<li><span class=\"theme-text-color-1-3\">&nbsp;<\/span><strong><span class=\"theme-text-color-2-1\">TALK 1: \u201cSalut Mental: reptes i respostes des de les arts\u201d. <\/span><\/strong><span class=\"theme-text-color-4-4\"><u><a class=\"wz-link\" href=\"https:\/\/www.youtube.com\/watch?v=FOMBmUYb4s8&amp;list=PLVhMO2aNCzxjoF9xFimFm8Jqpy_QgVfYG&amp;index=3\" target=\"_blank\" rel=\"noopener\" data-attached-link=\"{&quot;type&quot;:&quot;Web&quot;,&quot;url&quot;:&quot;https:\/\/www.youtube.com\/watch?v=FOMBmUYb4s8&amp;list=PLVhMO2aNCzxjoF9xFimFm8Jqpy_QgVfYG&amp;index=3&quot;,&quot;title&quot;:&quot;https:\/\/www.youtube.com\/watch?v=FOMBmUYb4s8&amp;list=PLVhMO2aNCzxjoF9xFimFm8Jqpy_QgVfYG&amp;index=3&quot;,&quot;target&quot;:&quot;_blank&quot;}\">Merc\u00e8 Torrentall\u00e9 <\/a><\/u><\/span><span class=\"theme-text-color-1-3\">(Federaci\u00f3 de Salut Mental de Catalunya); <\/span><span class=\"theme-text-color-4-4\"><u><a class=\"wz-link\" href=\"https:\/\/www.youtube.com\/watch?v=8Y3fIAB95Ec&amp;list=PLVhMO2aNCzxjoF9xFimFm8Jqpy_QgVfYG&amp;index=4\" data-attached-link=\"{&quot;type&quot;:&quot;Web&quot;,&quot;url&quot;:&quot;https:\/\/www.youtube.com\/watch?v=8Y3fIAB95Ec&amp;list=PLVhMO2aNCzxjoF9xFimFm8Jqpy_QgVfYG&amp;index=4&quot;,&quot;title&quot;:&quot;https:\/\/www.youtube.com\/watch?v=8Y3fIAB95Ec&amp;list=PLVhMO2aNCzxjoF9xFimFm8Jqpy_QgVfYG&amp;index=4&quot;}\">Anna Descalzi <\/a><\/u><\/span><span class=\"theme-text-color-1-3\">(Unitat de Salut Mental de L&#8217;Hospitale\u200bt de Llobregat); <\/span><span class=\"theme-text-color-4-4\"><u><a class=\"wz-link\" href=\"https:\/\/www.youtube.com\/watch?v=SjoPpzFURUU&amp;list=PLVhMO2aNCzxjoF9xFimFm8Jqpy_QgVfYG&amp;index=5\" target=\"_blank\" rel=\"noopener\" data-attached-link=\"{&quot;type&quot;:&quot;Web&quot;,&quot;url&quot;:&quot;https:\/\/www.youtube.com\/watch?v=SjoPpzFURUU&amp;list=PLVhMO2aNCzxjoF9xFimFm8Jqpy_QgVfYG&amp;index=5&quot;,&quot;title&quot;:&quot;https:\/\/www.youtube.com\/watch?v=SjoPpzFURUU&amp;list=PLVhMO2aNCzxjoF9xFimFm8Jqpy_QgVfYG&amp;index=5&quot;,&quot;target&quot;:&quot;_blank&quot;}\">Sara Guila Fidel Kinori <\/a><\/u><\/span><span class=\"theme-text-color-1-3\">(Hospital de la Vall d&#8217;Hebron); <\/span><span class=\"theme-text-color-4-4\"><u><a class=\"wz-link\" href=\"https:\/\/www.youtube.com\/watch?v=3QS2Q4jsxMY&amp;list=PLVhMO2aNCzxjoF9xFimFm8Jqpy_QgVfYG&amp;index=6\" target=\"_blank\" rel=\"noopener\" data-attached-link=\"{&quot;type&quot;:&quot;Web&quot;,&quot;url&quot;:&quot;https:\/\/www.youtube.com\/watch?v=3QS2Q4jsxMY&amp;list=PLVhMO2aNCzxjoF9xFimFm8Jqpy_QgVfYG&amp;index=6&quot;,&quot;title&quot;:&quot;https:\/\/www.youtube.com\/watch?v=3QS2Q4jsxMY&amp;list=PLVhMO2aNCzxjoF9xFimFm8Jqpy_QgVfYG&amp;index=6&quot;,&quot;target&quot;:&quot;_blank&quot;}\">Anna Berenguera <\/a><\/u><\/span><span class=\"theme-text-color-1-3\">(IDIAP Jordi Gol); <\/span><span class=\"theme-text-color-4-4\"><u><a class=\"wz-link\" href=\"https:\/\/www.youtube.com\/watch?v=9T_he8G6VrU&amp;list=PLVhMO2aNCzxjoF9xFimFm8Jqpy_QgVfYG&amp;index=7\" target=\"_blank\" rel=\"noopener\" data-attached-link=\"{&quot;type&quot;:&quot;Web&quot;,&quot;url&quot;:&quot;https:\/\/www.youtube.com\/watch?v=9T_he8G6VrU&amp;list=PLVhMO2aNCzxjoF9xFimFm8Jqpy_QgVfYG&amp;index=7&quot;,&quot;title&quot;:&quot;https:\/\/www.youtube.com\/watch?v=9T_he8G6VrU&amp;list=PLVhMO2aNCzxjoF9xFimFm8Jqpy_QgVfYG&amp;index=7&quot;,&quot;target&quot;:&quot;_blank&quot;}\">Cristina Molina <\/a><\/u><\/span><span class=\"theme-text-color-1-3\">(Sant Joan de D\u00e9u); <\/span><span class=\"theme-text-color-4-4\"><u><a class=\"wz-link\" href=\"https:\/\/www.youtube.com\/watch?v=yTF9XyFGyWA&amp;list=PLVhMO2aNCzxjoF9xFimFm8Jqpy_QgVfYG&amp;index=8\" data-attached-link=\"{&quot;type&quot;:&quot;Web&quot;,&quot;url&quot;:&quot;https:\/\/www.youtube.com\/watch?v=yTF9XyFGyWA&amp;list=PLVhMO2aNCzxjoF9xFimFm8Jqpy_QgVfYG&amp;index=8&quot;,&quot;title&quot;:&quot;https:\/\/www.youtube.com\/watch?v=yTF9XyFGyWA&amp;list=PLVhMO2aNCzxjoF9xFimFm8Jqpy_QgVfYG&amp;index=8&quot;}\">Taula rodona<\/a><\/u><\/span><span class=\"theme-text-color-1-3\">.<\/span><\/li>\n<\/ul>\n<\/div>\n\n\n\n<ul class=\"wp-block-list\">\n<li><span class=\"theme-text-color-2-1\"><strong>TALK 2: <\/strong><strong>\u201cPand\u00e8mia, i ara qu\u00e8? Les arts com una oportunitat\u201d, <\/strong><\/span><span class=\"theme-text-color-4-4\"><u><a class=\"wz-link\" data-attached-link=\"{&quot;type&quot;:&quot;Web&quot;,&quot;url&quot;:&quot;https:\/\/www.youtube.com\/watch?v=Z7tfyEKfs6k&amp;list=PLVhMO2aNCzxjoF9xFimFm8Jqpy_QgVfYG&amp;index=9&quot;,&quot;title&quot;:&quot;https:\/\/www.youtube.com\/watch?v=Z7tfyEKfs6k&amp;list=PLVhMO2aNCzxjoF9xFimFm8Jqpy_QgVfYG&amp;index=9&quot;}\" href=\"https:\/\/www.youtube.com\/watch?v=Z7tfyEKfs6k&amp;list=PLVhMO2aNCzxjoF9xFimFm8Jqpy_QgVfYG&amp;index=9\">Carmen Cabezas <\/a><\/u><\/span><span class=\"theme-text-color-1-3\">(Ag\u00e8ncia de Salut P\u00fablica de Catalunya); <\/span><span class=\"theme-text-color-4-4\"><u><a class=\"wz-link\" data-attached-link=\"{&quot;type&quot;:&quot;Web&quot;,&quot;url&quot;:&quot;https:\/\/www.youtube.com\/watch?v=zaovovNK9pg&amp;list=PLVhMO2aNCzxjoF9xFimFm8Jqpy_QgVfYG&amp;index=10&quot;,&quot;title&quot;:&quot;https:\/\/www.youtube.com\/watch?v=zaovovNK9pg&amp;list=PLVhMO2aNCzxjoF9xFimFm8Jqpy_QgVfYG&amp;index=10&quot;}\" href=\"https:\/\/www.youtube.com\/watch?v=zaovovNK9pg&amp;list=PLVhMO2aNCzxjoF9xFimFm8Jqpy_QgVfYG&amp;index=10\">Pepe Serra <\/a><\/u><\/span><span class=\"theme-text-color-1-3\">(Museu Nacional d&#8217;Art de Catalunya); <\/span><span class=\"theme-text-color-4-4\"><u><a class=\"wz-link\" data-attached-link=\"{&quot;type&quot;:&quot;Web&quot;,&quot;url&quot;:&quot;https:\/\/www.youtube.com\/watch?v=dhr4Bnn3_dg&amp;list=PLVhMO2aNCzxjoF9xFimFm8Jqpy_QgVfYG&amp;index=11&quot;,&quot;title&quot;:&quot;https:\/\/www.youtube.com\/watch?v=dhr4Bnn3_dg&amp;list=PLVhMO2aNCzxjoF9xFimFm8Jqpy_QgVfYG&amp;index=11&quot;}\" href=\"https:\/\/www.youtube.com\/watch?v=dhr4Bnn3_dg&amp;list=PLVhMO2aNCzxjoF9xFimFm8Jqpy_QgVfYG&amp;index=11\">Marta Esteve <\/a><\/u><\/span><span class=\"theme-text-color-1-3\">(Fundaci\u00f3 Carulla); &nbsp;<\/span><span class=\"theme-text-color-4-4\"><u><a class=\"wz-link\" data-attached-link=\"{&quot;type&quot;:&quot;Web&quot;,&quot;url&quot;:&quot;https:\/\/www.youtube.com\/watch?v=XDNTu1qyPHk&amp;list=PLVhMO2aNCzxjoF9xFimFm8Jqpy_QgVfYG&amp;index=12&quot;,&quot;title&quot;:&quot;https:\/\/www.youtube.com\/watch?v=XDNTu1qyPHk&amp;list=PLVhMO2aNCzxjoF9xFimFm8Jqpy_QgVfYG&amp;index=12&quot;}\" href=\"https:\/\/www.youtube.com\/watch?v=XDNTu1qyPHk&amp;list=PLVhMO2aNCzxjoF9xFimFm8Jqpy_QgVfYG&amp;index=12\">Guillem d&#8217;Efak Fullana-Ferr\u00e9 <\/a><\/u><\/span><span class=\"theme-text-color-1-3\">(institut Catal\u00e0 de la Salut); <\/span><span class=\"theme-text-color-4-4\"><u><a class=\"wz-link\" data-attached-link=\"{&quot;type&quot;:&quot;Web&quot;,&quot;url&quot;:&quot;https:\/\/www.youtube.com\/watch?v=uvxltK46SSo&amp;list=PLVhMO2aNCzxjoF9xFimFm8Jqpy_QgVfYG&amp;index=13&quot;,&quot;title&quot;:&quot;https:\/\/www.youtube.com\/watch?v=uvxltK46SSo&amp;list=PLVhMO2aNCzxjoF9xFimFm8Jqpy_QgVfYG&amp;index=13&quot;}\" href=\"https:\/\/www.youtube.com\/watch?v=uvxltK46SSo&amp;list=PLVhMO2aNCzxjoF9xFimFm8Jqpy_QgVfYG&amp;index=13\">Toni Casares&nbsp;<\/a><\/u><\/span><span class=\"theme-text-color-1-3\">(Sala Beckett); <\/span><span class=\"theme-text-color-4-4\"><u><a class=\"wz-link\" data-attached-link=\"{&quot;type&quot;:&quot;Web&quot;,&quot;url&quot;:&quot;https:\/\/www.youtube.com\/watch?v=vfG4GUlMTx8&amp;list=PLVhMO2aNCzxjoF9xFimFm8Jqpy_QgVfYG&amp;index=14&quot;,&quot;title&quot;:&quot;https:\/\/www.youtube.com\/watch?v=vfG4GUlMTx8&amp;list=PLVhMO2aNCzxjoF9xFimFm8Jqpy_QgVfYG&amp;index=14&quot;,&quot;target&quot;:&quot;_blank&quot;}\" data-cke-saved-href=\"https:\/\/www.youtube.com\/watch?v=vfG4GUlMTx8&amp;list=PLVhMO2aNCzxjoF9xFimFm8Jqpy_QgVfYG&amp;index=14\" href=\"https:\/\/www.youtube.com\/watch?v=vfG4GUlMTx8&amp;list=PLVhMO2aNCzxjoF9xFimFm8Jqpy_QgVfYG&amp;index=14\" target=\"_blank\" rel=\"noopener\">Taula rodona<\/a><\/u><\/span><\/li>\n<\/ul>\n\n\n\n<hr class=\"wp-block-separator has-alpha-channel-opacity\"\/>\n\n\n\n<p class=\"has-text-align-center\"><strong>RECUPEREU L&#8217;ENTREGA DE PREMIS #ArtsAgainstCovid&nbsp;<\/strong><\/p>\n\n\n<p><iframe loading=\"lazy\" title=\"Arts Against Covid Awards Ceremony 2021\" width=\"688\" height=\"387\" src=\"https:\/\/www.youtube.com\/embed\/bSEH7g1t0YE?feature=oembed\" frameborder=\"0\" allow=\"accelerometer; autoplay; clipboard-write; encrypted-media; gyroscope; picture-in-picture; web-share\" referrerpolicy=\"strict-origin-when-cross-origin\" allowfullscreen><\/iframe><\/p>\n\n\n\n<p>&nbsp;<\/p>\n\n\n\n<!--more-->\n\n\n\n<figure class=\"wp-block-image\"><img loading=\"lazy\" decoding=\"async\" width=\"300\" height=\"75\" src=\"http:\/\/artsinhealthfoundation.org\/web\/wp-content\/uploads\/2021\/04\/LogoAAC-300x75.jpg\" alt=\"\" class=\"wp-image-719\" srcset=\"https:\/\/artsinhealthfoundation.org\/web\/wp-content\/uploads\/2021\/04\/LogoAAC-300x75.jpg 300w, https:\/\/artsinhealthfoundation.org\/web\/wp-content\/uploads\/2021\/04\/LogoAAC-768x192.jpg 768w, https:\/\/artsinhealthfoundation.org\/web\/wp-content\/uploads\/2021\/04\/LogoAAC-1024x256.jpg 1024w, https:\/\/artsinhealthfoundation.org\/web\/wp-content\/uploads\/2021\/04\/LogoAAC-1600x400.jpg 1600w\" sizes=\"auto, (max-width: 300px) 100vw, 300px\" \/><\/figure>\n\n\n\n<p><a href=\"http:\/\/www.artsagainstcovid.org\/index.html\" target=\"_blank\" rel=\"noopener\">&nbsp;<\/a><\/p>\n\n\n\n<p><strong>Consulteu els guanyadors a&nbsp;<a href=\"http:\/\/www.artsagainstcovid.org\/\" target=\"_blank\" rel=\"noopener\">artsagainstcovid.org&nbsp;<\/a><\/strong><\/p>\n\n\n\n<figure class=\"wp-block-image\"><img loading=\"lazy\" decoding=\"async\" width=\"300\" height=\"300\" src=\"http:\/\/artsinhealthfoundation.org\/web\/wp-content\/uploads\/2021\/04\/winner-acting-1-300x300.png\" alt=\"\" class=\"wp-image-739\" srcset=\"https:\/\/artsinhealthfoundation.org\/web\/wp-content\/uploads\/2021\/04\/winner-acting-1-300x300.png 300w, https:\/\/artsinhealthfoundation.org\/web\/wp-content\/uploads\/2021\/04\/winner-acting-1-150x150.png 150w, https:\/\/artsinhealthfoundation.org\/web\/wp-content\/uploads\/2021\/04\/winner-acting-1-768x768.png 768w, https:\/\/artsinhealthfoundation.org\/web\/wp-content\/uploads\/2021\/04\/winner-acting-1-1024x1024.png 1024w, https:\/\/artsinhealthfoundation.org\/web\/wp-content\/uploads\/2021\/04\/winner-acting-1.png 1200w\" sizes=\"auto, (max-width: 300px) 100vw, 300px\" \/><\/figure>\n\n\n\n<figure class=\"wp-block-image\"><img loading=\"lazy\" decoding=\"async\" width=\"300\" height=\"300\" src=\"http:\/\/artsinhealthfoundation.org\/web\/wp-content\/uploads\/2021\/04\/mention_comfort-1-300x300.png\" alt=\"\" class=\"wp-image-735\" srcset=\"https:\/\/artsinhealthfoundation.org\/web\/wp-content\/uploads\/2021\/04\/mention_comfort-1-300x300.png 300w, https:\/\/artsinhealthfoundation.org\/web\/wp-content\/uploads\/2021\/04\/mention_comfort-1-150x150.png 150w, https:\/\/artsinhealthfoundation.org\/web\/wp-content\/uploads\/2021\/04\/mention_comfort-1-768x768.png 768w, https:\/\/artsinhealthfoundation.org\/web\/wp-content\/uploads\/2021\/04\/mention_comfort-1-1024x1024.png 1024w, https:\/\/artsinhealthfoundation.org\/web\/wp-content\/uploads\/2021\/04\/mention_comfort-1.png 1200w\" sizes=\"auto, (max-width: 300px) 100vw, 300px\" \/><\/figure>\n\n\n\n<figure class=\"wp-block-image\"><img loading=\"lazy\" decoding=\"async\" width=\"300\" height=\"300\" src=\"http:\/\/artsinhealthfoundation.org\/web\/wp-content\/uploads\/2021\/04\/mention_duelo-1-300x300.png\" alt=\"\" class=\"wp-image-736\" srcset=\"https:\/\/artsinhealthfoundation.org\/web\/wp-content\/uploads\/2021\/04\/mention_duelo-1-300x300.png 300w, https:\/\/artsinhealthfoundation.org\/web\/wp-content\/uploads\/2021\/04\/mention_duelo-1-150x150.png 150w, https:\/\/artsinhealthfoundation.org\/web\/wp-content\/uploads\/2021\/04\/mention_duelo-1-768x768.png 768w, https:\/\/artsinhealthfoundation.org\/web\/wp-content\/uploads\/2021\/04\/mention_duelo-1-1024x1024.png 1024w, https:\/\/artsinhealthfoundation.org\/web\/wp-content\/uploads\/2021\/04\/mention_duelo-1.png 1200w\" sizes=\"auto, (max-width: 300px) 100vw, 300px\" \/><\/figure>\n\n\n\n<figure class=\"wp-block-image\"><img loading=\"lazy\" decoding=\"async\" width=\"300\" height=\"300\" src=\"http:\/\/artsinhealthfoundation.org\/web\/wp-content\/uploads\/2021\/04\/mention_virus-1-300x300.png\" alt=\"\" class=\"wp-image-737\" srcset=\"https:\/\/artsinhealthfoundation.org\/web\/wp-content\/uploads\/2021\/04\/mention_virus-1-300x300.png 300w, https:\/\/artsinhealthfoundation.org\/web\/wp-content\/uploads\/2021\/04\/mention_virus-1-150x150.png 150w, https:\/\/artsinhealthfoundation.org\/web\/wp-content\/uploads\/2021\/04\/mention_virus-1-768x768.png 768w, https:\/\/artsinhealthfoundation.org\/web\/wp-content\/uploads\/2021\/04\/mention_virus-1-1024x1024.png 1024w, https:\/\/artsinhealthfoundation.org\/web\/wp-content\/uploads\/2021\/04\/mention_virus-1.png 1200w\" sizes=\"auto, (max-width: 300px) 100vw, 300px\" \/><\/figure>\n\n\n\n<figure class=\"wp-block-image\"><img loading=\"lazy\" decoding=\"async\" width=\"300\" height=\"300\" src=\"http:\/\/artsinhealthfoundation.org\/web\/wp-content\/uploads\/2021\/04\/mention-Benzo-1-300x300.png\" alt=\"\" class=\"wp-image-738\" srcset=\"https:\/\/artsinhealthfoundation.org\/web\/wp-content\/uploads\/2021\/04\/mention-Benzo-1-300x300.png 300w, https:\/\/artsinhealthfoundation.org\/web\/wp-content\/uploads\/2021\/04\/mention-Benzo-1-150x150.png 150w, https:\/\/artsinhealthfoundation.org\/web\/wp-content\/uploads\/2021\/04\/mention-Benzo-1-768x768.png 768w, https:\/\/artsinhealthfoundation.org\/web\/wp-content\/uploads\/2021\/04\/mention-Benzo-1-1024x1024.png 1024w, https:\/\/artsinhealthfoundation.org\/web\/wp-content\/uploads\/2021\/04\/mention-Benzo-1.png 1200w\" sizes=\"auto, (max-width: 300px) 100vw, 300px\" \/><\/figure>\n\n\n\n<p>&nbsp;&nbsp;&nbsp;&nbsp; &nbsp;&nbsp; &nbsp;&nbsp; <\/p>\n\n\n\n<p>La crisi mundial de la COVID-19 ha posat de manifest la necessitat de comptar amb eines que ens permetin de reduir l\u2019impacte ocasionat per aquesta pand\u00e8mia i millorin de forma efectiva la salut i el benestar col\u00b7lectius durant i despr\u00e9s d\u2019aquesta crisi sanit\u00e0ria, econ\u00f2mica i social.<\/p>\n\n\n\n<p>La Fundaci\u00f3 Arts in Health International Foundation (AiHIF), d\u2019acord amb la seva missi\u00f3 de \u201cfomentar la cooperaci\u00f3 entre els sectors cultural, social i sanitari per tal de millorar de forma efectiva la salut i el benestar de la societat\u201d, i amb la voluntat de posar en valor el potencial de les arts en la millora de la salut de les persones i les societats, convoca els Premis #ArtsAgainstCovid.<\/p>\n\n\n\n<blockquote class=\"wp-block-quote is-layout-flow wp-block-quote-is-layout-flow\">\n<p>Els premis tenen l\u2019objectiu de recon\u00e8ixer p\u00fablicament aquelles iniciatives que explorin els efectes positius de les arts per a la salut i que sorgeixin com a resposta a les afectacions en la salut individual i col\u00b7lectiva ocasionades per la COVID-19 i l\u2019actual context de pand\u00e8mia.<\/p>\n<\/blockquote>\n\n\n\n<hr class=\"wp-block-separator has-alpha-channel-opacity\"\/>\n\n\n\n<p>Tots intu\u00efm que la cultura t\u00e9 la incre\u00efble capacitat d\u2019impactar-nos, transformar-nos, fer-nos cr\u00e9ixer de manera individual o col\u00b7lectiva. Un llibre que ens impacta, una m\u00fasica que ens activa, un teatre que ens emociona i ens fa pensar, una exposici\u00f3 que ens remou per dins i ens produeix benestar. Per\u00f2 m\u00e9s enll\u00e0 d\u2019aquesta intuici\u00f3, <strong>podem anar m\u00e9s enll\u00e0?<\/strong><\/p>\n\n\n\n<p>Estem conven\u00e7uts que el m\u00f3n de la cultura ens ofereix multitud de potencialitats per afavorir una millor salut. I ara volem convertir aquestes potencialitats en actius de salut, actius de salut que, com a tals, poden oferir-nos resultats, tangibles, de salut. La introducci\u00f3 de les Arts en els processos de salut parteix de l\u2019assumpci\u00f3 que la salut dels ciutadans no dep\u00e8n, nom\u00e9s, dels diferents recursos assistencials i dels professionals que conformen el sistema sanitari.<\/p>\n\n\n\n<p>M\u00e9s enll\u00e0 de la xarxa de serveis de salut, la mobilitzaci\u00f3 d\u2019actius comunitaris vinculats a les arts, \u2013convenientment alineats amb l\u2019activitat assistencial\u2013, han demostrat que poden tenir un impacte positiu en el binomi salut\/malaltia tant a nivell individual com col\u00b7lectiu.<\/p>\n\n\n\n<p>I tot aix\u00f2, sota uns par\u00e0metres estrictes d\u2019efic\u00e0cia, efici\u00e8ncia i efectivitat cl\u00edniques que han de guiar qualsevol activitat assistencial en salut.<\/p>\n","protected":false},"excerpt":{"rendered":"<p>Segona trobada&nbsp;Arts in Health Meet&amp;Link! La Fundaci\u00f3 Arts in Health International Foundation\u00a0continua amb la seva proposta de trobades Meet&amp;Link per&hellip;<\/p>\n","protected":false},"author":1,"featured_media":0,"parent":0,"menu_order":0,"comment_status":"closed","ping_status":"closed","template":"","meta":{"footnotes":""},"class_list":["post-46","page","type-page","status-publish","hentry"],"_links":{"self":[{"href":"https:\/\/artsinhealthfoundation.org\/web\/wp-json\/wp\/v2\/pages\/46","targetHints":{"allow":["GET"]}}],"collection":[{"href":"https:\/\/artsinhealthfoundation.org\/web\/wp-json\/wp\/v2\/pages"}],"about":[{"href":"https:\/\/artsinhealthfoundation.org\/web\/wp-json\/wp\/v2\/types\/page"}],"author":[{"embeddable":true,"href":"https:\/\/artsinhealthfoundation.org\/web\/wp-json\/wp\/v2\/users\/1"}],"replies":[{"embeddable":true,"href":"https:\/\/artsinhealthfoundation.org\/web\/wp-json\/wp\/v2\/comments?post=46"}],"version-history":[{"count":120,"href":"https:\/\/artsinhealthfoundation.org\/web\/wp-json\/wp\/v2\/pages\/46\/revisions"}],"predecessor-version":[{"id":1195,"href":"https:\/\/artsinhealthfoundation.org\/web\/wp-json\/wp\/v2\/pages\/46\/revisions\/1195"}],"wp:attachment":[{"href":"https:\/\/artsinhealthfoundation.org\/web\/wp-json\/wp\/v2\/media?parent=46"}],"curies":[{"name":"wp","href":"https:\/\/api.w.org\/{rel}","templated":true}]}}