{"id":997,"date":"2018-09-15T11:12:25","date_gmt":"2018-09-15T09:12:25","guid":{"rendered":"http:\/\/artsinhealthfoundation.org\/web\/?page_id=997"},"modified":"2024-05-16T08:53:59","modified_gmt":"2024-05-16T06:53:59","slug":"997-2","status":"publish","type":"page","link":"https:\/\/artsinhealthfoundation.org\/web\/997-2\/","title":{"rendered":"INICIO"},"content":{"rendered":"<h3><a href=\"https:\/\/youtu.be\/hVwAL6z1RKg?feature=shared\" target=\"_blank\" rel=\"noopener\"><img loading=\"lazy\" decoding=\"async\" class=\"alignleft wp-image-1158 size-medium\" style=\"color: #252f31; font-family: Lato; font-size: 16px; font-weight: 400; text-transform: none;\" src=\"http:\/\/artsinhealthfoundation.org\/web\/wp-content\/uploads\/2024\/04\/IMG-20240424-WA0008-1-300x300.jpg\" alt=\"\" width=\"300\" height=\"300\" srcset=\"https:\/\/artsinhealthfoundation.org\/web\/wp-content\/uploads\/2024\/04\/IMG-20240424-WA0008-1-300x300.jpg 300w, https:\/\/artsinhealthfoundation.org\/web\/wp-content\/uploads\/2024\/04\/IMG-20240424-WA0008-1-150x150.jpg 150w, https:\/\/artsinhealthfoundation.org\/web\/wp-content\/uploads\/2024\/04\/IMG-20240424-WA0008-1-768x768.jpg 768w, https:\/\/artsinhealthfoundation.org\/web\/wp-content\/uploads\/2024\/04\/IMG-20240424-WA0008-1-1024x1024.jpg 1024w, https:\/\/artsinhealthfoundation.org\/web\/wp-content\/uploads\/2024\/04\/IMG-20240424-WA0008-1.jpg 1080w\" sizes=\"auto, (max-width: 300px) 100vw, 300px\" \/><\/a><\/h3>\n<h4><b style=\"font-size: 1.2em;\">Segundo encuentro<\/b><b style=\"font-size: 1.2em;\">\u00a0<\/b><b style=\"font-size: 1.2em;\"><i>Arts in Health Meet&amp;Link!<\/i><\/b><\/h4>\n<p><span style=\"font-weight: 400;\">La Fundaci\u00f3n\u00a0<\/span><b>Arts in Health International Foundation<\/b>\u00a0<span style=\"font-weight: 400;\">contin\u00faa con su propuesta de encuentros Meet&amp;Link para crear una red profesional y dar a conocer diferentes proyectos de artes en salud del territorio.<\/span><\/p>\n<p><span style=\"font-weight: 400;\">En esta ocasi\u00f3n contamos con la presencia de profesionales del Hospital Vall d&#8217;Hebron y el MNAC para explicarnos su experiencia con el proyecto &#8220;Obrint portes&#8221; (&#8216;Abrindo puertas&#8217;) para mejorar el bienestar emocional y potenciar la socializaci\u00f3n de un grupo de jovenes que han vivido un proceso oncol\u00f3gico.<\/span><\/p>\n<p style=\"padding-left: 30px;\"><strong>&#8211; Norma V\u00e9lez,<\/strong>\u00a0responsable de proyectos de Artes en Salud del MNAC.<\/p>\n<p style=\"padding-left: 30px;\"><strong>&#8211; Anna Sal\u00f3<\/strong>,\u00a0psicoonc\u00f3loga infantil del Hospital Vall d\u2019Hebron.<\/p>\n<p style=\"padding-left: 30px;\"><strong>&#8211;<\/strong>\u00a0El acto cont\u00f3 con la presencia de familias y ni\u00f1os participantes en el proyecto.<\/p>\n<ul>\n<li>Acto celebrado el Jueves 2 de mayo del 2024\u00a0a las 19h en La Lleialtat Santsenca (C\/ Olzinelles 31)<\/li>\n<\/ul>\n<p>&nbsp;<\/p>\n<p><a href=\"https:\/\/www.youtube.com\/@artsinhealthfoundation\/playlists\" target=\"_blank\" rel=\"attachment noopener wp-att-1173\"><img loading=\"lazy\" decoding=\"async\" class=\"wp-image-1173 alignleft\" src=\"http:\/\/artsinhealthfoundation.org\/web\/wp-content\/uploads\/2024\/05\/Youtube-Meet-web.jpg\" alt=\"\" width=\"151\" height=\"100\" \/><\/a><\/p>\n<p>Recupera las sesiones en el\u00a0<a href=\"https:\/\/www.youtube.com\/@artsinhealthfoundation\" target=\"_blank\" rel=\"noopener\">Canal de YouTube<\/a> de la Fundaci\u00f3n:<\/p>\n<ul>\n<li><a href=\"https:\/\/youtu.be\/-bXxDlCnaYo?feature=shared\" target=\"_blank\" rel=\"noopener\">Proyecto &#8220;Obrint Portes&#8221; amb Norma V\u00e9lez y Anna Sal\u00f3 (1a Parte)<\/a><\/li>\n<li><a href=\"https:\/\/youtu.be\/URpkwAP4hg4?feature=shared\" target=\"_blank\" rel=\"noopener\">Proyecto &#8220;Obrint Portes&#8221;. Norma V\u00e9lez, Anna Sal\u00f3 y participantes (2a Parte)<\/a><\/li>\n<\/ul>\n<hr \/>\n<h4><img loading=\"lazy\" decoding=\"async\" class=\"size-medium wp-image-1120 aligncenter\" src=\"http:\/\/artsinhealthfoundation.org\/web\/wp-content\/uploads\/2024\/04\/IMG-20240125-WA0000-300x144.jpg\" alt=\"\" width=\"300\" height=\"144\" srcset=\"https:\/\/artsinhealthfoundation.org\/web\/wp-content\/uploads\/2024\/04\/IMG-20240125-WA0000-300x144.jpg 300w, https:\/\/artsinhealthfoundation.org\/web\/wp-content\/uploads\/2024\/04\/IMG-20240125-WA0000-768x369.jpg 768w, https:\/\/artsinhealthfoundation.org\/web\/wp-content\/uploads\/2024\/04\/IMG-20240125-WA0000.jpg 955w\" sizes=\"auto, (max-width: 300px) 100vw, 300px\" \/><b style=\"font-size: 1.2em;\"><\/b><b style=\"font-size: 1.2em;\">Nacen<\/b>\u00a0<b style=\"font-size: 1.2em;\">las <\/b><b style=\"font-size: 1.2em;\"><i>Arts in Health Meet&amp;Link<\/i><\/b><b style=\"font-size: 1.2em;\">, un espacio de conocimiento y\u00a0<\/b><b style=\"font-size: 1.2em;\"><i>networking<\/i><\/b><b style=\"font-size: 1.2em;\"> profesional de las Artes en Salud<\/b><\/h4>\n<p><span style=\"font-weight: 400;\">La Fundaci\u00f3n\u00a0<\/span><b>Arts in Health International Foundation<\/b>\u00a0<span style=\"font-weight: 400;\">contin\u00faa su labor tractora del ecosistema de las Artes en Salud y<\/span>\u00a0<span style=\"font-weight: 400;\">impulsa por primera vez en Catalu\u00f1a las <\/span><b><i>Arts in Health Meet&amp;Link<\/i><\/b><b>, <\/b><span style=\"font-weight: 400;\">un<\/span> <span style=\"font-weight: 400;\">espacio de encuentro abierto a todas aquellas personas que est\u00e9n interesadas en conocer de primera mano las iniciativas de artes en salud que se est\u00e1n llevando a cabo en el territorio, para difundir y\u00a0<b>dar a conocer los proyectos m\u00e1s relevantes,<\/b>\u00a0<b>promover el\u00a0<\/b><b><i>networking<\/i><\/b>,\u00a0<b>propiciar colaboraciones<\/b>\u00a0entre los asistentes y descubrir\u00a0<b>nuevos retos profesionales<\/b>\u00a0en el mundo de las Artes en Salud.<\/span><\/p>\n<ul>\n<li><span style=\"color: #000080;\"><strong>Jueves 22 de febrero<\/strong><\/span><span style=\"font-size: 1em;\"> a las 19h en La Lleialtat Santsenca (C\/ Olzinelles 31)<\/span><span style=\"font-size: 1em;\">\u00a0con la participaci\u00f3n de dos expertos de larga trayectoria profesional en los sectores cultural y sanitario:\u00a0<\/span><\/li>\n<\/ul>\n<p style=\"padding-left: 60px;\">&#8211; <b style=\"font-size: 1em;\">Roser Sanjuan,<\/b>\u00a0responsable de programas p\u00fablicos del <em>Centre d\u2019Art La Panera de Lleida<\/em><span style=\"font-size: 1em;\">, que nos di\u00f3 a conocer de primera mano la experiencia de proyectos del centro, un espacio que apuesta por las artes como activo de salud y bienestar comunitario.<\/span><\/p>\n<p style=\"padding-left: 60px;\"><b style=\"font-size: 1em;\">&#8211; Josep Maria Argimon<\/b><span style=\"font-size: 1em;\">, Doctor en medicina y <em>exconseller de Salut de la Generalitat de Catalunya<\/em>, que nos habl\u00f3 desde su experiencia y conocimientos en diferentes \u00e1mbitos de la Salud, de iniciativas inovadoras en el campo de las <em>arts in health<\/em>\u00a0y las oportunidades de trabajo. <\/span><\/p>\n<p style=\"padding-left: 60px;\"><span style=\"font-size: 1em;\">&#8211; El\u00a0<\/span><span style=\"font-size: 1em;\">acto cont\u00f3 con la intervenci\u00f3n del siempre inspirador chef catal\u00e1n\u00a0<\/span><b style=\"font-size: 1em;\">Ra\u00fcl Balam Ruscalleda<\/b><span style=\"font-size: 1em;\">, reconocido con dos estrellas Michelin, que aport\u00f3 una sorpresa de creatividad en la jornada.<\/span><\/p>\n<p style=\"padding-left: 60px;\"><img decoding=\"async\" style=\"font-size: 1em;\" src=\"http:\/\/artsinhealthfoundation.org\/web\/wp-content\/uploads\/2024\/02\/Arts_in_Healt-MeetLink-hor.jpeg\" alt=\"Arts in Health Meet&amp;Link\" \/><\/p>\n<hr \/>\n<h2 class=\"subtitle\">Enabling the Arts for Community Health<\/h2>\n<h5 class=\"NG-menu__title\">1er Simposio Internacional de Artes en Salud, organizado por el Instituto Catal\u00e1n de Salud (ICS) y el Museo Nacional de Arte de Catalu\u00f1a (MNAC) con el apoyo del Arts in Health International Foundation<\/h5>\n<p><img loading=\"lazy\" decoding=\"async\" class=\"alignleft wp-image-852\" src=\"http:\/\/artsinhealthfoundation.org\/web\/wp-content\/uploads\/2023\/02\/ENABLING-THE-ARTS-FOR-COMMUNITY-HEALTH-Arts_in_health-cast.jpg\" alt=\"1er Simposio Internacional de Artes en Salud Arts in Health International Foundation\" width=\"400\" height=\"328\" srcset=\"https:\/\/artsinhealthfoundation.org\/web\/wp-content\/uploads\/2023\/02\/ENABLING-THE-ARTS-FOR-COMMUNITY-HEALTH-Arts_in_health-cast.jpg 874w, https:\/\/artsinhealthfoundation.org\/web\/wp-content\/uploads\/2023\/02\/ENABLING-THE-ARTS-FOR-COMMUNITY-HEALTH-Arts_in_health-cast-300x246.jpg 300w, https:\/\/artsinhealthfoundation.org\/web\/wp-content\/uploads\/2023\/02\/ENABLING-THE-ARTS-FOR-COMMUNITY-HEALTH-Arts_in_health-cast-768x630.jpg 768w\" sizes=\"auto, (max-width: 400px) 100vw, 400px\" \/><\/p>\n<p><span data-contrast=\"auto\">Los d\u00edas 23 y 24 de febrero de 2023 el\u00a0<a href=\"https:\/\/ics.gencat.cat\/\" target=\"_blank\" rel=\"noopener\"><strong>Institut Catal\u00e0 de la Salut<\/strong> <\/a><\/span><span data-contrast=\"auto\">y el\u00a0<a href=\"https:\/\/www.museunacional.cat\/\" target=\"_blank\" rel=\"noopener\"><strong>Museu Nacional d\u2019Art de Catalunya<\/strong><\/a> (MNAC), con la colaboraci\u00f3n del Arts in Health International Foundation, celebraron un simposio internacional en Barcelona donde varios profesionales de los \u00e1mbitos de la salud, las artes y la cultura se reunieron para compartir sus conocimientos y presentar sus experiencias sobre la implementaci\u00f3n de la estrategia de Artes en Salud en sus respectivas organizaciones.<\/span><\/p>\n<p><span data-contrast=\"auto\">La Jornada, inaugurada por el <a href=\"https:\/\/salutweb.gencat.cat\/ca\/inici\/\" target=\"_blank\" rel=\"noopener\">Consejero de Salud del Gobierno de Catalu\u00f1a<\/a>,\u00a0<strong>Manel Balcells<\/strong> y por el director del MNAC,\u00a0<strong>Pepe Serra,<\/strong> cont\u00f3 con profesionales del \u00e1mbito de las artes y la salud y referentes a escala mundial como <strong>Cristopher Bailey<\/strong>, responsable de la Iniciativa Arts in Health de la<strong><a href=\"https:\/\/www.who.int\/initiatives\/arts-and-health\" target=\"_blank\" rel=\"noopener\">\u00a0Organizaci\u00f3n Mundial de la Salud (OMS)<\/a><\/strong>, <strong>Antonella Poce<\/strong>, coordinadora del proyecto europeo\u00a0<\/span><em><span data-contrast=\"auto\"><a href=\"https:\/\/erasmus-plus.ec.europa.eu\/projects\/search\/details\/2021-1-IT02-KA220-HED-000031991\" target=\"_blank\" rel=\"noopener\">Inclusive Museums for well-being and health thorugh the creation of a new shared memory<\/a>,<\/span><\/em><span data-contrast=\"auto\">\u00a0<strong>Guillem d&#8217;Efak Fullana Ferr\u00e9<\/strong>, Jefe de Acci\u00f3n comunitaria , Programas p\u00fablicos y Comunicaci\u00f3n del MNAC y Codirector del <a href=\"https:\/\/ics.gencat.cat\/ca\/assistencia\/programes-assistencials\/arts-en-salut\/padeics-arts-en-salut\/\" target=\"_blank\" rel=\"noopener\">Plan Asistencial Artes en Salud del ICS<\/a>, o\u00a0<strong>Carmen Cabezas<\/strong>,<strong><a href=\"https:\/\/salutpublica.gencat.cat\/ca\/inici\" target=\"_blank\" rel=\"noopener\">\u00a0Secretaria de Salud P\u00fablica de Catalu\u00f1a<\/a><\/strong>.<\/span><\/p>\n<p><a href=\"https:\/\/ics.gencat.cat\/web\/.content\/Assistencia\/Arts-en-salut\/Simposi_europeu_artsensalut\/Programa-simposi-EACH-23.pdf\" target=\"_blank\" rel=\"noopener\"><strong>Consultad el programa completo en este enlace.\u00a0<\/strong><\/a><\/p>\n<p><strong>Grabaciones de las jornadas dle simposio artes en salud:<\/strong><\/p>\n<ul>\n<li>D\u00eda 23 (<a href=\"https:\/\/youtube.com\/live\/laEb-L0nOXc\" target=\"_blank\" rel=\"noopener\">versi\u00f3n original)<\/a><\/li>\n<li>D\u00eda 23 (<a href=\"https:\/\/youtube.com\/live\/GRQWpPTkj8Y\" target=\"_blank\" rel=\"noopener\">traducci\u00f3n simult\u00e1nea<\/a>)<\/li>\n<li>D\u00eda 24 (<a href=\"https:\/\/youtube.com\/live\/LL7i7cRBP2A\" target=\"_blank\" rel=\"noopener\">versi\u00f3n original<\/a>)<\/li>\n<li>D\u00eda 24 (<a href=\"https:\/\/youtube.com\/live\/mFBBcIwLc1A\" target=\"_blank\" rel=\"noopener\">traducci\u00f3n simult\u00e1nea<\/a>)<\/li>\n<\/ul>\n<div id='gallery-1' class='gallery galleryid-997 gallery-columns-6 gallery-size-thumbnail'><figure class='gallery-item'>\n\t\t\t<div class='gallery-icon landscape'>\n\t\t\t\t<a href='https:\/\/artsinhealthfoundation.org\/web\/wp-content\/uploads\/2023\/02\/IMG_0062.jpg'><img loading=\"lazy\" decoding=\"async\" width=\"150\" height=\"150\" src=\"https:\/\/artsinhealthfoundation.org\/web\/wp-content\/uploads\/2023\/02\/IMG_0062-150x150.jpg\" class=\"attachment-thumbnail size-thumbnail\" alt=\"Arts in Health Symposium, Barcelona\" \/><\/a>\n\t\t\t<\/div><\/figure><figure class='gallery-item'>\n\t\t\t<div class='gallery-icon landscape'>\n\t\t\t\t<a href='https:\/\/artsinhealthfoundation.org\/web\/wp-content\/uploads\/2023\/02\/IMG_0034.jpg'><img loading=\"lazy\" decoding=\"async\" width=\"150\" height=\"150\" src=\"https:\/\/artsinhealthfoundation.org\/web\/wp-content\/uploads\/2023\/02\/IMG_0034-150x150.jpg\" class=\"attachment-thumbnail size-thumbnail\" alt=\"Chris Bailey (WHO) i Mar Novel (Arts in Health International Foundation)\" \/><\/a>\n\t\t\t<\/div><\/figure><figure class='gallery-item'>\n\t\t\t<div class='gallery-icon landscape'>\n\t\t\t\t<a href='https:\/\/artsinhealthfoundation.org\/web\/wp-content\/uploads\/2023\/02\/IMG_0116.jpg'><img loading=\"lazy\" decoding=\"async\" width=\"150\" height=\"150\" src=\"https:\/\/artsinhealthfoundation.org\/web\/wp-content\/uploads\/2023\/02\/IMG_0116-150x150.jpg\" class=\"attachment-thumbnail size-thumbnail\" alt=\"Arts in Health Symposium, Barcelona\" \/><\/a>\n\t\t\t<\/div><\/figure><figure class='gallery-item'>\n\t\t\t<div class='gallery-icon landscape'>\n\t\t\t\t<a href='https:\/\/artsinhealthfoundation.org\/web\/wp-content\/uploads\/2023\/02\/IMG_0122.jpg'><img loading=\"lazy\" decoding=\"async\" width=\"150\" height=\"150\" src=\"https:\/\/artsinhealthfoundation.org\/web\/wp-content\/uploads\/2023\/02\/IMG_0122-150x150.jpg\" class=\"attachment-thumbnail size-thumbnail\" alt=\"Arts in Health Symposium, Barcelona\" \/><\/a>\n\t\t\t<\/div><\/figure><figure class='gallery-item'>\n\t\t\t<div class='gallery-icon landscape'>\n\t\t\t\t<a href='https:\/\/artsinhealthfoundation.org\/web\/wp-content\/uploads\/2023\/02\/IMG_0050.jpg'><img loading=\"lazy\" decoding=\"async\" width=\"150\" height=\"150\" src=\"https:\/\/artsinhealthfoundation.org\/web\/wp-content\/uploads\/2023\/02\/IMG_0050-150x150.jpg\" class=\"attachment-thumbnail size-thumbnail\" alt=\"Antonella Poce - Arts in Health Symposium\" \/><\/a>\n\t\t\t<\/div><\/figure><figure class='gallery-item'>\n\t\t\t<div class='gallery-icon landscape'>\n\t\t\t\t<a href='https:\/\/artsinhealthfoundation.org\/web\/wp-content\/uploads\/2023\/02\/IMG_0047.jpg'><img loading=\"lazy\" decoding=\"async\" width=\"150\" height=\"150\" src=\"https:\/\/artsinhealthfoundation.org\/web\/wp-content\/uploads\/2023\/02\/IMG_0047-150x150.jpg\" class=\"attachment-thumbnail size-thumbnail\" alt=\"Antonella Poce - Arts in Health Symposium Barcelona\" \/><\/a>\n\t\t\t<\/div><\/figure><figure class='gallery-item'>\n\t\t\t<div class='gallery-icon portrait'>\n\t\t\t\t<a href='https:\/\/artsinhealthfoundation.org\/web\/wp-content\/uploads\/2023\/02\/IMG_0058.jpg'><img loading=\"lazy\" decoding=\"async\" width=\"150\" height=\"150\" src=\"https:\/\/artsinhealthfoundation.org\/web\/wp-content\/uploads\/2023\/02\/IMG_0058-150x150.jpg\" class=\"attachment-thumbnail size-thumbnail\" alt=\"Antonella Poce - Arts in Health Symposium Barcelona\" \/><\/a>\n\t\t\t<\/div><\/figure><figure class='gallery-item'>\n\t\t\t<div class='gallery-icon landscape'>\n\t\t\t\t<a href='https:\/\/artsinhealthfoundation.org\/web\/wp-content\/uploads\/2023\/02\/IMG_0384.jpg'><img loading=\"lazy\" decoding=\"async\" width=\"150\" height=\"150\" src=\"https:\/\/artsinhealthfoundation.org\/web\/wp-content\/uploads\/2023\/02\/IMG_0384-150x150.jpg\" class=\"attachment-thumbnail size-thumbnail\" alt=\"Txema Romero i Cristina Cabista\u00f1 - Arts in Health Symposium\" \/><\/a>\n\t\t\t<\/div><\/figure><figure class='gallery-item'>\n\t\t\t<div class='gallery-icon landscape'>\n\t\t\t\t<a href='https:\/\/artsinhealthfoundation.org\/web\/wp-content\/uploads\/2023\/02\/IMG_0377.jpg'><img loading=\"lazy\" decoding=\"async\" width=\"150\" height=\"150\" src=\"https:\/\/artsinhealthfoundation.org\/web\/wp-content\/uploads\/2023\/02\/IMG_0377-150x150.jpg\" class=\"attachment-thumbnail size-thumbnail\" alt=\"Conseller de Salut Manel Balcells - Arts in Health Symposium\" \/><\/a>\n\t\t\t<\/div><\/figure><figure class='gallery-item'>\n\t\t\t<div class='gallery-icon landscape'>\n\t\t\t\t<a href='https:\/\/artsinhealthfoundation.org\/web\/wp-content\/uploads\/2023\/02\/IMG_0370.jpg'><img loading=\"lazy\" decoding=\"async\" width=\"150\" height=\"150\" src=\"https:\/\/artsinhealthfoundation.org\/web\/wp-content\/uploads\/2023\/02\/IMG_0370-150x150.jpg\" class=\"attachment-thumbnail size-thumbnail\" alt=\"Chris Bailey, Carmen Cabezas, Guillem d&#039;Efak Fullana Ferr\u00e9 - Arts in Health Symposium\" \/><\/a>\n\t\t\t<\/div><\/figure><figure class='gallery-item'>\n\t\t\t<div class='gallery-icon landscape'>\n\t\t\t\t<a href='https:\/\/artsinhealthfoundation.org\/web\/wp-content\/uploads\/2023\/02\/IMG_0375.jpg'><img loading=\"lazy\" decoding=\"async\" width=\"150\" height=\"150\" src=\"https:\/\/artsinhealthfoundation.org\/web\/wp-content\/uploads\/2023\/02\/IMG_0375-150x150.jpg\" class=\"attachment-thumbnail size-thumbnail\" alt=\"Pepe Serra, director del MNAC i el conseller de Salut Manel Balcells inaugurant Arts in Health Symposium\" \/><\/a>\n\t\t\t<\/div><\/figure><figure class='gallery-item'>\n\t\t\t<div class='gallery-icon landscape'>\n\t\t\t\t<a href='https:\/\/artsinhealthfoundation.org\/web\/wp-content\/uploads\/2023\/02\/IMG_0355.jpg'><img loading=\"lazy\" decoding=\"async\" width=\"150\" height=\"150\" src=\"https:\/\/artsinhealthfoundation.org\/web\/wp-content\/uploads\/2023\/02\/IMG_0355-150x150.jpg\" class=\"attachment-thumbnail size-thumbnail\" alt=\"Txema Romero i Cristina Cabista\u00f1 - Arts in Health Symposium\" \/><\/a>\n\t\t\t<\/div><\/figure><figure class='gallery-item'>\n\t\t\t<div class='gallery-icon landscape'>\n\t\t\t\t<a href='https:\/\/artsinhealthfoundation.org\/web\/wp-content\/uploads\/2023\/02\/IMG_0129.jpg'><img loading=\"lazy\" decoding=\"async\" width=\"150\" height=\"150\" src=\"https:\/\/artsinhealthfoundation.org\/web\/wp-content\/uploads\/2023\/02\/IMG_0129-150x150.jpg\" class=\"attachment-thumbnail size-thumbnail\" alt=\"- Arts in Health Symposium Barcelona\" \/><\/a>\n\t\t\t<\/div><\/figure><figure class='gallery-item'>\n\t\t\t<div class='gallery-icon landscape'>\n\t\t\t\t<a href='https:\/\/artsinhealthfoundation.org\/web\/wp-content\/uploads\/2023\/02\/IMG_0344.jpg'><img loading=\"lazy\" decoding=\"async\" width=\"150\" height=\"150\" src=\"https:\/\/artsinhealthfoundation.org\/web\/wp-content\/uploads\/2023\/02\/IMG_0344-150x150.jpg\" class=\"attachment-thumbnail size-thumbnail\" alt=\"- Arts in Health Symposium Barcelona\" \/><\/a>\n\t\t\t<\/div><\/figure><figure class='gallery-item'>\n\t\t\t<div class='gallery-icon landscape'>\n\t\t\t\t<a href='https:\/\/artsinhealthfoundation.org\/web\/wp-content\/uploads\/2023\/02\/IMG_0037.jpg'><img loading=\"lazy\" decoding=\"async\" width=\"150\" height=\"150\" src=\"https:\/\/artsinhealthfoundation.org\/web\/wp-content\/uploads\/2023\/02\/IMG_0037-150x150.jpg\" class=\"attachment-thumbnail size-thumbnail\" alt=\"Antonia Castro Relat-Hos - Arts in Health Symposium\" \/><\/a>\n\t\t\t<\/div><\/figure><figure class='gallery-item'>\n\t\t\t<div class='gallery-icon landscape'>\n\t\t\t\t<a href='https:\/\/artsinhealthfoundation.org\/web\/wp-content\/uploads\/2023\/02\/IMG_0108-1.jpg'><img loading=\"lazy\" decoding=\"async\" width=\"150\" height=\"150\" src=\"https:\/\/artsinhealthfoundation.org\/web\/wp-content\/uploads\/2023\/02\/IMG_0108-1-150x150.jpg\" class=\"attachment-thumbnail size-thumbnail\" alt=\"Guillem d&#039;Efak Fullana Ferr\u00e9 - Arts in Health Symposium\" \/><\/a>\n\t\t\t<\/div><\/figure><figure class='gallery-item'>\n\t\t\t<div class='gallery-icon landscape'>\n\t\t\t\t<a href='https:\/\/artsinhealthfoundation.org\/web\/wp-content\/uploads\/2023\/02\/IMG_0308.jpg'><img loading=\"lazy\" decoding=\"async\" width=\"150\" height=\"150\" src=\"https:\/\/artsinhealthfoundation.org\/web\/wp-content\/uploads\/2023\/02\/IMG_0308-150x150.jpg\" class=\"attachment-thumbnail size-thumbnail\" alt=\"Guillem d&#039;Efak Fullana Ferr\u00e9, Yolanda Lejardi, Manel Balcells - Arts in Health Symposium Barcelona\" \/><\/a>\n\t\t\t<\/div><\/figure><figure class='gallery-item'>\n\t\t\t<div class='gallery-icon landscape'>\n\t\t\t\t<a href='https:\/\/artsinhealthfoundation.org\/web\/wp-content\/uploads\/2023\/02\/IMG_0132.jpg'><img loading=\"lazy\" decoding=\"async\" width=\"150\" height=\"150\" src=\"https:\/\/artsinhealthfoundation.org\/web\/wp-content\/uploads\/2023\/02\/IMG_0132-150x150.jpg\" class=\"attachment-thumbnail size-thumbnail\" alt=\"Christopher Bailey performing at theArts and Health Lead at World Health Organization at the Arts in HEalth Symposium, Barcelona\" \/><\/a>\n\t\t\t<\/div><\/figure>\n\t\t<\/div>\n\n<hr \/>\n<h2><img loading=\"lazy\" decoding=\"async\" class=\"wp-image-758 aligncenter\" src=\"http:\/\/artsinhealthfoundation.org\/web\/wp-content\/uploads\/2021\/10\/TALKS-transp-300x79.png\" alt=\"\" width=\"310\" height=\"76\" \/><\/h2>\n<h2 style=\"text-align: center;\">\u2018Pandemia, y AHORA qu\u00e9? RETOS en saluD mental Y respUEstAs desde lAs artEs\u2019<\/h2>\n<div id=\"id1635490230013\" class=\"design-element element-size-box has-rich-content user-selectable-element clickable-element has-rich-content has-text is-section-child\" data-element-id=\"id1635490230013\">\n<div class=\"element-main-box design-element-main-box has-rich-content user-selectable-element clickable-element has-rich-content has-text\" data-element-id=\"id1635490230013\">\n<div class=\"element-border-box element-border-target element-padding-box design-element-border-box has-rich-content user-selectable-element clickable-element has-rich-content has-text\" data-element-id=\"id1635490230013\">\n<div class=\"element-content-box design-element-content-box has-rich-content user-selectable-element clickable-element has-rich-content has-text\" data-element-id=\"id1635490230013\">\n<div class=\"content-container content-container-type element-size-box element-size-target has-rich-content user-selectable-element clickable-element has-rich-content has-text\" data-element-id=\"id1635490230013\">\n<div class=\"rich-text-element-content absolute-fill element-content dir-ltr\">\n<div class=\"rich-text-positioning-wrapper vertical-alignment-center\">\n<div class=\"rich-text-content common-rich-content-style has-content\">\n<div>\n<h3 style=\"text-align: center;\">Museu Nacional d\u2019Art de Catalunya (MNAC) \u00b7 2\/12\/2021<\/h3>\n<\/div>\n<\/div>\n<\/div>\n<\/div>\n<\/div>\n<\/div>\n<\/div>\n<\/div>\n<\/div>\n<div id=\"id1635490676457\" class=\"design-element element-size-box has-rich-content user-selectable-element clickable-element has-rich-content has-text is-section-child\" data-element-id=\"id1635490676457\">\n<div class=\"element-main-box design-element-main-box has-rich-content user-selectable-element clickable-element has-rich-content has-text\" data-element-id=\"id1635490676457\">\n<div class=\"element-background-layer element-border-target design-element-background-layer has-rich-content user-selectable-element clickable-element has-rich-content has-text\" style=\"text-align: center;\" data-element-id=\"id1635490676457\"><a href=\"http:\/\/www.artsagainstcovid.org\/aac-talks\" target=\"_blank\" rel=\"noopener\">PROGRAMA<\/a><\/div>\n<div data-element-id=\"id1635490676457\">\n<p><iframe loading=\"lazy\" width=\"688\" height=\"387\" src=\"https:\/\/www.youtube.com\/embed\/7pcBNzbLu5g?list=PLVhMO2aNCzxjoF9xFimFm8Jqpy_QgVfYG\" frameborder=\"0\" allow=\"accelerometer; autoplay; clipboard-write; encrypted-media; gyroscope; picture-in-picture; web-share\" referrerpolicy=\"strict-origin-when-cross-origin\" allowfullscreen><\/iframe><\/p>\n<p>Recuperad los v\u00eddeos de las\u00a0<strong>10 inspiradoras charlas\u00a0<\/strong>(de 10 minutos cada una) y las\u00a0<strong>2 mesas redondas\u00a0<\/strong>que ens permiten aprender y reflexionar de la mano de personas clave del \u00e1mbito del<span class=\"theme-text-color-1-3\">\u00a0<em>Arts in Health<\/em>.<\/span><\/p>\n<div>\n<ul>\n<li><span class=\"theme-text-color-1-3\">\u00a0<\/span><strong><span class=\"theme-text-color-2-1\">TALK 1: \u201cSalut Mental: retos y respuestas desde las artes\u201d. <\/span><\/strong><span class=\"theme-text-color-4-4\"><u><a class=\"wz-link\" href=\"https:\/\/www.youtube.com\/watch?v=FOMBmUYb4s8&amp;list=PLVhMO2aNCzxjoF9xFimFm8Jqpy_QgVfYG&amp;index=3\" target=\"_blank\" rel=\"noopener\" data-attached-link=\"{&quot;type&quot;:&quot;Web&quot;,&quot;url&quot;:&quot;https:\/\/www.youtube.com\/watch?v=FOMBmUYb4s8&amp;list=PLVhMO2aNCzxjoF9xFimFm8Jqpy_QgVfYG&amp;index=3&quot;,&quot;title&quot;:&quot;https:\/\/www.youtube.com\/watch?v=FOMBmUYb4s8&amp;list=PLVhMO2aNCzxjoF9xFimFm8Jqpy_QgVfYG&amp;index=3&quot;,&quot;target&quot;:&quot;_blank&quot;}\">Merc\u00e8 Torrentall\u00e9 <\/a><\/u><\/span><span class=\"theme-text-color-1-3\">(Federaci\u00f3 de Salut Mental de Catalunya); <\/span><span class=\"theme-text-color-4-4\"><u><a class=\"wz-link\" href=\"https:\/\/www.youtube.com\/watch?v=8Y3fIAB95Ec&amp;list=PLVhMO2aNCzxjoF9xFimFm8Jqpy_QgVfYG&amp;index=4\" data-attached-link=\"{&quot;type&quot;:&quot;Web&quot;,&quot;url&quot;:&quot;https:\/\/www.youtube.com\/watch?v=8Y3fIAB95Ec&amp;list=PLVhMO2aNCzxjoF9xFimFm8Jqpy_QgVfYG&amp;index=4&quot;,&quot;title&quot;:&quot;https:\/\/www.youtube.com\/watch?v=8Y3fIAB95Ec&amp;list=PLVhMO2aNCzxjoF9xFimFm8Jqpy_QgVfYG&amp;index=4&quot;}\">Anna Descalzi <\/a><\/u><\/span><span class=\"theme-text-color-1-3\">(Unitat de Salut Mental de L&#8217;Hospitale\u200bt de Llobregat); <\/span><span class=\"theme-text-color-4-4\"><u><a class=\"wz-link\" href=\"https:\/\/www.youtube.com\/watch?v=SjoPpzFURUU&amp;list=PLVhMO2aNCzxjoF9xFimFm8Jqpy_QgVfYG&amp;index=5\" target=\"_blank\" rel=\"noopener\" data-attached-link=\"{&quot;type&quot;:&quot;Web&quot;,&quot;url&quot;:&quot;https:\/\/www.youtube.com\/watch?v=SjoPpzFURUU&amp;list=PLVhMO2aNCzxjoF9xFimFm8Jqpy_QgVfYG&amp;index=5&quot;,&quot;title&quot;:&quot;https:\/\/www.youtube.com\/watch?v=SjoPpzFURUU&amp;list=PLVhMO2aNCzxjoF9xFimFm8Jqpy_QgVfYG&amp;index=5&quot;,&quot;target&quot;:&quot;_blank&quot;}\">Sara Guila Fidel Kinori <\/a><\/u><\/span><span class=\"theme-text-color-1-3\">(Hospital de la Vall d&#8217;Hebron); <\/span><span class=\"theme-text-color-4-4\"><u><a class=\"wz-link\" href=\"https:\/\/www.youtube.com\/watch?v=3QS2Q4jsxMY&amp;list=PLVhMO2aNCzxjoF9xFimFm8Jqpy_QgVfYG&amp;index=6\" target=\"_blank\" rel=\"noopener\" data-attached-link=\"{&quot;type&quot;:&quot;Web&quot;,&quot;url&quot;:&quot;https:\/\/www.youtube.com\/watch?v=3QS2Q4jsxMY&amp;list=PLVhMO2aNCzxjoF9xFimFm8Jqpy_QgVfYG&amp;index=6&quot;,&quot;title&quot;:&quot;https:\/\/www.youtube.com\/watch?v=3QS2Q4jsxMY&amp;list=PLVhMO2aNCzxjoF9xFimFm8Jqpy_QgVfYG&amp;index=6&quot;,&quot;target&quot;:&quot;_blank&quot;}\">Anna Berenguera <\/a><\/u><\/span><span class=\"theme-text-color-1-3\">(IDIAP Jordi Gol); <\/span><span class=\"theme-text-color-4-4\"><u><a class=\"wz-link\" href=\"https:\/\/www.youtube.com\/watch?v=9T_he8G6VrU&amp;list=PLVhMO2aNCzxjoF9xFimFm8Jqpy_QgVfYG&amp;index=7\" target=\"_blank\" rel=\"noopener\" data-attached-link=\"{&quot;type&quot;:&quot;Web&quot;,&quot;url&quot;:&quot;https:\/\/www.youtube.com\/watch?v=9T_he8G6VrU&amp;list=PLVhMO2aNCzxjoF9xFimFm8Jqpy_QgVfYG&amp;index=7&quot;,&quot;title&quot;:&quot;https:\/\/www.youtube.com\/watch?v=9T_he8G6VrU&amp;list=PLVhMO2aNCzxjoF9xFimFm8Jqpy_QgVfYG&amp;index=7&quot;,&quot;target&quot;:&quot;_blank&quot;}\">Cristina Molina <\/a><\/u><\/span><span class=\"theme-text-color-1-3\">(Sant Joan de D\u00e9u); <\/span><span class=\"theme-text-color-4-4\"><u><a class=\"wz-link\" href=\"https:\/\/www.youtube.com\/watch?v=yTF9XyFGyWA&amp;list=PLVhMO2aNCzxjoF9xFimFm8Jqpy_QgVfYG&amp;index=8\" data-attached-link=\"{&quot;type&quot;:&quot;Web&quot;,&quot;url&quot;:&quot;https:\/\/www.youtube.com\/watch?v=yTF9XyFGyWA&amp;list=PLVhMO2aNCzxjoF9xFimFm8Jqpy_QgVfYG&amp;index=8&quot;,&quot;title&quot;:&quot;https:\/\/www.youtube.com\/watch?v=yTF9XyFGyWA&amp;list=PLVhMO2aNCzxjoF9xFimFm8Jqpy_QgVfYG&amp;index=8&quot;}\">Mesa redonda<\/a><\/u><\/span><span class=\"theme-text-color-1-3\">.<\/span><\/li>\n<\/ul>\n<\/div>\n<ul>\n<li><span class=\"theme-text-color-2-1\"><strong>TALK 2: <\/strong><strong>\u201cPandemia, i ahora qu\u00e9? Las artes como oportunidad\u201d, <\/strong><\/span><span class=\"theme-text-color-4-4\"><u><a class=\"wz-link\" href=\"https:\/\/www.youtube.com\/watch?v=Z7tfyEKfs6k&amp;list=PLVhMO2aNCzxjoF9xFimFm8Jqpy_QgVfYG&amp;index=9\" data-attached-link=\"{&quot;type&quot;:&quot;Web&quot;,&quot;url&quot;:&quot;https:\/\/www.youtube.com\/watch?v=Z7tfyEKfs6k&amp;list=PLVhMO2aNCzxjoF9xFimFm8Jqpy_QgVfYG&amp;index=9&quot;,&quot;title&quot;:&quot;https:\/\/www.youtube.com\/watch?v=Z7tfyEKfs6k&amp;list=PLVhMO2aNCzxjoF9xFimFm8Jqpy_QgVfYG&amp;index=9&quot;}\">Carmen Cabezas <\/a><\/u><\/span><span class=\"theme-text-color-1-3\">(Ag\u00e8ncia de Salut P\u00fablica de Catalunya); <\/span><span class=\"theme-text-color-4-4\"><u><a class=\"wz-link\" href=\"https:\/\/www.youtube.com\/watch?v=zaovovNK9pg&amp;list=PLVhMO2aNCzxjoF9xFimFm8Jqpy_QgVfYG&amp;index=10\" data-attached-link=\"{&quot;type&quot;:&quot;Web&quot;,&quot;url&quot;:&quot;https:\/\/www.youtube.com\/watch?v=zaovovNK9pg&amp;list=PLVhMO2aNCzxjoF9xFimFm8Jqpy_QgVfYG&amp;index=10&quot;,&quot;title&quot;:&quot;https:\/\/www.youtube.com\/watch?v=zaovovNK9pg&amp;list=PLVhMO2aNCzxjoF9xFimFm8Jqpy_QgVfYG&amp;index=10&quot;}\">Pepe Serra <\/a><\/u><\/span><span class=\"theme-text-color-1-3\">(Museu Nacional d&#8217;Art de Catalunya); <\/span><span class=\"theme-text-color-4-4\"><u><a class=\"wz-link\" href=\"https:\/\/www.youtube.com\/watch?v=dhr4Bnn3_dg&amp;list=PLVhMO2aNCzxjoF9xFimFm8Jqpy_QgVfYG&amp;index=11\" data-attached-link=\"{&quot;type&quot;:&quot;Web&quot;,&quot;url&quot;:&quot;https:\/\/www.youtube.com\/watch?v=dhr4Bnn3_dg&amp;list=PLVhMO2aNCzxjoF9xFimFm8Jqpy_QgVfYG&amp;index=11&quot;,&quot;title&quot;:&quot;https:\/\/www.youtube.com\/watch?v=dhr4Bnn3_dg&amp;list=PLVhMO2aNCzxjoF9xFimFm8Jqpy_QgVfYG&amp;index=11&quot;}\">Marta Esteve <\/a><\/u><\/span><span class=\"theme-text-color-1-3\">(Fundaci\u00f3 Carulla); \u00a0<\/span><span class=\"theme-text-color-4-4\"><u><a class=\"wz-link\" href=\"https:\/\/www.youtube.com\/watch?v=XDNTu1qyPHk&amp;list=PLVhMO2aNCzxjoF9xFimFm8Jqpy_QgVfYG&amp;index=12\" data-attached-link=\"{&quot;type&quot;:&quot;Web&quot;,&quot;url&quot;:&quot;https:\/\/www.youtube.com\/watch?v=XDNTu1qyPHk&amp;list=PLVhMO2aNCzxjoF9xFimFm8Jqpy_QgVfYG&amp;index=12&quot;,&quot;title&quot;:&quot;https:\/\/www.youtube.com\/watch?v=XDNTu1qyPHk&amp;list=PLVhMO2aNCzxjoF9xFimFm8Jqpy_QgVfYG&amp;index=12&quot;}\">Guillem d&#8217;Efak Fullana-Ferr\u00e9 <\/a><\/u><\/span><span class=\"theme-text-color-1-3\">(institut Catal\u00e0 de la Salut); <\/span><span class=\"theme-text-color-4-4\"><u><a class=\"wz-link\" href=\"https:\/\/www.youtube.com\/watch?v=uvxltK46SSo&amp;list=PLVhMO2aNCzxjoF9xFimFm8Jqpy_QgVfYG&amp;index=13\" data-attached-link=\"{&quot;type&quot;:&quot;Web&quot;,&quot;url&quot;:&quot;https:\/\/www.youtube.com\/watch?v=uvxltK46SSo&amp;list=PLVhMO2aNCzxjoF9xFimFm8Jqpy_QgVfYG&amp;index=13&quot;,&quot;title&quot;:&quot;https:\/\/www.youtube.com\/watch?v=uvxltK46SSo&amp;list=PLVhMO2aNCzxjoF9xFimFm8Jqpy_QgVfYG&amp;index=13&quot;}\">Toni Casares\u00a0<\/a><\/u><\/span><span class=\"theme-text-color-1-3\">(Sala Beckett); <\/span><span class=\"theme-text-color-4-4\"><u><a class=\"wz-link\" href=\"https:\/\/www.youtube.com\/watch?v=vfG4GUlMTx8&amp;list=PLVhMO2aNCzxjoF9xFimFm8Jqpy_QgVfYG&amp;index=14\" target=\"_blank\" rel=\"noopener\" data-attached-link=\"{&quot;type&quot;:&quot;Web&quot;,&quot;url&quot;:&quot;https:\/\/www.youtube.com\/watch?v=vfG4GUlMTx8&amp;list=PLVhMO2aNCzxjoF9xFimFm8Jqpy_QgVfYG&amp;index=14&quot;,&quot;title&quot;:&quot;https:\/\/www.youtube.com\/watch?v=vfG4GUlMTx8&amp;list=PLVhMO2aNCzxjoF9xFimFm8Jqpy_QgVfYG&amp;index=14&quot;,&quot;target&quot;:&quot;_blank&quot;}\" data-cke-saved-href=\"https:\/\/www.youtube.com\/watch?v=vfG4GUlMTx8&amp;list=PLVhMO2aNCzxjoF9xFimFm8Jqpy_QgVfYG&amp;index=14\">Mesa redonda<\/a><\/u><\/span><\/li>\n<\/ul>\n<\/div>\n<\/div>\n<\/div>\n<hr \/>\n<p><img loading=\"lazy\" decoding=\"async\" class=\"size-medium aligncenter\" src=\"http:\/\/artsinhealthfoundation.org\/web\/wp-content\/uploads\/2021\/04\/LogoAAC-768x192.jpg\" width=\"768\" height=\"192\" \/><\/p>\n<p style=\"text-align: center;\"><strong>RECUPERA LA ENTREGA DE PREMIOS\u00a0#ArtsAgainstCovid\u00a0<\/strong><\/p>\n<p><iframe loading=\"lazy\" width=\"688\" height=\"387\" src=\"https:\/\/www.youtube.com\/embed\/bSEH7g1t0YE?feature=oembed\" frameborder=\"0\" allow=\"accelerometer; autoplay; clipboard-write; encrypted-media; gyroscope; picture-in-picture; web-share\" referrerpolicy=\"strict-origin-when-cross-origin\" allowfullscreen title=\"Arts Against Covid Awards Ceremony 2021\"><\/iframe><\/p>\n<p>&nbsp;<\/p>\n<p><!--more--><\/p>\n<p><strong>Descubre los ganadores en:\u00a0<a href=\"http:\/\/www.artsagainstcovid.org\/\" target=\"_blank\" rel=\"noopener\">artsagainstcovid.org\u00a0<\/a><\/strong><\/p>\n<p><img loading=\"lazy\" decoding=\"async\" class=\"alignnone wp-image-739\" style=\"font-size: 1em;\" src=\"http:\/\/artsinhealthfoundation.org\/web\/wp-content\/uploads\/2021\/04\/winner-acting-1-300x300.png\" alt=\"\" width=\"92\" height=\"93\" srcset=\"https:\/\/artsinhealthfoundation.org\/web\/wp-content\/uploads\/2021\/04\/winner-acting-1-300x300.png 300w, https:\/\/artsinhealthfoundation.org\/web\/wp-content\/uploads\/2021\/04\/winner-acting-1-150x150.png 150w, https:\/\/artsinhealthfoundation.org\/web\/wp-content\/uploads\/2021\/04\/winner-acting-1-768x768.png 768w, https:\/\/artsinhealthfoundation.org\/web\/wp-content\/uploads\/2021\/04\/winner-acting-1-1024x1024.png 1024w, https:\/\/artsinhealthfoundation.org\/web\/wp-content\/uploads\/2021\/04\/winner-acting-1.png 1200w\" sizes=\"auto, (max-width: 92px) 100vw, 92px\" \/>\u00a0\u00a0<img loading=\"lazy\" decoding=\"async\" class=\"alignnone wp-image-735\" src=\"http:\/\/artsinhealthfoundation.org\/web\/wp-content\/uploads\/2021\/04\/mention_comfort-1-300x300.png\" alt=\"\" width=\"93\" height=\"93\" srcset=\"https:\/\/artsinhealthfoundation.org\/web\/wp-content\/uploads\/2021\/04\/mention_comfort-1-300x300.png 300w, https:\/\/artsinhealthfoundation.org\/web\/wp-content\/uploads\/2021\/04\/mention_comfort-1-150x150.png 150w, https:\/\/artsinhealthfoundation.org\/web\/wp-content\/uploads\/2021\/04\/mention_comfort-1-768x768.png 768w, https:\/\/artsinhealthfoundation.org\/web\/wp-content\/uploads\/2021\/04\/mention_comfort-1-1024x1024.png 1024w, https:\/\/artsinhealthfoundation.org\/web\/wp-content\/uploads\/2021\/04\/mention_comfort-1.png 1200w\" sizes=\"auto, (max-width: 93px) 100vw, 93px\" \/>\u00a0\u00a0 <img loading=\"lazy\" decoding=\"async\" class=\"alignnone wp-image-736\" src=\"http:\/\/artsinhealthfoundation.org\/web\/wp-content\/uploads\/2021\/04\/mention_duelo-1-300x300.png\" alt=\"\" width=\"96\" height=\"96\" srcset=\"https:\/\/artsinhealthfoundation.org\/web\/wp-content\/uploads\/2021\/04\/mention_duelo-1-300x300.png 300w, https:\/\/artsinhealthfoundation.org\/web\/wp-content\/uploads\/2021\/04\/mention_duelo-1-150x150.png 150w, https:\/\/artsinhealthfoundation.org\/web\/wp-content\/uploads\/2021\/04\/mention_duelo-1-768x768.png 768w, https:\/\/artsinhealthfoundation.org\/web\/wp-content\/uploads\/2021\/04\/mention_duelo-1-1024x1024.png 1024w, https:\/\/artsinhealthfoundation.org\/web\/wp-content\/uploads\/2021\/04\/mention_duelo-1.png 1200w\" sizes=\"auto, (max-width: 96px) 100vw, 96px\" \/>\u00a0\u00a0 <img loading=\"lazy\" decoding=\"async\" class=\"alignnone wp-image-737\" src=\"http:\/\/artsinhealthfoundation.org\/web\/wp-content\/uploads\/2021\/04\/mention_virus-1-300x300.png\" alt=\"\" width=\"96\" height=\"96\" srcset=\"https:\/\/artsinhealthfoundation.org\/web\/wp-content\/uploads\/2021\/04\/mention_virus-1-300x300.png 300w, https:\/\/artsinhealthfoundation.org\/web\/wp-content\/uploads\/2021\/04\/mention_virus-1-150x150.png 150w, https:\/\/artsinhealthfoundation.org\/web\/wp-content\/uploads\/2021\/04\/mention_virus-1-768x768.png 768w, https:\/\/artsinhealthfoundation.org\/web\/wp-content\/uploads\/2021\/04\/mention_virus-1-1024x1024.png 1024w, https:\/\/artsinhealthfoundation.org\/web\/wp-content\/uploads\/2021\/04\/mention_virus-1.png 1200w\" sizes=\"auto, (max-width: 96px) 100vw, 96px\" \/>\u00a0\u00a0 <img loading=\"lazy\" decoding=\"async\" class=\"alignnone wp-image-738\" src=\"http:\/\/artsinhealthfoundation.org\/web\/wp-content\/uploads\/2021\/04\/mention-Benzo-1-300x300.png\" alt=\"\" width=\"97\" height=\"97\" srcset=\"https:\/\/artsinhealthfoundation.org\/web\/wp-content\/uploads\/2021\/04\/mention-Benzo-1-300x300.png 300w, https:\/\/artsinhealthfoundation.org\/web\/wp-content\/uploads\/2021\/04\/mention-Benzo-1-150x150.png 150w, https:\/\/artsinhealthfoundation.org\/web\/wp-content\/uploads\/2021\/04\/mention-Benzo-1-768x768.png 768w, https:\/\/artsinhealthfoundation.org\/web\/wp-content\/uploads\/2021\/04\/mention-Benzo-1-1024x1024.png 1024w, https:\/\/artsinhealthfoundation.org\/web\/wp-content\/uploads\/2021\/04\/mention-Benzo-1.png 1200w\" sizes=\"auto, (max-width: 97px) 100vw, 97px\" \/><\/p>\n<p>La crisis mundial de la Covid-19 ha puesto de manifiesto la necesidad de contar con herramientas que nos permitan reducir el impacto ocasionado por esta pandemia y mejoren de forma efectiva la salud y el bienestar colectivos durante y despu\u00e9s de esta crisis sanitaria, econ\u00f3mica y social.<\/p>\n<p>La Fundaci\u00f3n Arts in Health International Foundation (AiHIF), de acuerdo con su misi\u00f3n de &#8220;fomentar la cooperaci\u00f3n entre los sectores cultural, social y sanitario para mejorar de forma efectiva la salud y el bienestar de la sociedad&#8221;, y con la voluntad de poner en valor el potencial de las artes en la mejora de la salud de las personas y las sociedades, convoca los Premios #ArtsAgainstCovid.<\/p>\n<blockquote><p>Los premios tienen el objetivo de reconocer p\u00fablicamente a aquellas iniciativas que exploren los efectos positivos de las artes para la salud y que surjan como respuesta a las afectaciones en la salud individual y colectiva ocasionadas por la Covid-19 y el actual contexto de pandemia.<\/p><\/blockquote>\n<p><strong>M\u00e1s informaci\u00f3n:<\/strong> <a href=\"http:\/\/artsagainstcovid.org\/espa%C3%B1ol\">www.artsagainstcovid.org<\/a><\/p>\n<hr \/>\n<p>La introducci\u00f3n de las Artes en los procesos de salud parte de la asunci\u00f3n de que la salud de los ciudadanos no depende, s\u00f3lo, de los diferentes recursos asistenciales y de los profesionales que conforman el sistema sanitario.<\/p>\n<p>M\u00e1s all\u00e1 de la red de servicios de salud, la movilizaci\u00f3n de activos comunitarios vinculados a las artes, convenientemente alineados con la actividad asistencial-, han demostrado que pueden tener un impacto positivo en el binomio salud \/ enfermedad tanto a nivel individual como colectivo.<\/p>\n<p>El movimiento de las Artes en la salud es compone de un amplio abanico de actividades que el sector art\u00edstico y el entorno comunitario ponen a disposici\u00f3n de los profesionales de la salud a la hora de abordar una patolog\u00eda concreta: ya sean como intervenciones en un plan terap\u00e9utico o en sus actividades de prevenci\u00f3n y promoci\u00f3n de la salud de una poblaci\u00f3n.<\/p>\n<p>Y todo ello, bajo unos par\u00e1metros estrictos de eficacia, eficiencia y efectividad cl\u00ednicas que deben guiar cualquier actividad asistencial en salud.<\/p>\n","protected":false},"excerpt":{"rendered":"<p>Segundo encuentro\u00a0Arts in Health Meet&amp;Link! La Fundaci\u00f3n\u00a0Arts in Health International Foundation\u00a0contin\u00faa con su propuesta de encuentros Meet&amp;Link para crear una&hellip;<\/p>\n","protected":false},"author":1,"featured_media":0,"parent":0,"menu_order":0,"comment_status":"closed","ping_status":"closed","template":"","meta":{"footnotes":""},"class_list":["post-997","page","type-page","status-publish","hentry"],"_links":{"self":[{"href":"https:\/\/artsinhealthfoundation.org\/web\/wp-json\/wp\/v2\/pages\/997","targetHints":{"allow":["GET"]}}],"collection":[{"href":"https:\/\/artsinhealthfoundation.org\/web\/wp-json\/wp\/v2\/pages"}],"about":[{"href":"https:\/\/artsinhealthfoundation.org\/web\/wp-json\/wp\/v2\/types\/page"}],"author":[{"embeddable":true,"href":"https:\/\/artsinhealthfoundation.org\/web\/wp-json\/wp\/v2\/users\/1"}],"replies":[{"embeddable":true,"href":"https:\/\/artsinhealthfoundation.org\/web\/wp-json\/wp\/v2\/comments?post=997"}],"version-history":[{"count":33,"href":"https:\/\/artsinhealthfoundation.org\/web\/wp-json\/wp\/v2\/pages\/997\/revisions"}],"predecessor-version":[{"id":1192,"href":"https:\/\/artsinhealthfoundation.org\/web\/wp-json\/wp\/v2\/pages\/997\/revisions\/1192"}],"wp:attachment":[{"href":"https:\/\/artsinhealthfoundation.org\/web\/wp-json\/wp\/v2\/media?parent=997"}],"curies":[{"name":"wp","href":"https:\/\/api.w.org\/{rel}","templated":true}]}}